{"id":1384,"date":"2023-10-11T16:30:00","date_gmt":"2023-10-11T14:30:00","guid":{"rendered":"https:\/\/educem.com\/historia\/"},"modified":"2023-12-18T09:40:12","modified_gmt":"2023-12-18T08:40:12","slug":"historia","status":"publish","type":"page","link":"https:\/\/educem.com\/es\/historia\/","title":{"rendered":"Historia"},"content":{"rendered":"<p>[et_pb_section fb_built=\u00bb1&#8243; fullwidth=\u00bbon\u00bb module_id=\u00bbed_cap\u00bb _builder_version=\u00bb4.22.2&#8243; _module_preset=\u00bbdefault\u00bb global_colors_info=\u00bb{}\u00bb][et_pb_fullwidth_header title=\u00bbHistoria\u00bb background_overlay_color=\u00bbRGBA(255,255,255,0)\u00bb _builder_version=\u00bb4.23.1&#8243; _module_preset=\u00bbdefault\u00bb title_font=\u00bbArial Rounded|||on|||||\u00bb title_text_color=\u00bb#102569&#8243; title_font_size=\u00bb38px\u00bb title_letter_spacing=\u00bb2px\u00bb background_color=\u00bbRGBA(255,255,255,0)\u00bb background_image=\u00bbhttps:\/\/educem.com\/wp-content\/uploads\/2023\/11\/muntatge-historia-final.png\u00bb background_position=\u00bbtop_center\u00bb background_vertical_offset=\u00bb0%\u00bb min_height=\u00bb700px\u00bb custom_padding=\u00bb550px||||false|false\u00bb title_font_size_tablet=\u00bb38px\u00bb title_font_size_phone=\u00bb38px\u00bb title_font_size_last_edited=\u00bbon|phone\u00bb global_colors_info=\u00bb{}\u00bb][\/et_pb_fullwidth_header][\/et_pb_section][et_pb_section fb_built=\u00bb1&#8243; theme_builder_area=\u00bbpost_content\u00bb _builder_version=\u00bb4.23.1&#8243; _module_preset=\u00bbdefault\u00bb][et_pb_row _builder_version=\u00bb4.23.1&#8243; _module_preset=\u00bbdefault\u00bb theme_builder_area=\u00bbpost_content\u00bb][et_pb_column _builder_version=\u00bb4.23.1&#8243; _module_preset=\u00bbdefault\u00bb type=\u00bb4_4&#8243; theme_builder_area=\u00bbpost_content\u00bb][et_pb_code _builder_version=\u00bb4.23.1&#8243; _module_preset=\u00bbdefault\u00bb theme_builder_area=\u00bbpost_content\u00bb hover_enabled=\u00bb0&#8243; sticky_enabled=\u00bb0&#8243;]<iframe width=\"560\" height=\"315\" src=\"https:\/\/www.youtube.com\/embed\/MX1lszAHLhI?si=EdDeLy3WEZEG0ji_&amp;start=44\" title=\"YouTube video player\" frameborder=\"0\" allow=\"accelerometer; autoplay; clipboard-write; encrypted-media; gyroscope; picture-in-picture; web-share\" allowfullscreen><\/iframe>[\/et_pb_code][\/et_pb_column][\/et_pb_row][\/et_pb_section][et_pb_section fb_built=\u00bb1&#8243; _builder_version=\u00bb4.22.2&#8243; _module_preset=\u00bbdefault\u00bb global_colors_info=\u00bb{}\u00bb][et_pb_row _builder_version=\u00bb4.22.2&#8243; _module_preset=\u00bbdefault\u00bb background_color=\u00bb#fde7d1&#8243; custom_padding=\u00bb70px|70px|70px|70px|true|true\u00bb global_colors_info=\u00bb{}\u00bb][et_pb_column type=\u00bb4_4&#8243; _builder_version=\u00bb4.22.2&#8243; _module_preset=\u00bbdefault\u00bb global_colors_info=\u00bb{}\u00bb][et_pb_text _builder_version=\u00bb4.23.1&#8243; _module_preset=\u00bbdefault\u00bb global_colors_info=\u00bb{}\u00bb]<\/p>\n<p><span style=\"font-size: 28px; font-family: Arial rounded;\">El jueves 1 de octubre de 1942,<\/span> bajo la direcci\u00f3n de Esteve Duran i Serra y con la colaboraci\u00f3n de Miquel Castenyer i Net y Elena Mejan i Carrer, se impuls\u00f3 la creaci\u00f3n en la ciudad de Granollers del \u00ab<strong>Centro de Ense\u00f1anza Mercantil<\/strong>\u00ab, afiliado pedag\u00f3gicamente a la \u00abAcademia Cots\u00bb de Barcelona. Este centro comenz\u00f3 a ofrecer cursos de \u00abPeritaje Mercantil Oficial\u00bb y los estudios de \u00abT\u00e9cnica Comercial\u00bb y \u00abJefe de Contabilidad\u00bb. Pronto se convirti\u00f3 en un centro de referencia en la ciudad, llenando un vac\u00edo en la educaci\u00f3n de la ciudad. Tanto es as\u00ed que el centro, conocido popularmente como \u00abAcademia Cots\u00bb, tuvo 103 estudiantes en el primer a\u00f1o.<\/p>\n<p>[\/et_pb_text][\/et_pb_column][\/et_pb_row][et_pb_row column_structure=\u00bb1_3,2_3&#8243; _builder_version=\u00bb4.22.2&#8243; _module_preset=\u00bbdefault\u00bb custom_padding=\u00bb50px||50px|||\u00bb global_colors_info=\u00bb{}\u00bb][et_pb_column type=\u00bb1_3&#8243; _builder_version=\u00bb4.22.2&#8243; _module_preset=\u00bbdefault\u00bb global_colors_info=\u00bb{}\u00bb][et_pb_text _builder_version=\u00bb4.22.2&#8243; _module_preset=\u00bbdefault\u00bb text_font=\u00bbArial Rounded||||||||\u00bb text_font_size=\u00bb120px\u00bb text_orientation=\u00bbright\u00bb custom_padding=\u00bb40px||||false|false\u00bb custom_padding_tablet=\u00bb40px||40px||false|false\u00bb custom_padding_phone=\u00bb40px||40px||false|false\u00bb custom_padding_last_edited=\u00bbon|tablet\u00bb text_orientation_tablet=\u00bbcenter\u00bb text_orientation_phone=\u00bbcenter\u00bb text_orientation_last_edited=\u00bbon|tablet\u00bb global_colors_info=\u00bb{}\u00bb]<\/p>\n<p>70<\/p>\n<p>[\/et_pb_text][\/et_pb_column][et_pb_column type=\u00bb2_3&#8243; _builder_version=\u00bb4.22.2&#8243; _module_preset=\u00bbdefault\u00bb global_colors_info=\u00bb{}\u00bb][et_pb_text _builder_version=\u00bb4.23.1&#8243; _module_preset=\u00bbdefault\u00bb custom_padding=\u00bb|80px|||false|false\u00bb global_colors_info=\u00bb{}\u00bb]En la d\u00e9cada de los setenta, con la entrada en vigor de la Ley 14\/1970 del 4 de agosto, General de Educaci\u00f3n y Financiamiento de la Reforma Educativa (LGE), que reestructur\u00f3 el Sistema Educativo, principalmente conocido por la obligatoriedad de estar escolarizado hasta los 14 a\u00f1os y la implantaci\u00f3n de la Educaci\u00f3n General B\u00e1sica \u00abEGB\u00bb, que obligaba a los centros a ofrecer completa la etapa educativa de 6 a 14 a\u00f1os, en Granollers se produjo la fusi\u00f3n de tres centros de la ciudad para dar lugar a EDUCEM.[\/et_pb_text][\/et_pb_column][\/et_pb_row][et_pb_row _builder_version=\u00bb4.22.2&#8243; _module_preset=\u00bbdefault\u00bb custom_margin=\u00bb||50px||false|false\u00bb custom_padding=\u00bb50px|50px|50px|50px|false|false\u00bb border_width_all=\u00bb4px\u00bb border_color_all=\u00bb#e65a0c\u00bb global_colors_info=\u00bb{}\u00bb][et_pb_column type=\u00bb4_4&#8243; _builder_version=\u00bb4.22.2&#8243; _module_preset=\u00bbdefault\u00bb global_colors_info=\u00bb{}\u00bb][et_pb_text _builder_version=\u00bb4.22.2&#8243; _module_preset=\u00bbdefault\u00bb custom_padding=\u00bb15px|25px|15px|25px|false|false\u00bb global_colors_info=\u00bb{}\u00bb]<\/p>\n<p>En Granollers la aplicaci\u00f3n de esta ley produjo la fusi\u00f3n de tres centros de la ciudad para dar lugar a EDUCEM. As\u00ed, el Centro de Ense\u00f1anza Mercantil, por su continuidad se fusion\u00f3 con los otros dos centros, tambi\u00e9n incompletos seg\u00fan la nueva ley: el Centro de Ense\u00f1anza Mercantil, que ten\u00eda tres aulas para ni\u00f1os y ni\u00f1as de 10 a 14 a\u00f1os, repartidos en dos grupos: uno de 10 a 12 a\u00f1os de educaci\u00f3n primaria y un segundo grupo de 13 a 14 a\u00f1os como curso \u201cpreparatorio\u201d los estudios posteriores de comercio. el Parvulario Ni\u00f1o Jes\u00fas, que dispon\u00eda de un aula y el Colegio Educem, que dispon\u00eda de tres aulas.<\/p>\n<p>[\/et_pb_text][\/et_pb_column][\/et_pb_row][et_pb_row _builder_version=\u00bb4.22.2&#8243; _module_preset=\u00bbdefault\u00bb background_color=\u00bb#1d2967&#8243; custom_padding=\u00bb50px|50px|50px|50px|true|true\u00bb global_colors_info=\u00bb{}\u00bb][et_pb_column type=\u00bb4_4&#8243; _builder_version=\u00bb4.22.2&#8243; _module_preset=\u00bbdefault\u00bb global_colors_info=\u00bb{}\u00bb][et_pb_text _builder_version=\u00bb4.22.2&#8243; _module_preset=\u00bbdefault\u00bb text_font=\u00bb|700|||||||\u00bb text_text_color=\u00bb#FFFFFF\u00bb custom_padding=\u00bb15px|15px|15px|15px|true|true\u00bb global_colors_info=\u00bb{}\u00bb]<\/p>\n<p>Este \u201cnuevo\u201d centro educativo (fusi\u00f3n del Centro de Ense\u00f1anza Mercantil con Educator y el Parvulario Ni\u00f1o Jes\u00fas) se repart\u00eda entre los tres edificios procedentes de la fusi\u00f3n.<\/p>\n<p>[\/et_pb_text][\/et_pb_column][\/et_pb_row][et_pb_row column_structure=\u00bb3_4,1_4&#8243; disabled_on=\u00bbon|on|off\u00bb _builder_version=\u00bb4.22.2&#8243; _module_preset=\u00bbdefault\u00bb custom_margin=\u00bb50px||50px||true|false\u00bb custom_padding=\u00bb50px|50px|50px|50px|true|true\u00bb global_colors_info=\u00bb{}\u00bb][et_pb_column type=\u00bb3_4&#8243; _builder_version=\u00bb4.22.2&#8243; _module_preset=\u00bbdefault\u00bb global_colors_info=\u00bb{}\u00bb][et_pb_text _builder_version=\u00bb4.22.2&#8243; _module_preset=\u00bbdefault\u00bb global_colors_info=\u00bb{}\u00bb]<\/p>\n<p>EDUCEM consigui\u00f3 el objetivo de ofrecer a la ciudad la ense\u00f1anza preescolar, la Ense\u00f1anza General B\u00e1sica (EGB) y Formaci\u00f3n Profesional de primer grado (FP1) de la rama administrativa, y m\u00e1s tarde, tambi\u00e9n de la sanitaria. <\/p>\n<p>Hacia el final de los ochenta EDUCEM explor\u00f3 la rama de la formaci\u00f3n empresarial, con el nacimiento de la sociedad Educem Business.<\/p>\n<p>[\/et_pb_text][\/et_pb_column][et_pb_column type=\u00bb1_4&#8243; _builder_version=\u00bb4.22.2&#8243; _module_preset=\u00bbdefault\u00bb global_colors_info=\u00bb{}\u00bb][et_pb_text _builder_version=\u00bb4.22.2&#8243; _module_preset=\u00bbdefault\u00bb text_font=\u00bbArial Rounded||||||||\u00bb text_font_size=\u00bb120px\u00bb custom_padding=\u00bb23px||||false|false\u00bb text_orientation_tablet=\u00bbcenter\u00bb text_orientation_phone=\u00bbcenter\u00bb text_orientation_last_edited=\u00bbon|tablet\u00bb global_colors_info=\u00bb{}\u00bb]<\/p>\n<p>80<\/p>\n<p>[\/et_pb_text][\/et_pb_column][\/et_pb_row][et_pb_row column_structure=\u00bb3_4,1_4&#8243; disabled_on=\u00bboff|off|on\u00bb _builder_version=\u00bb4.22.2&#8243; _module_preset=\u00bbdefault\u00bb custom_margin=\u00bb50px||50px||true|false\u00bb custom_padding=\u00bb50px|50px|50px|50px|true|true\u00bb global_colors_info=\u00bb{}\u00bb][et_pb_column type=\u00bb3_4&#8243; _builder_version=\u00bb4.22.2&#8243; _module_preset=\u00bbdefault\u00bb global_colors_info=\u00bb{}\u00bb][et_pb_text _builder_version=\u00bb4.22.2&#8243; _module_preset=\u00bbdefault\u00bb text_font=\u00bbArial Rounded||||||||\u00bb text_font_size=\u00bb120px\u00bb custom_padding=\u00bb23px||||false|false\u00bb custom_padding_tablet=\u00bb23px||40px||false|false\u00bb custom_padding_phone=\u00bb23px||40px||false|false\u00bb custom_padding_last_edited=\u00bbon|phone\u00bb text_orientation_tablet=\u00bbcenter\u00bb text_orientation_phone=\u00bbcenter\u00bb text_orientation_last_edited=\u00bbon|tablet\u00bb global_colors_info=\u00bb{}\u00bb]<\/p>\n<p>80<\/p>\n<p>[\/et_pb_text][et_pb_text _builder_version=\u00bb4.22.2&#8243; _module_preset=\u00bbdefault\u00bb global_colors_info=\u00bb{}\u00bb]<\/p>\n<p>EDUCEM consigui\u00f3 el objetivo de ofrecer a la ciudad la ense\u00f1anza preescolar, la Ense\u00f1anza General B\u00e1sica (EGB) y Formaci\u00f3n Profesional de primer grado (FP1) de la rama administrativa, y m\u00e1s tarde, tambi\u00e9n de la sanitaria. <\/p>\n<p>Hacia el final de los ochenta EDUCEM explor\u00f3 la rama de la formaci\u00f3n empresarial, con el nacimiento de la sociedad Educem Business.<\/p>\n<p>[\/et_pb_text][\/et_pb_column][et_pb_column type=\u00bb1_4&#8243; _builder_version=\u00bb4.22.2&#8243; _module_preset=\u00bbdefault\u00bb global_colors_info=\u00bb{}\u00bb][\/et_pb_column][\/et_pb_row][et_pb_row column_structure=\u00bb1_4,3_4&#8243; disabled_on=\u00bbon|on|off\u00bb _builder_version=\u00bb4.22.2&#8243; _module_preset=\u00bbdefault\u00bb background_color=\u00bb#e65a0c\u00bb background_image=\u00bbhttps:\/\/educem.com\/wp-content\/uploads\/2023\/10\/fonstronja.png\u00bb background_size=\u00bbinitial\u00bb background_position=\u00bbbottom_right\u00bb min_height=\u00bb250px\u00bb custom_padding=\u00bb0px|50px|0px|50px|true|true\u00bb global_colors_info=\u00bb{}\u00bb][et_pb_column type=\u00bb1_4&#8243; _builder_version=\u00bb4.22.2&#8243; _module_preset=\u00bbdefault\u00bb global_colors_info=\u00bb{}\u00bb][et_pb_text _builder_version=\u00bb4.22.2&#8243; _module_preset=\u00bbdefault\u00bb text_font=\u00bbArial Rounded||||||||\u00bb text_text_color=\u00bb#FFFFFF\u00bb text_font_size=\u00bb120px\u00bb text_orientation=\u00bbright\u00bb custom_padding=\u00bb80px||||false|false\u00bb global_colors_info=\u00bb{}\u00bb]<\/p>\n<p>90<\/p>\n<p>[\/et_pb_text][\/et_pb_column][et_pb_column type=\u00bb3_4&#8243; _builder_version=\u00bb4.22.2&#8243; _module_preset=\u00bbdefault\u00bb global_colors_info=\u00bb{}\u00bb][et_pb_text _builder_version=\u00bb4.23.1&#8243; _module_preset=\u00bbdefault\u00bb text_font=\u00bb|600|||||||\u00bb text_text_color=\u00bb#FFFFFF\u00bb custom_padding=\u00bb25px||||false|false\u00bb global_colors_info=\u00bb{}\u00bb]<\/p>\n<p><span style=\"font-weight: 400;\">Con la nueva reforma educativa de los noventa, el centro de formaci\u00f3n ampli\u00f3 y reestructur\u00f3 sus ofertas de ense\u00f1anza, consiguiendo el centro un car\u00e1cter globalizador, ya que se convirti\u00f3 en <\/span><b>el \u00fanico centro de la ciudad con todas las etapas educativas: educaci\u00f3n infantil, educaci\u00f3n primaria, educaci\u00f3n secundaria obligatoria (ESO), ciclos formativos de grado medio y ciclos formativos de grado superior y bachillerato pas\u00e1ndose a denominarse EDUCEM.<\/b><\/p>\n<p>[\/et_pb_text][\/et_pb_column][\/et_pb_row][et_pb_row column_structure=\u00bb1_3,2_3&#8243; disabled_on=\u00bboff|off|on\u00bb _builder_version=\u00bb4.22.2&#8243; _module_preset=\u00bbdefault\u00bb background_color=\u00bbgcid-d809cb4a-3cf6-4a6e-a54c-2245ace4a999&#8243; background_enable_image=\u00bboff\u00bb background_size=\u00bbinitial\u00bb background_position=\u00bbbottom_right\u00bb min_height=\u00bb250px\u00bb custom_padding=\u00bb50px|50px|50px|50px|true|true\u00bb global_colors_info=\u00bb{%22gcid-d809cb4a-3cf6-4a6e-a54c-2245ace4a999%22:%91%22background_color%22%93}\u00bb][et_pb_column type=\u00bb1_3&#8243; _builder_version=\u00bb4.22.2&#8243; _module_preset=\u00bbdefault\u00bb global_colors_info=\u00bb{}\u00bb][et_pb_text _builder_version=\u00bb4.22.2&#8243; _module_preset=\u00bbdefault\u00bb text_font=\u00bbArial Rounded||||||||\u00bb text_text_color=\u00bb#FFFFFF\u00bb text_font_size=\u00bb120px\u00bb text_orientation=\u00bbright\u00bb custom_padding=\u00bb45px||||false|false\u00bb custom_padding_tablet=\u00bb45px||45px||false|false\u00bb custom_padding_phone=\u00bb45px||45px||false|false\u00bb custom_padding_last_edited=\u00bbon|tablet\u00bb text_orientation_tablet=\u00bbcenter\u00bb text_orientation_phone=\u00bbcenter\u00bb text_orientation_last_edited=\u00bbon|tablet\u00bb global_colors_info=\u00bb{}\u00bb]<\/p>\n<p>90<\/p>\n<p>[\/et_pb_text][\/et_pb_column][et_pb_column type=\u00bb2_3&#8243; _builder_version=\u00bb4.22.2&#8243; _module_preset=\u00bbdefault\u00bb global_colors_info=\u00bb{}\u00bb][et_pb_text _builder_version=\u00bb4.23.1&#8243; _module_preset=\u00bbdefault\u00bb text_font=\u00bb|600|||||||\u00bb text_text_color=\u00bb#FFFFFF\u00bb global_colors_info=\u00bb{}\u00bb]<\/p>\n<p>Con la nueva reforma educativa de los noventa, el centro de formaci\u00f3n ampli\u00f3 y reestructur\u00f3 sus ofertas de ense\u00f1anza, consiguiendo el centro un car\u00e1cter globalizador, ya que se convirti\u00f3 en el <strong>\u00fanico centro de la ciudad con todas las etapas educativas: educaci\u00f3n infantil, educaci\u00f3n primaria, educaci\u00f3n secundaria obligatoria (ESO), ciclos formativos de grado medio y ciclos formativos de grado superior y bachillerato pas\u00e1ndose a denominarse EDUCEM.<\/strong><\/p>\n<p>[\/et_pb_text][\/et_pb_column][\/et_pb_row][et_pb_row _builder_version=\u00bb4.23.1&#8243; _module_preset=\u00bbdefault\u00bb background_color=\u00bbgcid-b775d63c-59f7-498d-8738-fdda035f864c\u00bb custom_margin=\u00bb50px||||false|false\u00bb custom_padding=\u00bb50px|50px|50px|50px|false|false\u00bb global_colors_info=\u00bb{%22gcid-b775d63c-59f7-498d-8738-fdda035f864c%22:%91%22background_color%22%93}\u00bb][et_pb_column type=\u00bb4_4&#8243; _builder_version=\u00bb4.22.2&#8243; _module_preset=\u00bbdefault\u00bb global_colors_info=\u00bb{}\u00bb][et_pb_text _builder_version=\u00bb4.23.1&#8243; _module_preset=\u00bbdefault\u00bb text_orientation=\u00bbcenter\u00bb global_colors_info=\u00bb{}\u00bb]<\/p>\n<p style=\"text-align: center;\">Con el paso de los a\u00f1os, y tras un relevo generacional, la escuela ha ido adapt\u00e1ndose\u00a0a las diferentes reformas educativas y novedades tecnol\u00f3gicas.<\/p>\n<p>[\/et_pb_text][\/et_pb_column][\/et_pb_row][\/et_pb_section]<\/p>\n","protected":false},"excerpt":{"rendered":"<p>El jueves 1 de octubre de 1942, bajo la direcci\u00f3n de Esteve Duran i Serra y con la colaboraci\u00f3n de Miquel Castenyer i Net y Elena Mejan i Carrer, se impuls\u00f3 la creaci\u00f3n en la ciudad de Granollers del \u00abCentro de Ense\u00f1anza Mercantil\u00bb, afiliado pedag\u00f3gicamente a la \u00abAcademia Cots\u00bb de Barcelona. Este centro comenz\u00f3 a [&hellip;]<\/p>\n","protected":false},"author":1,"featured_media":0,"parent":0,"menu_order":0,"comment_status":"closed","ping_status":"closed","template":"","meta":{"_et_pb_use_builder":"on","_et_pb_old_content":"","_et_gb_content_width":"","footnotes":""},"class_list":["post-1384","page","type-page","status-publish","hentry"],"yoast_head":"<!-- This site is optimized with the Yoast SEO plugin v27.5 - https:\/\/yoast.com\/product\/yoast-seo-wordpress\/ -->\n<title>Historia - Centres Educem<\/title>\n<meta name=\"robots\" content=\"index, follow, max-snippet:-1, max-image-preview:large, max-video-preview:-1\" \/>\n<link rel=\"canonical\" href=\"https:\/\/educem.com\/es\/historia\/\" \/>\n<meta property=\"og:locale\" content=\"es_ES\" \/>\n<meta property=\"og:type\" content=\"article\" \/>\n<meta property=\"og:title\" content=\"Historia - Centres Educem\" \/>\n<meta property=\"og:description\" content=\"El jueves 1 de octubre de 1942, bajo la direcci\u00f3n de Esteve Duran i Serra y con la colaboraci\u00f3n de Miquel Castenyer i Net y Elena Mejan i Carrer, se impuls\u00f3 la creaci\u00f3n en la ciudad de Granollers del &quot;Centro de Ense\u00f1anza Mercantil&quot;, afiliado pedag\u00f3gicamente a la &quot;Academia Cots&quot; de Barcelona. Este centro comenz\u00f3 a [&hellip;]\" \/>\n<meta property=\"og:url\" content=\"https:\/\/educem.com\/es\/historia\/\" \/>\n<meta property=\"og:site_name\" content=\"Centres Educem\" \/>\n<meta property=\"article:publisher\" content=\"https:\/\/ca-es.facebook.com\/educemcentresdensenyament\/\" \/>\n<meta property=\"article:modified_time\" content=\"2023-12-18T08:40:12+00:00\" \/>\n<meta property=\"og:image\" content=\"https:\/\/educem.com\/wp-content\/uploads\/2023\/09\/img_edifici_home.jpg\" \/>\n\t<meta property=\"og:image:width\" content=\"1925\" \/>\n\t<meta property=\"og:image:height\" content=\"859\" \/>\n\t<meta property=\"og:image:type\" content=\"image\/jpeg\" \/>\n<meta name=\"twitter:card\" content=\"summary_large_image\" \/>\n<meta name=\"twitter:site\" content=\"@EducemGran\" \/>\n<script type=\"application\/ld+json\" class=\"yoast-schema-graph\">{\"@context\":\"https:\\\/\\\/schema.org\",\"@graph\":[{\"@type\":\"WebPage\",\"@id\":\"https:\\\/\\\/educem.com\\\/es\\\/historia\\\/\",\"url\":\"https:\\\/\\\/educem.com\\\/es\\\/historia\\\/\",\"name\":\"Historia - Centres Educem\",\"isPartOf\":{\"@id\":\"https:\\\/\\\/educem.com\\\/#website\"},\"datePublished\":\"2023-10-11T14:30:00+00:00\",\"dateModified\":\"2023-12-18T08:40:12+00:00\",\"breadcrumb\":{\"@id\":\"https:\\\/\\\/educem.com\\\/es\\\/historia\\\/#breadcrumb\"},\"inLanguage\":\"es\",\"potentialAction\":[{\"@type\":\"ReadAction\",\"target\":[\"https:\\\/\\\/educem.com\\\/es\\\/historia\\\/\"]}]},{\"@type\":\"BreadcrumbList\",\"@id\":\"https:\\\/\\\/educem.com\\\/es\\\/historia\\\/#breadcrumb\",\"itemListElement\":[{\"@type\":\"ListItem\",\"position\":1,\"name\":\"Portada\",\"item\":\"https:\\\/\\\/educem.com\\\/es\\\/\"},{\"@type\":\"ListItem\",\"position\":2,\"name\":\"Historia\"}]},{\"@type\":\"WebSite\",\"@id\":\"https:\\\/\\\/educem.com\\\/#website\",\"url\":\"https:\\\/\\\/educem.com\\\/\",\"name\":\"Centres Educem\",\"description\":\"Oferta formativa\",\"publisher\":{\"@id\":\"https:\\\/\\\/educem.com\\\/#organization\"},\"potentialAction\":[{\"@type\":\"SearchAction\",\"target\":{\"@type\":\"EntryPoint\",\"urlTemplate\":\"https:\\\/\\\/educem.com\\\/?s={search_term_string}\"},\"query-input\":{\"@type\":\"PropertyValueSpecification\",\"valueRequired\":true,\"valueName\":\"search_term_string\"}}],\"inLanguage\":\"es\"},{\"@type\":\"Organization\",\"@id\":\"https:\\\/\\\/educem.com\\\/#organization\",\"name\":\"Educem\",\"url\":\"https:\\\/\\\/educem.com\\\/\",\"logo\":{\"@type\":\"ImageObject\",\"inLanguage\":\"es\",\"@id\":\"https:\\\/\\\/educem.com\\\/#\\\/schema\\\/logo\\\/image\\\/\",\"url\":\"https:\\\/\\\/educem.com\\\/wp-content\\\/uploads\\\/2023\\\/06\\\/logo_educem_menu.png\",\"contentUrl\":\"https:\\\/\\\/educem.com\\\/wp-content\\\/uploads\\\/2023\\\/06\\\/logo_educem_menu.png\",\"width\":150,\"height\":49,\"caption\":\"Educem\"},\"image\":{\"@id\":\"https:\\\/\\\/educem.com\\\/#\\\/schema\\\/logo\\\/image\\\/\"},\"sameAs\":[\"https:\\\/\\\/ca-es.facebook.com\\\/educemcentresdensenyament\\\/\",\"https:\\\/\\\/x.com\\\/EducemGran\",\"https:\\\/\\\/www.instagram.com\\\/educem_granollers\\\/\",\"https:\\\/\\\/www.linkedin.com\\\/company\\\/escola-educem\"]}]}<\/script>\n<!-- \/ Yoast SEO plugin. -->","yoast_head_json":{"title":"Historia - Centres Educem","robots":{"index":"index","follow":"follow","max-snippet":"max-snippet:-1","max-image-preview":"max-image-preview:large","max-video-preview":"max-video-preview:-1"},"canonical":"https:\/\/educem.com\/es\/historia\/","og_locale":"es_ES","og_type":"article","og_title":"Historia - Centres Educem","og_description":"El jueves 1 de octubre de 1942, bajo la direcci\u00f3n de Esteve Duran i Serra y con la colaboraci\u00f3n de Miquel Castenyer i Net y Elena Mejan i Carrer, se impuls\u00f3 la creaci\u00f3n en la ciudad de Granollers del \"Centro de Ense\u00f1anza Mercantil\", afiliado pedag\u00f3gicamente a la \"Academia Cots\" de Barcelona. Este centro comenz\u00f3 a [&hellip;]","og_url":"https:\/\/educem.com\/es\/historia\/","og_site_name":"Centres Educem","article_publisher":"https:\/\/ca-es.facebook.com\/educemcentresdensenyament\/","article_modified_time":"2023-12-18T08:40:12+00:00","og_image":[{"width":1925,"height":859,"url":"https:\/\/educem.com\/wp-content\/uploads\/2023\/09\/img_edifici_home.jpg","type":"image\/jpeg"}],"twitter_card":"summary_large_image","twitter_site":"@EducemGran","schema":{"@context":"https:\/\/schema.org","@graph":[{"@type":"WebPage","@id":"https:\/\/educem.com\/es\/historia\/","url":"https:\/\/educem.com\/es\/historia\/","name":"Historia - Centres Educem","isPartOf":{"@id":"https:\/\/educem.com\/#website"},"datePublished":"2023-10-11T14:30:00+00:00","dateModified":"2023-12-18T08:40:12+00:00","breadcrumb":{"@id":"https:\/\/educem.com\/es\/historia\/#breadcrumb"},"inLanguage":"es","potentialAction":[{"@type":"ReadAction","target":["https:\/\/educem.com\/es\/historia\/"]}]},{"@type":"BreadcrumbList","@id":"https:\/\/educem.com\/es\/historia\/#breadcrumb","itemListElement":[{"@type":"ListItem","position":1,"name":"Portada","item":"https:\/\/educem.com\/es\/"},{"@type":"ListItem","position":2,"name":"Historia"}]},{"@type":"WebSite","@id":"https:\/\/educem.com\/#website","url":"https:\/\/educem.com\/","name":"Centres Educem","description":"Oferta formativa","publisher":{"@id":"https:\/\/educem.com\/#organization"},"potentialAction":[{"@type":"SearchAction","target":{"@type":"EntryPoint","urlTemplate":"https:\/\/educem.com\/?s={search_term_string}"},"query-input":{"@type":"PropertyValueSpecification","valueRequired":true,"valueName":"search_term_string"}}],"inLanguage":"es"},{"@type":"Organization","@id":"https:\/\/educem.com\/#organization","name":"Educem","url":"https:\/\/educem.com\/","logo":{"@type":"ImageObject","inLanguage":"es","@id":"https:\/\/educem.com\/#\/schema\/logo\/image\/","url":"https:\/\/educem.com\/wp-content\/uploads\/2023\/06\/logo_educem_menu.png","contentUrl":"https:\/\/educem.com\/wp-content\/uploads\/2023\/06\/logo_educem_menu.png","width":150,"height":49,"caption":"Educem"},"image":{"@id":"https:\/\/educem.com\/#\/schema\/logo\/image\/"},"sameAs":["https:\/\/ca-es.facebook.com\/educemcentresdensenyament\/","https:\/\/x.com\/EducemGran","https:\/\/www.instagram.com\/educem_granollers\/","https:\/\/www.linkedin.com\/company\/escola-educem"]}]}},"_links":{"self":[{"href":"https:\/\/educem.com\/es\/wp-json\/wp\/v2\/pages\/1384","targetHints":{"allow":["GET"]}}],"collection":[{"href":"https:\/\/educem.com\/es\/wp-json\/wp\/v2\/pages"}],"about":[{"href":"https:\/\/educem.com\/es\/wp-json\/wp\/v2\/types\/page"}],"author":[{"embeddable":true,"href":"https:\/\/educem.com\/es\/wp-json\/wp\/v2\/users\/1"}],"replies":[{"embeddable":true,"href":"https:\/\/educem.com\/es\/wp-json\/wp\/v2\/comments?post=1384"}],"version-history":[{"count":18,"href":"https:\/\/educem.com\/es\/wp-json\/wp\/v2\/pages\/1384\/revisions"}],"predecessor-version":[{"id":4517,"href":"https:\/\/educem.com\/es\/wp-json\/wp\/v2\/pages\/1384\/revisions\/4517"}],"wp:attachment":[{"href":"https:\/\/educem.com\/es\/wp-json\/wp\/v2\/media?parent=1384"}],"curies":[{"name":"wp","href":"https:\/\/api.w.org\/{rel}","templated":true}]}}