{"id":1523,"date":"2023-10-20T12:12:49","date_gmt":"2023-10-20T10:12:49","guid":{"rendered":"https:\/\/educem.com\/sar-calidad\/"},"modified":"2024-01-10T10:00:22","modified_gmt":"2024-01-10T09:00:22","slug":"sar-calidad","status":"publish","type":"page","link":"https:\/\/educem.com\/es\/sar-calidad\/","title":{"rendered":"SAR &#8211; Calidad"},"content":{"rendered":"<p>[et_pb_section fb_built=\u00bb1&#8243; fullwidth=\u00bbon\u00bb module_id=\u00bbed_cap\u00bb _builder_version=\u00bb4.22.2&#8243; _module_preset=\u00bbdefault\u00bb global_colors_info=\u00bb{}\u00bb][et_pb_fullwidth_header title=\u00bbSAR &#8211; Calidad\u00bb background_overlay_color=\u00bbRGBA(255,255,255,0)\u00bb _builder_version=\u00bb4.23.1&#8243; _module_preset=\u00bbdefault\u00bb title_font=\u00bbArial Rounded|||on|||||\u00bb title_text_color=\u00bb#102569&#8243; title_font_size=\u00bb36px\u00bb background_color=\u00bbRGBA(255,255,255,0)\u00bb background_image=\u00bbhttps:\/\/educem.com\/wp-content\/uploads\/2023\/12\/DSF3895-scaled.jpg\u00bb background_position=\u00bbtop_center\u00bb background_vertical_offset=\u00bb10%\u00bb min_height=\u00bb700px\u00bb custom_padding=\u00bb550px||||false|false\u00bb title_font_size_tablet=\u00bb36px\u00bb title_font_size_phone=\u00bb36px\u00bb title_font_size_last_edited=\u00bbon|phone\u00bb global_colors_info=\u00bb{}\u00bb][\/et_pb_fullwidth_header][\/et_pb_section][et_pb_section fb_built=\u00bb1&#8243; _builder_version=\u00bb4.22.2&#8243; _module_preset=\u00bbdefault\u00bb global_colors_info=\u00bb{}\u00bb][et_pb_row _builder_version=\u00bb4.22.2&#8243; _module_preset=\u00bbdefault\u00bb custom_padding=\u00bb|0px||0px|false|true\u00bb global_colors_info=\u00bb{}\u00bb][et_pb_column type=\u00bb4_4&#8243; _builder_version=\u00bb4.22.2&#8243; _module_preset=\u00bbdefault\u00bb global_colors_info=\u00bb{}\u00bb][et_pb_text _builder_version=\u00bb4.22.2&#8243; _module_preset=\u00bbdefault\u00bb text_font=\u00bbArial Rounded|600|||||||\u00bb text_font_size=\u00bb22px\u00bb text_orientation=\u00bbcenter\u00bb custom_padding=\u00bb|50px||50px|false|true\u00bb custom_padding_tablet=\u00bb|0px||0px|false|true\u00bb custom_padding_phone=\u00bb|0px||0px|false|true\u00bb custom_padding_last_edited=\u00bbon|desktop\u00bb global_colors_info=\u00bb{}\u00bb]<\/p>\n<p>EDUCEM presta el SERVICIO DE ASESORAMIENTO EN LA FORMACI\u00d3N PROFESIONAL DEL SISTEMA EDUCATIVO (antiguo Qualifica&#8217;t).<\/p>\n<p>[\/et_pb_text][\/et_pb_column][\/et_pb_row][\/et_pb_section][et_pb_section fb_built=\u00bb1&#8243; _builder_version=\u00bb4.22.2&#8243; _module_preset=\u00bbdefault\u00bb background_color=\u00bbgcid-09c858cd-8520-4fb5-b2fa-491252a03b0c\u00bb global_colors_info=\u00bb{%22gcid-09c858cd-8520-4fb5-b2fa-491252a03b0c%22:%91%22background_color%22%93}\u00bb][et_pb_row _builder_version=\u00bb4.22.2&#8243; _module_preset=\u00bbdefault\u00bb global_colors_info=\u00bb{}\u00bb][et_pb_column type=\u00bb4_4&#8243; _builder_version=\u00bb4.22.2&#8243; _module_preset=\u00bbdefault\u00bb global_colors_info=\u00bb{}\u00bb][et_pb_text _builder_version=\u00bb4.22.2&#8243; _module_preset=\u00bbdefault\u00bb header_2_font=\u00bbArial Rounded|600||on|||||\u00bb header_2_text_align=\u00bbcenter\u00bb header_2_font_size=\u00bb32px\u00bb header_2_font_size_tablet=\u00bb32px\u00bb header_2_font_size_phone=\u00bb26px\u00bb header_2_font_size_last_edited=\u00bbon|phone\u00bb global_colors_info=\u00bb{}\u00bb]<\/p>\n<h2>CARTA DE COMPROMISO DE CALIDAD EN LA PRESTACI\u00d3N DEL SERVICIO DE ASESORAMIENTO EN LA FORMACI\u00d3N PROFESIONAL DEL SISTEMA EDUCATIVO<\/h2>\n<p>[\/et_pb_text][\/et_pb_column][\/et_pb_row][et_pb_row _builder_version=\u00bb4.22.2&#8243; _module_preset=\u00bbdefault\u00bb global_colors_info=\u00bb{}\u00bb][et_pb_column type=\u00bb4_4&#8243; _builder_version=\u00bb4.22.2&#8243; _module_preset=\u00bbdefault\u00bb global_colors_info=\u00bb{}\u00bb][et_pb_text _builder_version=\u00bb4.23.1&#8243; _module_preset=\u00bbdefault\u00bb global_colors_info=\u00bb{}\u00bb]<\/p>\n<p>El centro de ense\u00f1anza EDUCEM se compromete a realizar un servicio de asesoramiento de los aprendizajes en la formaci\u00f3n profesional de acuerdo con lo establecido en las normas e instrucciones del Departamento de Ense\u00f1anza, lo que incluye:<\/p>\n<p style=\"padding-left: 40px;\"><strong>1.<\/strong> Realizar y publicar \u2013en el tabl\u00f3n de anuncios y en la web del centro- antes del 30 de septiembre de cada curso:<br \/><strong>2.<\/strong> Las familias profesionales para las que se ofrece el servicio y los ciclos asociados.<br \/><strong>3.<\/strong> El n\u00famero de plazas que se ofertan para cada familia profesional.<br \/><strong>4.<\/strong> Los criterios y el procedimiento de admisi\u00f3n de las solicitudes.<br \/><strong>5.<\/strong> Las fechas del per\u00edodo de solicitud al servicio de asesoramiento.<br \/><strong>6.<\/strong> La fecha de publicaci\u00f3n de la lista de admitidos al servicio y las plazas de reserva en caso de que haya una demanda superior a las plazas ofertadas, as\u00ed como el precio\u00a0del servicio.<br \/><strong>7.<\/strong> El plazo para presentar la documentaci\u00f3n y hacer el pago del precio del servicio.<br \/><strong>8.<\/strong> El calendario del servicio de asesoramiento.<br \/><strong>9.<\/strong> Desarrollar, al menos, un proceso anual de informaci\u00f3n de asesoramiento de los aprendizajes alcanzados mediante la experiencia laboral o en actividades sociales.<br \/><strong>10.<\/strong> Prestar, al menos, un servicio de asesoramiento anual, para cada una de las familias de la oferta publicada.<br \/><strong>11.<\/strong> Ampliar el plazo de solicitud si no se agota el n\u00famero de plazas asignadas en la primera oferta publicada.<br \/><strong>12.<\/strong> Publicar las listas de admitidos al servicio de asesoramiento en un per\u00edodo m\u00e1ximo de 7 d\u00edas h\u00e1biles despu\u00e9s del plazo de solicitud.<br \/><strong>13.<\/strong> Asignar a una persona asesora experta en orientaci\u00f3n profesional de la familia profesional correspondiente.<br \/><strong>14.<\/strong> Asesorar a las personas usuarias en la elaboraci\u00f3n del dossier de trayectoria profesional.<br \/><strong>15.<\/strong> Entregar a las personas usuarias un informe de asesoramiento, donde constar\u00e1 el itinerario formativo para alcanzar el objetivo profesional deseado y las recomendaciones para\u00a0llevarlo a cabo.<br \/><strong>16.<\/strong> Realizar encuestas para poder recoger el grado de satisfacci\u00f3n de las personas usuarias sobre el servicio proporcionado.<br \/><strong>17.<\/strong> Poner al alcance de la persona usuaria un servicio de quejas y\/o sugerencias, las cuales tendr\u00e1n respuesta en un plazo no superior a 7 d\u00edas.<\/p>\n<p>[\/et_pb_text][\/et_pb_column][\/et_pb_row][\/et_pb_section][et_pb_section fb_built=\u00bb1&#8243; _builder_version=\u00bb4.22.2&#8243; _module_preset=\u00bbdefault\u00bb saved_tabs=\u00bball\u00bb global_colors_info=\u00bb{}\u00bb global_module=\u00bb4902&#8243; theme_builder_area=\u00bbpost_content\u00bb][et_pb_row _builder_version=\u00bb4.22.2&#8243; _module_preset=\u00bbdefault\u00bb background_color=\u00bbgcid-9663e3f2-525a-469f-9b07-5e9681bda370&#8243; global_colors_info=\u00bb{%22gcid-9663e3f2-525a-469f-9b07-5e9681bda370%22:%91%22background_color%22%93}\u00bb theme_builder_area=\u00bbpost_content\u00bb][et_pb_column type=\u00bb4_4&#8243; _builder_version=\u00bb4.22.2&#8243; _module_preset=\u00bbdefault\u00bb global_colors_info=\u00bb{}\u00bb theme_builder_area=\u00bbpost_content\u00bb][et_pb_text _builder_version=\u00bb4.23.1&#8243; _module_preset=\u00bbdefault\u00bb header_text_align=\u00bbcenter\u00bb header_2_font=\u00bbArial Rounded|600||on|||||\u00bb header_2_text_align=\u00bbcenter\u00bb header_2_text_color=\u00bb#FFFFFF\u00bb header_2_font_size=\u00bb32px\u00bb global_colors_info=\u00bb{}\u00bb theme_builder_area=\u00bbpost_content\u00bb]<\/p>\n<h2>\u00a1Inf\u00f3rmate y matric\u00falate!<\/h2>\n<p>[\/et_pb_text][et_pb_text _builder_version=\u00bb4.22.2&#8243; _module_preset=\u00bbdefault\u00bb text_text_color=\u00bb#FFFFFF\u00bb custom_padding=\u00bb|50px||50px|false|false\u00bb global_colors_info=\u00bb{}\u00bb theme_builder_area=\u00bbpost_content\u00bb]Si quieres m\u00e1s informaci\u00f3n sobre las preinscripciones o cualquier consulta de los centros, d\u00e9janos tus datos:[\/et_pb_text][et_pb_contact_form _builder_version=\u00bb4.22.2&#8243; _module_preset=\u00bbdefault\u00bb _unique_id=\u00bb34537573-20c3-4246-9ae8-451ff730179b\u00bb title_font=\u00bbArial Rounded||||||||\u00bb captcha_text_color=\u00bb#FFFFFF\u00bb captcha_letter_spacing=\u00bb1px\u00bb custom_padding=\u00bb50px|50px|50px|50px|true|true\u00bb global_colors_info=\u00bb{}\u00bb theme_builder_area=\u00bbpost_content\u00bb][et_pb_contact_field field_id=\u00bbName\u00bb field_title=\u00bbNombre y Apellidos (necesario)\u00bb _builder_version=\u00bb4.22.2&#8243; global_colors_info=\u00bb{}\u00bb button_text_size__hover_enabled=\u00bboff\u00bb button_one_text_size__hover_enabled=\u00bboff\u00bb button_two_text_size__hover_enabled=\u00bboff\u00bb button_text_color__hover_enabled=\u00bboff\u00bb button_one_text_color__hover_enabled=\u00bboff\u00bb button_two_text_color__hover_enabled=\u00bboff\u00bb button_border_width__hover_enabled=\u00bboff\u00bb button_one_border_width__hover_enabled=\u00bboff\u00bb button_two_border_width__hover_enabled=\u00bboff\u00bb button_border_color__hover_enabled=\u00bboff\u00bb button_one_border_color__hover_enabled=\u00bboff\u00bb button_two_border_color__hover_enabled=\u00bboff\u00bb button_border_radius__hover_enabled=\u00bboff\u00bb button_one_border_radius__hover_enabled=\u00bboff\u00bb button_two_border_radius__hover_enabled=\u00bboff\u00bb button_letter_spacing__hover_enabled=\u00bboff\u00bb button_one_letter_spacing__hover_enabled=\u00bboff\u00bb button_two_letter_spacing__hover_enabled=\u00bboff\u00bb button_bg_color__hover_enabled=\u00bboff\u00bb button_one_bg_color__hover_enabled=\u00bboff\u00bb button_two_bg_color__hover_enabled=\u00bboff\u00bb theme_builder_area=\u00bbpost_content\u00bb][\/et_pb_contact_field][et_pb_contact_field field_id=\u00bbEmail_2&#8243; field_title=\u00bbDirecci\u00f3n electr\u00f3nica (necesario)\u00bb field_type=\u00bbemail\u00bb _builder_version=\u00bb4.22.2&#8243; global_colors_info=\u00bb{}\u00bb button_text_size__hover_enabled=\u00bboff\u00bb button_one_text_size__hover_enabled=\u00bboff\u00bb button_two_text_size__hover_enabled=\u00bboff\u00bb button_text_color__hover_enabled=\u00bboff\u00bb button_one_text_color__hover_enabled=\u00bboff\u00bb button_two_text_color__hover_enabled=\u00bboff\u00bb button_border_width__hover_enabled=\u00bboff\u00bb button_one_border_width__hover_enabled=\u00bboff\u00bb button_two_border_width__hover_enabled=\u00bboff\u00bb button_border_color__hover_enabled=\u00bboff\u00bb button_one_border_color__hover_enabled=\u00bboff\u00bb button_two_border_color__hover_enabled=\u00bboff\u00bb button_border_radius__hover_enabled=\u00bboff\u00bb button_one_border_radius__hover_enabled=\u00bboff\u00bb button_two_border_radius__hover_enabled=\u00bboff\u00bb button_letter_spacing__hover_enabled=\u00bboff\u00bb button_one_letter_spacing__hover_enabled=\u00bboff\u00bb button_two_letter_spacing__hover_enabled=\u00bboff\u00bb button_bg_color__hover_enabled=\u00bboff\u00bb button_one_bg_color__hover_enabled=\u00bboff\u00bb button_two_bg_color__hover_enabled=\u00bboff\u00bb theme_builder_area=\u00bbpost_content\u00bb][\/et_pb_contact_field][et_pb_contact_field field_id=\u00bbTema\u00bb field_title=\u00bbTema (necesario)\u00bb fullwidth_field=\u00bbon\u00bb _builder_version=\u00bb4.22.2&#8243; _module_preset=\u00bbdefault\u00bb global_colors_info=\u00bb{}\u00bb theme_builder_area=\u00bbpost_content\u00bb][\/et_pb_contact_field][et_pb_contact_field field_id=\u00bbMessage\u00bb field_title=\u00bbMensaje\u00bb field_type=\u00bbtext\u00bb fullwidth_field=\u00bbon\u00bb _builder_version=\u00bb4.22.2&#8243; global_colors_info=\u00bb{}\u00bb button_text_size__hover_enabled=\u00bboff\u00bb button_one_text_size__hover_enabled=\u00bboff\u00bb button_two_text_size__hover_enabled=\u00bboff\u00bb button_text_color__hover_enabled=\u00bboff\u00bb button_one_text_color__hover_enabled=\u00bboff\u00bb button_two_text_color__hover_enabled=\u00bboff\u00bb button_border_width__hover_enabled=\u00bboff\u00bb button_one_border_width__hover_enabled=\u00bboff\u00bb button_two_border_width__hover_enabled=\u00bboff\u00bb button_border_color__hover_enabled=\u00bboff\u00bb button_one_border_color__hover_enabled=\u00bboff\u00bb button_two_border_color__hover_enabled=\u00bboff\u00bb button_border_radius__hover_enabled=\u00bboff\u00bb button_one_border_radius__hover_enabled=\u00bboff\u00bb button_two_border_radius__hover_enabled=\u00bboff\u00bb button_letter_spacing__hover_enabled=\u00bboff\u00bb button_one_letter_spacing__hover_enabled=\u00bboff\u00bb button_two_letter_spacing__hover_enabled=\u00bboff\u00bb button_bg_color__hover_enabled=\u00bboff\u00bb button_one_bg_color__hover_enabled=\u00bboff\u00bb button_two_bg_color__hover_enabled=\u00bboff\u00bb theme_builder_area=\u00bbpost_content\u00bb][\/et_pb_contact_field][et_pb_contact_field field_id=\u00bbcheckout1&#8243; field_title=\u00bbproteccion de datos\u00bb field_type=\u00bbcheckbox\u00bb checkbox_options=\u00bb%91{%22value%22:%22He le\u00eddo y acepto la informaci\u00f3n b\u00e1sica sobre protecci\u00f3n de datos, as\u00ed como la informaci\u00f3n adicional detallada en la Pol\u00edtica de privacidad y protecci\u00f3n de datos.%22,%22checked%22:1,%22dragID%22:-1}%93&#8243; fullwidth_field=\u00bbon\u00bb _builder_version=\u00bb4.22.2&#8243; _module_preset=\u00bbdefault\u00bb global_colors_info=\u00bb{}\u00bb theme_builder_area=\u00bbpost_content\u00bb][\/et_pb_contact_field][et_pb_contact_field field_id=\u00bbCheckout2&#8243; field_title=\u00bbboletines\u00bb field_type=\u00bbcheckbox\u00bb checkbox_options=\u00bb%91{%22value%22:%22Acepto recibir boletines informativos sobre las actividades de: EDUCEM%22,%22checked%22:0,%22dragID%22:-1}%93&#8243; fullwidth_field=\u00bbon\u00bb _builder_version=\u00bb4.22.2&#8243; _module_preset=\u00bbdefault\u00bb global_colors_info=\u00bb{}\u00bb theme_builder_area=\u00bbpost_content\u00bb][\/et_pb_contact_field][\/et_pb_contact_form][et_pb_code module_class=\u00bbedtb\u00bb _builder_version=\u00bb4.22.2&#8243; _module_preset=\u00bbdefault\u00bb global_colors_info=\u00bb{}\u00bb theme_builder_area=\u00bbpost_content\u00bb]<\/p>\n<table><!-- [et_pb_line_break_holder] -->  <\/p>\n<tr><!-- [et_pb_line_break_holder] -->  \t<\/p>\n<td colspan=\"2\" class=\"edtbtt\">Informaci\u00f3n b\u00e1sica sobre protecci\u00f3n de datos<\/td>\n<p><!-- [et_pb_line_break_holder] -->  <\/tr>\n<p><!-- [et_pb_line_break_holder] -->  <\/p>\n<tr><!-- [et_pb_line_break_holder] -->  \t<\/p>\n<td>Responsable<\/td>\n<p><!-- [et_pb_line_break_holder] --> <\/p>\n<td>EDUCEM<\/td>\n<p><!-- [et_pb_line_break_holder] -->  <\/tr>\n<p><!-- [et_pb_line_break_holder] -->  <\/p>\n<tr><!-- [et_pb_line_break_holder] -->  \t<\/p>\n<td>Finalidad<\/td>\n<p><!-- [et_pb_line_break_holder] --> <\/p>\n<td>Responder a las consultas que realizan los usuarios.<\/td>\n<p><!-- [et_pb_line_break_holder] -->  <\/tr>\n<p><!-- [et_pb_line_break_holder] -->  <\/p>\n<tr><!-- [et_pb_line_break_holder] -->  \t<\/p>\n<td>Legitimaci\u00f3n<\/td>\n<p><!-- [et_pb_line_break_holder] --> <\/p>\n<td>Consentimiento del interesado<\/td>\n<p><!-- [et_pb_line_break_holder] -->  <\/tr>\n<p><!-- [et_pb_line_break_holder] -->  <\/p>\n<tr><!-- [et_pb_line_break_holder] -->  \t<\/p>\n<td>Destinatarios<\/td>\n<p><!-- [et_pb_line_break_holder] --> <\/p>\n<td>No se ceder\u00e1n datos a terceros, salvo por obligaci\u00f3n legal. <\/td>\n<p> <!-- [et_pb_line_break_holder] -->  <\/tr>\n<p><!-- [et_pb_line_break_holder] -->  <\/p>\n<tr><!-- [et_pb_line_break_holder] -->  \t<\/p>\n<td>Derechos<\/td>\n<p><!-- [et_pb_line_break_holder] --> <\/p>\n<td>Acceder, rectificar y suprimir datos, as\u00ed como otros derechos, como se explica en la informaci\u00f3n adicional.<\/td>\n<p><!-- [et_pb_line_break_holder] -->  <\/tr>\n<p><!-- [et_pb_line_break_holder] -->  <\/p>\n<tr><!-- [et_pb_line_break_holder] -->  \t<\/p>\n<td>Informaci\u00f3n adicional<\/td>\n<p><!-- [et_pb_line_break_holder] --> <\/p>\n<td>Puede consultar la informaci\u00f3n adicional y detallada sobre protecci\u00f3n de datos en nuestra web: <a href=\"\">Protecci\u00f3n de datos<\/a><\/td>\n<p><!-- [et_pb_line_break_holder] -->  <\/tr>\n<p><!-- [et_pb_line_break_holder] --><\/table>\n<p>[\/et_pb_code][\/et_pb_column][\/et_pb_row][\/et_pb_section]<\/p>\n","protected":false},"excerpt":{"rendered":"<p>EDUCEM presta el SERVICIO DE ASESORAMIENTO EN LA FORMACI\u00d3N PROFESIONAL DEL SISTEMA EDUCATIVO (antiguo Qualifica&#8217;t).CARTA DE COMPROMISO DE CALIDAD EN LA PRESTACI\u00d3N DEL SERVICIO DE ASESORAMIENTO EN LA FORMACI\u00d3N PROFESIONAL DEL SISTEMA EDUCATIVOEl centro de ense\u00f1anza EDUCEM se compromete a realizar un servicio de asesoramiento de los aprendizajes en la formaci\u00f3n profesional de acuerdo con [&hellip;]<\/p>\n","protected":false},"author":1,"featured_media":0,"parent":0,"menu_order":0,"comment_status":"closed","ping_status":"closed","template":"","meta":{"_et_pb_use_builder":"on","_et_pb_old_content":"","_et_gb_content_width":"","footnotes":""},"class_list":["post-1523","page","type-page","status-publish","hentry"],"yoast_head":"<!-- This site is optimized with the Yoast SEO plugin v27.5 - https:\/\/yoast.com\/product\/yoast-seo-wordpress\/ -->\n<title>SAR - Calidad - Centres Educem<\/title>\n<meta name=\"robots\" content=\"index, follow, max-snippet:-1, max-image-preview:large, max-video-preview:-1\" \/>\n<link rel=\"canonical\" href=\"https:\/\/educem.com\/es\/sar-calidad\/\" \/>\n<meta property=\"og:locale\" content=\"es_ES\" \/>\n<meta property=\"og:type\" content=\"article\" \/>\n<meta property=\"og:title\" content=\"SAR - Calidad - Centres Educem\" \/>\n<meta property=\"og:description\" content=\"EDUCEM presta el SERVICIO DE ASESORAMIENTO EN LA FORMACI\u00d3N PROFESIONAL DEL SISTEMA EDUCATIVO (antiguo Qualifica&#039;t).CARTA DE COMPROMISO DE CALIDAD EN LA PRESTACI\u00d3N DEL SERVICIO DE ASESORAMIENTO EN LA FORMACI\u00d3N PROFESIONAL DEL SISTEMA EDUCATIVOEl centro de ense\u00f1anza EDUCEM se compromete a realizar un servicio de asesoramiento de los aprendizajes en la formaci\u00f3n profesional de acuerdo con [&hellip;]\" \/>\n<meta property=\"og:url\" content=\"https:\/\/educem.com\/es\/sar-calidad\/\" \/>\n<meta property=\"og:site_name\" content=\"Centres Educem\" \/>\n<meta property=\"article:publisher\" content=\"https:\/\/ca-es.facebook.com\/educemcentresdensenyament\/\" \/>\n<meta property=\"article:modified_time\" content=\"2024-01-10T09:00:22+00:00\" \/>\n<meta property=\"og:image\" content=\"https:\/\/educem.com\/wp-content\/uploads\/2023\/09\/img_edifici_home.jpg\" \/>\n\t<meta property=\"og:image:width\" content=\"1925\" \/>\n\t<meta property=\"og:image:height\" content=\"859\" \/>\n\t<meta property=\"og:image:type\" content=\"image\/jpeg\" \/>\n<meta name=\"twitter:card\" content=\"summary_large_image\" \/>\n<meta name=\"twitter:site\" content=\"@EducemGran\" \/>\n<script type=\"application\/ld+json\" class=\"yoast-schema-graph\">{\"@context\":\"https:\\\/\\\/schema.org\",\"@graph\":[{\"@type\":\"WebPage\",\"@id\":\"https:\\\/\\\/educem.com\\\/es\\\/sar-calidad\\\/\",\"url\":\"https:\\\/\\\/educem.com\\\/es\\\/sar-calidad\\\/\",\"name\":\"SAR - Calidad - Centres Educem\",\"isPartOf\":{\"@id\":\"https:\\\/\\\/educem.com\\\/#website\"},\"datePublished\":\"2023-10-20T10:12:49+00:00\",\"dateModified\":\"2024-01-10T09:00:22+00:00\",\"breadcrumb\":{\"@id\":\"https:\\\/\\\/educem.com\\\/es\\\/sar-calidad\\\/#breadcrumb\"},\"inLanguage\":\"es\",\"potentialAction\":[{\"@type\":\"ReadAction\",\"target\":[\"https:\\\/\\\/educem.com\\\/es\\\/sar-calidad\\\/\"]}]},{\"@type\":\"BreadcrumbList\",\"@id\":\"https:\\\/\\\/educem.com\\\/es\\\/sar-calidad\\\/#breadcrumb\",\"itemListElement\":[{\"@type\":\"ListItem\",\"position\":1,\"name\":\"Portada\",\"item\":\"https:\\\/\\\/educem.com\\\/es\\\/\"},{\"@type\":\"ListItem\",\"position\":2,\"name\":\"SAR &#8211; Calidad\"}]},{\"@type\":\"WebSite\",\"@id\":\"https:\\\/\\\/educem.com\\\/#website\",\"url\":\"https:\\\/\\\/educem.com\\\/\",\"name\":\"Centres Educem\",\"description\":\"Oferta formativa\",\"publisher\":{\"@id\":\"https:\\\/\\\/educem.com\\\/#organization\"},\"potentialAction\":[{\"@type\":\"SearchAction\",\"target\":{\"@type\":\"EntryPoint\",\"urlTemplate\":\"https:\\\/\\\/educem.com\\\/?s={search_term_string}\"},\"query-input\":{\"@type\":\"PropertyValueSpecification\",\"valueRequired\":true,\"valueName\":\"search_term_string\"}}],\"inLanguage\":\"es\"},{\"@type\":\"Organization\",\"@id\":\"https:\\\/\\\/educem.com\\\/#organization\",\"name\":\"Educem\",\"url\":\"https:\\\/\\\/educem.com\\\/\",\"logo\":{\"@type\":\"ImageObject\",\"inLanguage\":\"es\",\"@id\":\"https:\\\/\\\/educem.com\\\/#\\\/schema\\\/logo\\\/image\\\/\",\"url\":\"https:\\\/\\\/educem.com\\\/wp-content\\\/uploads\\\/2023\\\/06\\\/logo_educem_menu.png\",\"contentUrl\":\"https:\\\/\\\/educem.com\\\/wp-content\\\/uploads\\\/2023\\\/06\\\/logo_educem_menu.png\",\"width\":150,\"height\":49,\"caption\":\"Educem\"},\"image\":{\"@id\":\"https:\\\/\\\/educem.com\\\/#\\\/schema\\\/logo\\\/image\\\/\"},\"sameAs\":[\"https:\\\/\\\/ca-es.facebook.com\\\/educemcentresdensenyament\\\/\",\"https:\\\/\\\/x.com\\\/EducemGran\",\"https:\\\/\\\/www.instagram.com\\\/educem_granollers\\\/\",\"https:\\\/\\\/www.linkedin.com\\\/company\\\/escola-educem\"]}]}<\/script>\n<!-- \/ Yoast SEO plugin. -->","yoast_head_json":{"title":"SAR - Calidad - Centres Educem","robots":{"index":"index","follow":"follow","max-snippet":"max-snippet:-1","max-image-preview":"max-image-preview:large","max-video-preview":"max-video-preview:-1"},"canonical":"https:\/\/educem.com\/es\/sar-calidad\/","og_locale":"es_ES","og_type":"article","og_title":"SAR - Calidad - Centres Educem","og_description":"EDUCEM presta el SERVICIO DE ASESORAMIENTO EN LA FORMACI\u00d3N PROFESIONAL DEL SISTEMA EDUCATIVO (antiguo Qualifica't).CARTA DE COMPROMISO DE CALIDAD EN LA PRESTACI\u00d3N DEL SERVICIO DE ASESORAMIENTO EN LA FORMACI\u00d3N PROFESIONAL DEL SISTEMA EDUCATIVOEl centro de ense\u00f1anza EDUCEM se compromete a realizar un servicio de asesoramiento de los aprendizajes en la formaci\u00f3n profesional de acuerdo con [&hellip;]","og_url":"https:\/\/educem.com\/es\/sar-calidad\/","og_site_name":"Centres Educem","article_publisher":"https:\/\/ca-es.facebook.com\/educemcentresdensenyament\/","article_modified_time":"2024-01-10T09:00:22+00:00","og_image":[{"width":1925,"height":859,"url":"https:\/\/educem.com\/wp-content\/uploads\/2023\/09\/img_edifici_home.jpg","type":"image\/jpeg"}],"twitter_card":"summary_large_image","twitter_site":"@EducemGran","schema":{"@context":"https:\/\/schema.org","@graph":[{"@type":"WebPage","@id":"https:\/\/educem.com\/es\/sar-calidad\/","url":"https:\/\/educem.com\/es\/sar-calidad\/","name":"SAR - Calidad - Centres Educem","isPartOf":{"@id":"https:\/\/educem.com\/#website"},"datePublished":"2023-10-20T10:12:49+00:00","dateModified":"2024-01-10T09:00:22+00:00","breadcrumb":{"@id":"https:\/\/educem.com\/es\/sar-calidad\/#breadcrumb"},"inLanguage":"es","potentialAction":[{"@type":"ReadAction","target":["https:\/\/educem.com\/es\/sar-calidad\/"]}]},{"@type":"BreadcrumbList","@id":"https:\/\/educem.com\/es\/sar-calidad\/#breadcrumb","itemListElement":[{"@type":"ListItem","position":1,"name":"Portada","item":"https:\/\/educem.com\/es\/"},{"@type":"ListItem","position":2,"name":"SAR &#8211; Calidad"}]},{"@type":"WebSite","@id":"https:\/\/educem.com\/#website","url":"https:\/\/educem.com\/","name":"Centres Educem","description":"Oferta formativa","publisher":{"@id":"https:\/\/educem.com\/#organization"},"potentialAction":[{"@type":"SearchAction","target":{"@type":"EntryPoint","urlTemplate":"https:\/\/educem.com\/?s={search_term_string}"},"query-input":{"@type":"PropertyValueSpecification","valueRequired":true,"valueName":"search_term_string"}}],"inLanguage":"es"},{"@type":"Organization","@id":"https:\/\/educem.com\/#organization","name":"Educem","url":"https:\/\/educem.com\/","logo":{"@type":"ImageObject","inLanguage":"es","@id":"https:\/\/educem.com\/#\/schema\/logo\/image\/","url":"https:\/\/educem.com\/wp-content\/uploads\/2023\/06\/logo_educem_menu.png","contentUrl":"https:\/\/educem.com\/wp-content\/uploads\/2023\/06\/logo_educem_menu.png","width":150,"height":49,"caption":"Educem"},"image":{"@id":"https:\/\/educem.com\/#\/schema\/logo\/image\/"},"sameAs":["https:\/\/ca-es.facebook.com\/educemcentresdensenyament\/","https:\/\/x.com\/EducemGran","https:\/\/www.instagram.com\/educem_granollers\/","https:\/\/www.linkedin.com\/company\/escola-educem"]}]}},"_links":{"self":[{"href":"https:\/\/educem.com\/es\/wp-json\/wp\/v2\/pages\/1523","targetHints":{"allow":["GET"]}}],"collection":[{"href":"https:\/\/educem.com\/es\/wp-json\/wp\/v2\/pages"}],"about":[{"href":"https:\/\/educem.com\/es\/wp-json\/wp\/v2\/types\/page"}],"author":[{"embeddable":true,"href":"https:\/\/educem.com\/es\/wp-json\/wp\/v2\/users\/1"}],"replies":[{"embeddable":true,"href":"https:\/\/educem.com\/es\/wp-json\/wp\/v2\/comments?post=1523"}],"version-history":[{"count":17,"href":"https:\/\/educem.com\/es\/wp-json\/wp\/v2\/pages\/1523\/revisions"}],"predecessor-version":[{"id":4952,"href":"https:\/\/educem.com\/es\/wp-json\/wp\/v2\/pages\/1523\/revisions\/4952"}],"wp:attachment":[{"href":"https:\/\/educem.com\/es\/wp-json\/wp\/v2\/media?parent=1523"}],"curies":[{"name":"wp","href":"https:\/\/api.w.org\/{rel}","templated":true}]}}