{"id":1561,"date":"2023-10-20T09:57:37","date_gmt":"2023-10-20T07:57:37","guid":{"rendered":"https:\/\/educem.com\/pruebas-de-acceso-a-grado-medio-pacfgm\/"},"modified":"2024-01-10T09:54:18","modified_gmt":"2024-01-10T08:54:18","slug":"pruebas-de-acceso-a-grado-medio-pacfgm","status":"publish","type":"page","link":"https:\/\/educem.com\/es\/pruebas-de-acceso-a-grado-medio-pacfgm\/","title":{"rendered":"Pruebas de acceso a grado medio (PACFGM)"},"content":{"rendered":"<p>[et_pb_section fb_built=\u00bb1&#8243; fullwidth=\u00bbon\u00bb module_id=\u00bbed_cap\u00bb _builder_version=\u00bb4.22.2&#8243; _module_preset=\u00bbdefault\u00bb global_colors_info=\u00bb{}\u00bb][et_pb_fullwidth_header title=\u00bbPruebas de acceso a Grado Medio (PACFGM)\u00bb background_overlay_color=\u00bbRGBA(255,255,255,0)\u00bb _builder_version=\u00bb4.23.1&#8243; _module_preset=\u00bbdefault\u00bb title_font=\u00bb|||on|||||\u00bb title_text_color=\u00bb#102569&#8243; title_font_size=\u00bb32px\u00bb title_line_height=\u00bb3em\u00bb background_color=\u00bbRGBA(255,255,255,0)\u00bb background_image=\u00bbhttps:\/\/educem.com\/wp-content\/uploads\/2023\/12\/DSF5395-1-scaled.jpg\u00bb background_position=\u00bbtop_center\u00bb background_vertical_offset=\u00bb79%\u00bb min_height=\u00bb700px\u00bb custom_padding=\u00bb550px||||false|false\u00bb title_font_size_tablet=\u00bb32px\u00bb title_font_size_phone=\u00bb20px\u00bb title_font_size_last_edited=\u00bbon|phone\u00bb global_colors_info=\u00bb{}\u00bb][\/et_pb_fullwidth_header][\/et_pb_section][et_pb_section fb_built=\u00bb1&#8243; _builder_version=\u00bb4.22.2&#8243; _module_preset=\u00bbdefault\u00bb global_colors_info=\u00bb{}\u00bb][et_pb_row _builder_version=\u00bb4.22.2&#8243; _module_preset=\u00bbdefault\u00bb global_colors_info=\u00bb{}\u00bb][et_pb_column type=\u00bb4_4&#8243; _builder_version=\u00bb4.22.2&#8243; _module_preset=\u00bbdefault\u00bb global_colors_info=\u00bb{}\u00bb][et_pb_text _builder_version=\u00bb4.22.2&#8243; _module_preset=\u00bbdefault\u00bb text_font=\u00bbArial Rounded|600|||||||\u00bb text_font_size=\u00bb22px\u00bb text_orientation=\u00bbcenter\u00bb global_colors_info=\u00bb{}\u00bb]El curso de preparaci\u00f3n a la Prueba de Acceso a Ciclos Formativos de Grado Medio tiene, en Educem, un enfoque te\u00f3rico y pr\u00e1ctico con la finalidad de preparar al alumnado que no ha obtenido el Graduado en Educaci\u00f3n Secundaria, para presentarse a las pruebas de acceso a los ciclos de grado medio de formaci\u00f3n profesional, de artes pl\u00e1sticas\/dise\u00f1o y de ense\u00f1anza deportivas.[\/et_pb_text][\/et_pb_column][\/et_pb_row][\/et_pb_section][et_pb_section fb_built=\u00bb1&#8243; _builder_version=\u00bb4.22.2&#8243; _module_preset=\u00bbdefault\u00bb background_color=\u00bbgcid-09c858cd-8520-4fb5-b2fa-491252a03b0c\u00bb custom_padding=\u00bb24px||38px|||\u00bb global_colors_info=\u00bb{%22gcid-09c858cd-8520-4fb5-b2fa-491252a03b0c%22:%91%22background_color%22%93}\u00bb][et_pb_row _builder_version=\u00bb4.22.2&#8243; _module_preset=\u00bbdefault\u00bb global_colors_info=\u00bb{}\u00bb][et_pb_column type=\u00bb4_4&#8243; _builder_version=\u00bb4.22.2&#8243; _module_preset=\u00bbdefault\u00bb global_colors_info=\u00bb{}\u00bb][et_pb_text _builder_version=\u00bb4.22.2&#8243; _module_preset=\u00bbdefault\u00bb header_2_font=\u00bbArial Rounded|600||on|||||\u00bb header_2_text_align=\u00bbcenter\u00bb header_2_font_size=\u00bb32px\u00bb global_colors_info=\u00bb{}\u00bb]<\/p>\n<h2>REQUISITOS, ACCESO Y OBJETIVO AL CURSO<\/h2>\n<p>[\/et_pb_text][\/et_pb_column][\/et_pb_row][et_pb_row column_structure=\u00bb1_3,2_3&#8243; _builder_version=\u00bb4.22.2&#8243; _module_preset=\u00bbdefault\u00bb custom_padding=\u00bb0px|||||\u00bb global_colors_info=\u00bb{}\u00bb][et_pb_column type=\u00bb1_3&#8243; _builder_version=\u00bb4.22.2&#8243; _module_preset=\u00bbdefault\u00bb global_colors_info=\u00bb{}\u00bb][et_pb_image src=\u00bbhttps:\/\/educem.com\/wp-content\/uploads\/2023\/10\/notes.png\u00bb title_text=\u00bbnotas\u00bb align=\u00bbcenter\u00bb _builder_version=\u00bb4.22.2&#8243; _module_preset=\u00bbdefault\u00bb global_colors_info=\u00bb{}\u00bb][\/et_pb_image][\/et_pb_column][et_pb_column type=\u00bb2_3&#8243; _builder_version=\u00bb4.22.2&#8243; _module_preset=\u00bbdefault\u00bb global_colors_info=\u00bb{}\u00bb][et_pb_text _builder_version=\u00bb4.23.1&#8243; _module_preset=\u00bbdefault\u00bb custom_padding=\u00bb82px|||||\u00bb global_colors_info=\u00bb{}\u00bb]<\/p>\n<p>Este curso va dirigido a chicos\/as <strong>con 17 a\u00f1os cumplidos<\/strong> o que los cumplan durante el a\u00f1o natural en que se realiza la prueba.<\/p>\n<p>[\/et_pb_text][\/et_pb_column][\/et_pb_row][\/et_pb_section][et_pb_section fb_built=\u00bb1&#8243; _builder_version=\u00bb4.22.2&#8243; _module_preset=\u00bbdefault\u00bb global_colors_info=\u00bb{}\u00bb][et_pb_row _builder_version=\u00bb4.22.2&#8243; _module_preset=\u00bbdefault\u00bb background_color=\u00bbgcid-b775d63c-59f7-498d-8738-fdda035f864c\u00bb custom_padding=\u00bb||11px|||\u00bb global_colors_info=\u00bb{%22gcid-b775d63c-59f7-498d-8738-fdda035f864c%22:%91%22background_color%22%93}\u00bb][et_pb_column type=\u00bb4_4&#8243; _builder_version=\u00bb4.22.2&#8243; _module_preset=\u00bbdefault\u00bb global_colors_info=\u00bb{}\u00bb][et_pb_text _builder_version=\u00bb4.22.2&#8243; _module_preset=\u00bbdefault\u00bb header_2_font=\u00bbArial Rounded|600||on|||||\u00bb header_2_text_align=\u00bbcenter\u00bb header_2_font_size=\u00bb32px\u00bb global_colors_info=\u00bb{}\u00bb]<\/p>\n<h2>Horario y fechas<\/h2>\n<p>[\/et_pb_text][\/et_pb_column][\/et_pb_row][et_pb_row column_structure=\u00bb1_3,2_3&#8243; _builder_version=\u00bb4.22.2&#8243; _module_preset=\u00bbdefault\u00bb background_color=\u00bbgcid-b775d63c-59f7-498d-8738-fdda035f864c\u00bb custom_padding=\u00bb3px|||||\u00bb global_colors_info=\u00bb{%22gcid-b775d63c-59f7-498d-8738-fdda035f864c%22:%91%22background_color%22%93}\u00bb][et_pb_column type=\u00bb1_3&#8243; _builder_version=\u00bb4.22.2&#8243; _module_preset=\u00bbdefault\u00bb global_colors_info=\u00bb{}\u00bb][et_pb_image src=\u00bbhttps:\/\/educem.com\/wp-content\/uploads\/2023\/10\/calendari.png\u00bb title_text=\u00bbcalendario\u00bb align=\u00bbcenter\u00bb _builder_version=\u00bb4.22.2&#8243; _module_preset=\u00bbdefault\u00bb global_colors_info=\u00bb{}\u00bb][\/et_pb_image][\/et_pb_column][et_pb_column type=\u00bb2_3&#8243; _builder_version=\u00bb4.22.2&#8243; _module_preset=\u00bbdefault\u00bb global_colors_info=\u00bb{}\u00bb][et_pb_text _builder_version=\u00bb4.22.2&#8243; _module_preset=\u00bbdefault\u00bb custom_padding=\u00bb42px|||||\u00bb custom_padding_tablet=\u00bb|50px||50px|false|true\u00bb custom_padding_phone=\u00bb|25px||25px|false|true\u00bb custom_padding_last_edited=\u00bbon|tablet\u00bb global_colors_info=\u00bb{}\u00bb]<\/p>\n<p>Inicio y fin: de septiembre a mayo (finalizaci\u00f3n aproximada que depende de la convocatoria de la prueba).<\/p>\n<p>Horario de lunes a viernes de 15.00 a 18.00 h (comunes y espec\u00edficas).<\/p>\n<p>[\/et_pb_text][\/et_pb_column][\/et_pb_row][\/et_pb_section][et_pb_section fb_built=\u00bb1&#8243; _builder_version=\u00bb4.22.2&#8243; _module_preset=\u00bbdefault\u00bb global_colors_info=\u00bb{}\u00bb][et_pb_row _builder_version=\u00bb4.22.2&#8243; _module_preset=\u00bbdefault\u00bb background_enable_image=\u00bboff\u00bb background_size=\u00bbinitial\u00bb custom_padding=\u00bb80px||||false|false\u00bb global_colors_info=\u00bb{}\u00bb][et_pb_column type=\u00bb4_4&#8243; _builder_version=\u00bb4.21.0&#8243; _module_preset=\u00bbdefault\u00bb global_colors_info=\u00bb{}\u00bb][et_pb_text _builder_version=\u00bb4.22.2&#8243; _module_preset=\u00bbdefault\u00bb text_font=\u00bbArial||||||||\u00bb text_font_size=\u00bb37px\u00bb header_2_font=\u00bbArial Rounded|||on|||||\u00bb header_2_text_align=\u00bbcenter\u00bb header_2_font_size=\u00bb36px\u00bb background_enable_image=\u00bboff\u00bb background_size=\u00bbinitial\u00bb border_width_bottom=\u00bb4px\u00bb border_color_bottom=\u00bbgcid-d809cb4a-3cf6-4a6e-a54c-2245ace4a999&#8243; global_colors_info=\u00bb{%22gcid-d809cb4a-3cf6-4a6e-a54c-2245ace4a999%22:%91%22border_color_bottom%22%93}\u00bb]<\/p>\n<h2>Caracter\u00edsticas del curso en educem<\/h2>\n<p>[\/et_pb_text][\/et_pb_column][\/et_pb_row][et_pb_row column_structure=\u00bb1_3,1_3,1_3&#8243; _builder_version=\u00bb4.22.2&#8243; _module_preset=\u00bbdefault\u00bb global_colors_info=\u00bb{}\u00bb][et_pb_column type=\u00bb1_3&#8243; _builder_version=\u00bb4.22.2&#8243; _module_preset=\u00bbdefault\u00bb global_colors_info=\u00bb{}\u00bb][et_pb_text ul_item_indent=\u00bb30px\u00bb _builder_version=\u00bb4.23.1&#8243; _module_preset=\u00bbdefault\u00bb global_colors_info=\u00bb{}\u00bb]<\/p>\n<p>EDUCEM es un centro autorizado por el Departamento de Ense\u00f1anza y, por tanto, podemos dar al alumnado<strong> 1 o 2 puntos extras<\/strong> que se suman a la nota de la prueba de acceso, si la asistencia al curso es del 80% y aprueba todas las asignaturas.<\/p>\n<p><strong>PREPARACI\u00d3N<\/strong> para la obtenci\u00f3n de la Educaci\u00f3n Secundaria Obligatoria para Adultos (ESA).<\/p>\n<p><strong>TUTOR\u00cdA<\/strong> individual, grupal y de seguimiento personalizado. Se informar\u00e1 a los padres de todos aquellos aspectos relevantes relacionados con su rendimiento e integraci\u00f3n.<\/p>\n<p><strong>GRUPOS REDUCIDOS.<\/strong><\/p>\n<p><strong>CONTINUIDAD A GRADO MEDIO.<\/strong> Ofrecemos tres ciclos de grado medio:<\/p>\n<ul class=\"ed_ptr\">\n<li>Farmacia y Parafarmacia<\/li>\n<li>Gesti\u00f3n Administrativa<\/li>\n<li>Sistemas Microinform\u00e1ticos y Redes<\/li>\n<\/ul>\n<p>[\/et_pb_text][\/et_pb_column][et_pb_column type=\u00bb1_3&#8243; _builder_version=\u00bb4.22.2&#8243; _module_preset=\u00bbdefault\u00bb global_colors_info=\u00bb{}\u00bb][et_pb_text module_class=\u00bbed-titpet\u00bb _builder_version=\u00bb4.22.2&#8243; _module_preset=\u00bbdefault\u00bb header_2_font=\u00bbArial Rounded|||on||||#fde7d1|\u00bb header_2_text_align=\u00bbleft\u00bb header_2_font_size=\u00bb16px\u00bb header_2_line_height=\u00bb0em\u00bb background_enable_color=\u00bboff\u00bb custom_margin=\u00bb||15px||false|false\u00bb custom_padding=\u00bb||0px||false|false\u00bb border_color_all=\u00bb#fde7d1&#8243; border_width_bottom=\u00bb4px\u00bb global_colors_info=\u00bb{}\u00bb custom_margin__hover_enabled=\u00bboff|desktop\u00bb]<\/p>\n<h2>Contenidos<\/h2>\n<p>[\/et_pb_text][et_pb_text ul_item_indent=\u00bb30px\u00bb _builder_version=\u00bb4.23.1&#8243; _module_preset=\u00bbdefault\u00bb global_colors_info=\u00bb{}\u00bb]<\/p>\n<p>La prueba de acceso prepara para alcanzar las<br \/>competencias siguientes:<\/p>\n<ul class=\"ed_ptr\">\n<li>Competencia en lengua catalana y castellana<\/li>\n<li>Competencia matem\u00e1tica<\/li>\n<li>Competencia en lengua extranjera (ingl\u00e9s)<\/li>\n<li>Competencia de interacci\u00f3n con el mundo f\u00edsico<\/li>\n<li>Competencia social y ciudadana<\/li>\n<li>Competencia en tecnolog\u00edas<\/li>\n<\/ul>\n<p>[\/et_pb_text][\/et_pb_column][et_pb_column type=\u00bb1_3&#8243; _builder_version=\u00bb4.22.2&#8243; _module_preset=\u00bbdefault\u00bb global_colors_info=\u00bb{}\u00bb][et_pb_text module_class=\u00bbed-titpet\u00bb _builder_version=\u00bb4.22.2&#8243; _module_preset=\u00bbdefault\u00bb header_2_font=\u00bbArial Rounded|||on||||#fde7d1|\u00bb header_2_text_align=\u00bbleft\u00bb header_2_font_size=\u00bb16px\u00bb header_2_line_height=\u00bb0em\u00bb background_enable_color=\u00bboff\u00bb custom_margin=\u00bb||15px||false|false\u00bb custom_padding=\u00bb||0px||false|false\u00bb border_color_all=\u00bb#fde7d1&#8243; border_width_bottom=\u00bb4px\u00bb global_colors_info=\u00bb{}\u00bb custom_margin__hover_enabled=\u00bboff|desktop\u00bb]<\/p>\n<h2>Familias profesionales:<\/h2>\n<p>[\/et_pb_text][et_pb_text ul_item_indent=\u00bb30px\u00bb _builder_version=\u00bb4.23.1&#8243; _module_preset=\u00bbdefault\u00bb global_colors_info=\u00bb{}\u00bb]<\/p>\n<p>Esta prueba de acceso prepara para acceder a todos<br \/>los Ciclos Formativos de Grado Medio que pertenecen\u00a0a las familias profesionales siguientes:<\/p>\n<ul class=\"ed_ptr\">\n<li>Actividades agrarias<\/li>\n<li>Actividades f\u00edsicas y deportivas<\/li>\n<li>Actividades mar\u00edtimo-pesqueras<\/li>\n<li>Administraci\u00f3n<\/li>\n<li>Artes gr\u00e1ficas<\/li>\n<li>Comercio y marketing<\/li>\n<li>Comunicaci\u00f3n, imagen y sonido<\/li>\n<li>Edificaci\u00f3n y obra Civil<\/li>\n<li>Electricidad y electr\u00f3nica<\/li>\n<li>Fabricaci\u00f3n mec\u00e1nica<\/li>\n<li>Madera y mueble<\/li>\n<li>Hosteler\u00eda y turismo<\/li>\n<li>Imagen personal<\/li>\n<li>Industrias alimentarias<\/li>\n<li>Inform\u00e1tica<\/li>\n<li>Mantenimiento de veh\u00edculos autopropulsados<\/li>\n<li>Mantenimiento y servicios a la producci\u00f3n<\/li>\n<li>Qu\u00edmica<\/li>\n<li>Sanidad<\/li>\n<li>Servicios socioculturales y a la comunidad<\/li>\n<li>Textil, Confecci\u00f3n y por el<\/li>\n<\/ul>\n<p>[\/et_pb_text][\/et_pb_column][\/et_pb_row][\/et_pb_section][et_pb_section fb_built=\u00bb1&#8243; _builder_version=\u00bb4.22.2&#8243; _module_preset=\u00bbdefault\u00bb background_color=\u00bbgcid-9663e3f2-525a-469f-9b07-5e9681bda370&#8243; global_colors_info=\u00bb{%22gcid-9663e3f2-525a-469f-9b07-5e9681bda370%22:%91%22background_color%22%93}\u00bb][et_pb_row column_structure=\u00bb3_5,2_5&#8243; _builder_version=\u00bb4.22.2&#8243; _module_preset=\u00bbdefault\u00bb global_colors_info=\u00bb{}\u00bb][et_pb_column type=\u00bb3_5&#8243; _builder_version=\u00bb4.22.2&#8243; _module_preset=\u00bbdefault\u00bb global_colors_info=\u00bb{}\u00bb][et_pb_image src=\u00bbhttps:\/\/educem.com\/wp-content\/uploads\/2023\/10\/gabardina.png\u00bb title_text=\u00bbgabardina\u00bb _builder_version=\u00bb4.22.2&#8243; _module_preset=\u00bbdefault\u00bb global_colors_info=\u00bb{}\u00bb][\/et_pb_image][et_pb_text module_class=\u00bbed-titpet\u00bb _builder_version=\u00bb4.22.2&#8243; _module_preset=\u00bbdefault\u00bb header_2_font=\u00bbArial Rounded|||on||||#fde7d1|\u00bb header_2_text_align=\u00bbleft\u00bb header_2_text_color=\u00bb#FFFFFF\u00bb header_2_font_size=\u00bb16px\u00bb header_2_line_height=\u00bb0em\u00bb background_enable_color=\u00bboff\u00bb custom_margin=\u00bb||15px||false|false\u00bb custom_padding=\u00bb||0px||false|false\u00bb border_color_all=\u00bb#fde7d1&#8243; border_width_bottom=\u00bb4px\u00bb global_colors_info=\u00bb{}\u00bb custom_margin__hover_enabled=\u00bboff|desktop\u00bb]<\/p>\n<h2>Salidas Acad\u00e9micas<\/h2>\n<p>[\/et_pb_text][et_pb_text _builder_version=\u00bb4.23.1&#8243; _module_preset=\u00bbdefault\u00bb text_text_color=\u00bb#FFFFFF\u00bb header_3_font=\u00bbArial Rounded|600||on|||||\u00bb header_3_text_color=\u00bb#FFFFFF\u00bb global_colors_info=\u00bb{}\u00bb]<\/p>\n<p>La superaci\u00f3n de la prueba da acceso a cursar un <strong>ciclo formativo de grado medio.<\/strong><\/p>\n<p>[\/et_pb_text][\/et_pb_column][et_pb_column type=\u00bb2_5&#8243; _builder_version=\u00bb4.22.2&#8243; _module_preset=\u00bbdefault\u00bb global_colors_info=\u00bb{}\u00bb][et_pb_video src=\u00bbhttps:\/\/youtu.be\/OMyrg-0zbrw?feature=shared\u00bb _builder_version=\u00bb4.22.2&#8243; _module_preset=\u00bbdefault\u00bb global_colors_info=\u00bb{}\u00bb][\/et_pb_video][\/et_pb_column][\/et_pb_row][\/et_pb_section][et_pb_section fb_built=\u00bb1&#8243; _builder_version=\u00bb4.22.2&#8243; _module_preset=\u00bbdefault\u00bb global_colors_info=\u00bb{}\u00bb][et_pb_row _builder_version=\u00bb4.22.2&#8243; _module_preset=\u00bbdefault\u00bb global_colors_info=\u00bb{}\u00bb][et_pb_column type=\u00bb4_4&#8243; _builder_version=\u00bb4.22.2&#8243; _module_preset=\u00bbdefault\u00bb global_colors_info=\u00bb{}\u00bb][et_pb_button button_url=\u00bbhttps:\/\/educem.com\/wp-content\/uploads\/2023\/11\/PPAM_23_24_CAT-1.pdf\u00bb url_new_window=\u00bbon\u00bb button_text=\u00bbDOSSIER PPAM 2023-24&#8243; button_alignment=\u00bbcenter\u00bb _builder_version=\u00bb4.23.1&#8243; _module_preset=\u00bbdefault\u00bb global_colors_info=\u00bb{}\u00bb][\/et_pb_button][\/et_pb_column][\/et_pb_row][\/et_pb_section][et_pb_section fb_built=\u00bb1&#8243; _builder_version=\u00bb4.22.2&#8243; _module_preset=\u00bbdefault\u00bb saved_tabs=\u00bball\u00bb global_colors_info=\u00bb{}\u00bb global_module=\u00bb4902&#8243; theme_builder_area=\u00bbpost_content\u00bb][et_pb_row _builder_version=\u00bb4.22.2&#8243; _module_preset=\u00bbdefault\u00bb background_color=\u00bbgcid-9663e3f2-525a-469f-9b07-5e9681bda370&#8243; global_colors_info=\u00bb{%22gcid-9663e3f2-525a-469f-9b07-5e9681bda370%22:%91%22background_color%22%93}\u00bb theme_builder_area=\u00bbpost_content\u00bb][et_pb_column type=\u00bb4_4&#8243; _builder_version=\u00bb4.22.2&#8243; _module_preset=\u00bbdefault\u00bb global_colors_info=\u00bb{}\u00bb theme_builder_area=\u00bbpost_content\u00bb][et_pb_text _builder_version=\u00bb4.23.1&#8243; _module_preset=\u00bbdefault\u00bb header_text_align=\u00bbcenter\u00bb header_2_font=\u00bbArial Rounded|600||on|||||\u00bb header_2_text_align=\u00bbcenter\u00bb header_2_text_color=\u00bb#FFFFFF\u00bb header_2_font_size=\u00bb32px\u00bb global_colors_info=\u00bb{}\u00bb theme_builder_area=\u00bbpost_content\u00bb]<\/p>\n<h2>\u00a1Inf\u00f3rmate y matric\u00falate!<\/h2>\n<p>[\/et_pb_text][et_pb_text _builder_version=\u00bb4.22.2&#8243; _module_preset=\u00bbdefault\u00bb text_text_color=\u00bb#FFFFFF\u00bb custom_padding=\u00bb|50px||50px|false|false\u00bb global_colors_info=\u00bb{}\u00bb theme_builder_area=\u00bbpost_content\u00bb]Si quieres m\u00e1s informaci\u00f3n sobre las preinscripciones o cualquier consulta de los centros, d\u00e9janos tus datos:[\/et_pb_text][et_pb_contact_form _builder_version=\u00bb4.22.2&#8243; _module_preset=\u00bbdefault\u00bb _unique_id=\u00bb34537573-20c3-4246-9ae8-451ff730179b\u00bb title_font=\u00bbArial Rounded||||||||\u00bb captcha_text_color=\u00bb#FFFFFF\u00bb captcha_letter_spacing=\u00bb1px\u00bb custom_padding=\u00bb50px|50px|50px|50px|true|true\u00bb global_colors_info=\u00bb{}\u00bb theme_builder_area=\u00bbpost_content\u00bb][et_pb_contact_field field_id=\u00bbName\u00bb field_title=\u00bbNombre y Apellidos (necesario)\u00bb _builder_version=\u00bb4.22.2&#8243; global_colors_info=\u00bb{}\u00bb button_text_size__hover_enabled=\u00bboff\u00bb button_one_text_size__hover_enabled=\u00bboff\u00bb button_two_text_size__hover_enabled=\u00bboff\u00bb button_text_color__hover_enabled=\u00bboff\u00bb button_one_text_color__hover_enabled=\u00bboff\u00bb button_two_text_color__hover_enabled=\u00bboff\u00bb button_border_width__hover_enabled=\u00bboff\u00bb button_one_border_width__hover_enabled=\u00bboff\u00bb button_two_border_width__hover_enabled=\u00bboff\u00bb button_border_color__hover_enabled=\u00bboff\u00bb button_one_border_color__hover_enabled=\u00bboff\u00bb button_two_border_color__hover_enabled=\u00bboff\u00bb button_border_radius__hover_enabled=\u00bboff\u00bb button_one_border_radius__hover_enabled=\u00bboff\u00bb button_two_border_radius__hover_enabled=\u00bboff\u00bb button_letter_spacing__hover_enabled=\u00bboff\u00bb button_one_letter_spacing__hover_enabled=\u00bboff\u00bb button_two_letter_spacing__hover_enabled=\u00bboff\u00bb button_bg_color__hover_enabled=\u00bboff\u00bb button_one_bg_color__hover_enabled=\u00bboff\u00bb button_two_bg_color__hover_enabled=\u00bboff\u00bb theme_builder_area=\u00bbpost_content\u00bb][\/et_pb_contact_field][et_pb_contact_field field_id=\u00bbEmail_2&#8243; field_title=\u00bbDirecci\u00f3n electr\u00f3nica (necesario)\u00bb field_type=\u00bbemail\u00bb _builder_version=\u00bb4.22.2&#8243; global_colors_info=\u00bb{}\u00bb button_text_size__hover_enabled=\u00bboff\u00bb button_one_text_size__hover_enabled=\u00bboff\u00bb button_two_text_size__hover_enabled=\u00bboff\u00bb button_text_color__hover_enabled=\u00bboff\u00bb button_one_text_color__hover_enabled=\u00bboff\u00bb button_two_text_color__hover_enabled=\u00bboff\u00bb button_border_width__hover_enabled=\u00bboff\u00bb button_one_border_width__hover_enabled=\u00bboff\u00bb button_two_border_width__hover_enabled=\u00bboff\u00bb button_border_color__hover_enabled=\u00bboff\u00bb button_one_border_color__hover_enabled=\u00bboff\u00bb button_two_border_color__hover_enabled=\u00bboff\u00bb button_border_radius__hover_enabled=\u00bboff\u00bb button_one_border_radius__hover_enabled=\u00bboff\u00bb button_two_border_radius__hover_enabled=\u00bboff\u00bb button_letter_spacing__hover_enabled=\u00bboff\u00bb button_one_letter_spacing__hover_enabled=\u00bboff\u00bb button_two_letter_spacing__hover_enabled=\u00bboff\u00bb button_bg_color__hover_enabled=\u00bboff\u00bb button_one_bg_color__hover_enabled=\u00bboff\u00bb button_two_bg_color__hover_enabled=\u00bboff\u00bb theme_builder_area=\u00bbpost_content\u00bb][\/et_pb_contact_field][et_pb_contact_field field_id=\u00bbTema\u00bb field_title=\u00bbTema (necesario)\u00bb fullwidth_field=\u00bbon\u00bb _builder_version=\u00bb4.22.2&#8243; _module_preset=\u00bbdefault\u00bb global_colors_info=\u00bb{}\u00bb theme_builder_area=\u00bbpost_content\u00bb][\/et_pb_contact_field][et_pb_contact_field field_id=\u00bbMessage\u00bb field_title=\u00bbMensaje\u00bb field_type=\u00bbtext\u00bb fullwidth_field=\u00bbon\u00bb _builder_version=\u00bb4.22.2&#8243; global_colors_info=\u00bb{}\u00bb button_text_size__hover_enabled=\u00bboff\u00bb button_one_text_size__hover_enabled=\u00bboff\u00bb button_two_text_size__hover_enabled=\u00bboff\u00bb button_text_color__hover_enabled=\u00bboff\u00bb button_one_text_color__hover_enabled=\u00bboff\u00bb button_two_text_color__hover_enabled=\u00bboff\u00bb button_border_width__hover_enabled=\u00bboff\u00bb button_one_border_width__hover_enabled=\u00bboff\u00bb button_two_border_width__hover_enabled=\u00bboff\u00bb button_border_color__hover_enabled=\u00bboff\u00bb button_one_border_color__hover_enabled=\u00bboff\u00bb button_two_border_color__hover_enabled=\u00bboff\u00bb button_border_radius__hover_enabled=\u00bboff\u00bb button_one_border_radius__hover_enabled=\u00bboff\u00bb button_two_border_radius__hover_enabled=\u00bboff\u00bb button_letter_spacing__hover_enabled=\u00bboff\u00bb button_one_letter_spacing__hover_enabled=\u00bboff\u00bb button_two_letter_spacing__hover_enabled=\u00bboff\u00bb button_bg_color__hover_enabled=\u00bboff\u00bb button_one_bg_color__hover_enabled=\u00bboff\u00bb button_two_bg_color__hover_enabled=\u00bboff\u00bb theme_builder_area=\u00bbpost_content\u00bb][\/et_pb_contact_field][et_pb_contact_field field_id=\u00bbcheckout1&#8243; field_title=\u00bbproteccion de datos\u00bb field_type=\u00bbcheckbox\u00bb checkbox_options=\u00bb%91{%22value%22:%22He le\u00eddo y acepto la informaci\u00f3n b\u00e1sica sobre protecci\u00f3n de datos, as\u00ed como la informaci\u00f3n adicional detallada en la Pol\u00edtica de privacidad y protecci\u00f3n de datos.%22,%22checked%22:1,%22dragID%22:-1}%93&#8243; fullwidth_field=\u00bbon\u00bb _builder_version=\u00bb4.22.2&#8243; _module_preset=\u00bbdefault\u00bb global_colors_info=\u00bb{}\u00bb theme_builder_area=\u00bbpost_content\u00bb][\/et_pb_contact_field][et_pb_contact_field field_id=\u00bbCheckout2&#8243; field_title=\u00bbboletines\u00bb field_type=\u00bbcheckbox\u00bb checkbox_options=\u00bb%91{%22value%22:%22Acepto recibir boletines informativos sobre las actividades de: EDUCEM%22,%22checked%22:0,%22dragID%22:-1}%93&#8243; fullwidth_field=\u00bbon\u00bb _builder_version=\u00bb4.22.2&#8243; _module_preset=\u00bbdefault\u00bb global_colors_info=\u00bb{}\u00bb theme_builder_area=\u00bbpost_content\u00bb][\/et_pb_contact_field][\/et_pb_contact_form][et_pb_code module_class=\u00bbedtb\u00bb _builder_version=\u00bb4.22.2&#8243; _module_preset=\u00bbdefault\u00bb global_colors_info=\u00bb{}\u00bb theme_builder_area=\u00bbpost_content\u00bb]<\/p>\n<table><!-- [et_pb_line_break_holder] -->  <\/p>\n<tr><!-- [et_pb_line_break_holder] -->  \t<\/p>\n<td colspan=\"2\" class=\"edtbtt\">Informaci\u00f3n b\u00e1sica sobre protecci\u00f3n de datos<\/td>\n<p><!-- [et_pb_line_break_holder] -->  <\/tr>\n<p><!-- [et_pb_line_break_holder] -->  <\/p>\n<tr><!-- [et_pb_line_break_holder] -->  \t<\/p>\n<td>Responsable<\/td>\n<p><!-- [et_pb_line_break_holder] --> <\/p>\n<td>EDUCEM<\/td>\n<p><!-- [et_pb_line_break_holder] -->  <\/tr>\n<p><!-- [et_pb_line_break_holder] -->  <\/p>\n<tr><!-- [et_pb_line_break_holder] -->  \t<\/p>\n<td>Finalidad<\/td>\n<p><!-- [et_pb_line_break_holder] --> <\/p>\n<td>Responder a las consultas que realizan los usuarios.<\/td>\n<p><!-- [et_pb_line_break_holder] -->  <\/tr>\n<p><!-- [et_pb_line_break_holder] -->  <\/p>\n<tr><!-- [et_pb_line_break_holder] -->  \t<\/p>\n<td>Legitimaci\u00f3n<\/td>\n<p><!-- [et_pb_line_break_holder] --> <\/p>\n<td>Consentimiento del interesado<\/td>\n<p><!-- [et_pb_line_break_holder] -->  <\/tr>\n<p><!-- [et_pb_line_break_holder] -->  <\/p>\n<tr><!-- [et_pb_line_break_holder] -->  \t<\/p>\n<td>Destinatarios<\/td>\n<p><!-- [et_pb_line_break_holder] --> <\/p>\n<td>No se ceder\u00e1n datos a terceros, salvo por obligaci\u00f3n legal. <\/td>\n<p> <!-- [et_pb_line_break_holder] -->  <\/tr>\n<p><!-- [et_pb_line_break_holder] -->  <\/p>\n<tr><!-- [et_pb_line_break_holder] -->  \t<\/p>\n<td>Derechos<\/td>\n<p><!-- [et_pb_line_break_holder] --> <\/p>\n<td>Acceder, rectificar y suprimir datos, as\u00ed como otros derechos, como se explica en la informaci\u00f3n adicional.<\/td>\n<p><!-- [et_pb_line_break_holder] -->  <\/tr>\n<p><!-- [et_pb_line_break_holder] -->  <\/p>\n<tr><!-- [et_pb_line_break_holder] -->  \t<\/p>\n<td>Informaci\u00f3n adicional<\/td>\n<p><!-- [et_pb_line_break_holder] --> <\/p>\n<td>Puede consultar la informaci\u00f3n adicional y detallada sobre protecci\u00f3n de datos en nuestra web: <a href=\"\">Protecci\u00f3n de datos<\/a><\/td>\n<p><!-- [et_pb_line_break_holder] -->  <\/tr>\n<p><!-- [et_pb_line_break_holder] --><\/table>\n<p>[\/et_pb_code][\/et_pb_column][\/et_pb_row][\/et_pb_section]<\/p>\n","protected":false},"excerpt":{"rendered":"<p>El curso de preparaci\u00f3n a la Prueba de Acceso a Ciclos Formativos de Grado Medio tiene, en Educem, un enfoque te\u00f3rico y pr\u00e1ctico con la finalidad de preparar al alumnado que no ha obtenido el Graduado en Educaci\u00f3n Secundaria, para presentarse a las pruebas de acceso a los ciclos de grado medio de formaci\u00f3n profesional, [&hellip;]<\/p>\n","protected":false},"author":1,"featured_media":0,"parent":0,"menu_order":0,"comment_status":"closed","ping_status":"closed","template":"","meta":{"_et_pb_use_builder":"on","_et_pb_old_content":"","_et_gb_content_width":"","footnotes":""},"class_list":["post-1561","page","type-page","status-publish","hentry"],"yoast_head":"<!-- This site is optimized with the Yoast SEO plugin v27.5 - https:\/\/yoast.com\/product\/yoast-seo-wordpress\/ -->\n<title>Pruebas de acceso a grado medio (PACFGM) - Centres Educem<\/title>\n<meta name=\"robots\" content=\"index, follow, max-snippet:-1, max-image-preview:large, max-video-preview:-1\" \/>\n<link rel=\"canonical\" href=\"https:\/\/educem.com\/es\/pruebas-de-acceso-a-grado-medio-pacfgm\/\" \/>\n<meta property=\"og:locale\" content=\"es_ES\" \/>\n<meta property=\"og:type\" content=\"article\" \/>\n<meta property=\"og:title\" content=\"Pruebas de acceso a grado medio (PACFGM) - Centres Educem\" \/>\n<meta property=\"og:description\" content=\"El curso de preparaci\u00f3n a la Prueba de Acceso a Ciclos Formativos de Grado Medio tiene, en Educem, un enfoque te\u00f3rico y pr\u00e1ctico con la finalidad de preparar al alumnado que no ha obtenido el Graduado en Educaci\u00f3n Secundaria, para presentarse a las pruebas de acceso a los ciclos de grado medio de formaci\u00f3n profesional, [&hellip;]\" \/>\n<meta property=\"og:url\" content=\"https:\/\/educem.com\/es\/pruebas-de-acceso-a-grado-medio-pacfgm\/\" \/>\n<meta property=\"og:site_name\" content=\"Centres Educem\" \/>\n<meta property=\"article:publisher\" content=\"https:\/\/ca-es.facebook.com\/educemcentresdensenyament\/\" \/>\n<meta property=\"article:modified_time\" content=\"2024-01-10T08:54:18+00:00\" \/>\n<meta property=\"og:image\" content=\"https:\/\/educem.com\/wp-content\/uploads\/2023\/09\/img_edifici_home.jpg\" \/>\n\t<meta property=\"og:image:width\" content=\"1925\" \/>\n\t<meta property=\"og:image:height\" content=\"859\" \/>\n\t<meta property=\"og:image:type\" content=\"image\/jpeg\" \/>\n<meta name=\"twitter:card\" content=\"summary_large_image\" \/>\n<meta name=\"twitter:site\" content=\"@EducemGran\" \/>\n<script type=\"application\/ld+json\" class=\"yoast-schema-graph\">{\"@context\":\"https:\\\/\\\/schema.org\",\"@graph\":[{\"@type\":\"WebPage\",\"@id\":\"https:\\\/\\\/educem.com\\\/es\\\/pruebas-de-acceso-a-grado-medio-pacfgm\\\/\",\"url\":\"https:\\\/\\\/educem.com\\\/es\\\/pruebas-de-acceso-a-grado-medio-pacfgm\\\/\",\"name\":\"Pruebas de acceso a grado medio (PACFGM) - Centres Educem\",\"isPartOf\":{\"@id\":\"https:\\\/\\\/educem.com\\\/#website\"},\"datePublished\":\"2023-10-20T07:57:37+00:00\",\"dateModified\":\"2024-01-10T08:54:18+00:00\",\"breadcrumb\":{\"@id\":\"https:\\\/\\\/educem.com\\\/es\\\/pruebas-de-acceso-a-grado-medio-pacfgm\\\/#breadcrumb\"},\"inLanguage\":\"es\",\"potentialAction\":[{\"@type\":\"ReadAction\",\"target\":[\"https:\\\/\\\/educem.com\\\/es\\\/pruebas-de-acceso-a-grado-medio-pacfgm\\\/\"]}]},{\"@type\":\"BreadcrumbList\",\"@id\":\"https:\\\/\\\/educem.com\\\/es\\\/pruebas-de-acceso-a-grado-medio-pacfgm\\\/#breadcrumb\",\"itemListElement\":[{\"@type\":\"ListItem\",\"position\":1,\"name\":\"Portada\",\"item\":\"https:\\\/\\\/educem.com\\\/es\\\/\"},{\"@type\":\"ListItem\",\"position\":2,\"name\":\"Pruebas de acceso a grado medio (PACFGM)\"}]},{\"@type\":\"WebSite\",\"@id\":\"https:\\\/\\\/educem.com\\\/#website\",\"url\":\"https:\\\/\\\/educem.com\\\/\",\"name\":\"Centres Educem\",\"description\":\"Oferta formativa\",\"publisher\":{\"@id\":\"https:\\\/\\\/educem.com\\\/#organization\"},\"potentialAction\":[{\"@type\":\"SearchAction\",\"target\":{\"@type\":\"EntryPoint\",\"urlTemplate\":\"https:\\\/\\\/educem.com\\\/?s={search_term_string}\"},\"query-input\":{\"@type\":\"PropertyValueSpecification\",\"valueRequired\":true,\"valueName\":\"search_term_string\"}}],\"inLanguage\":\"es\"},{\"@type\":\"Organization\",\"@id\":\"https:\\\/\\\/educem.com\\\/#organization\",\"name\":\"Educem\",\"url\":\"https:\\\/\\\/educem.com\\\/\",\"logo\":{\"@type\":\"ImageObject\",\"inLanguage\":\"es\",\"@id\":\"https:\\\/\\\/educem.com\\\/#\\\/schema\\\/logo\\\/image\\\/\",\"url\":\"https:\\\/\\\/educem.com\\\/wp-content\\\/uploads\\\/2023\\\/06\\\/logo_educem_menu.png\",\"contentUrl\":\"https:\\\/\\\/educem.com\\\/wp-content\\\/uploads\\\/2023\\\/06\\\/logo_educem_menu.png\",\"width\":150,\"height\":49,\"caption\":\"Educem\"},\"image\":{\"@id\":\"https:\\\/\\\/educem.com\\\/#\\\/schema\\\/logo\\\/image\\\/\"},\"sameAs\":[\"https:\\\/\\\/ca-es.facebook.com\\\/educemcentresdensenyament\\\/\",\"https:\\\/\\\/x.com\\\/EducemGran\",\"https:\\\/\\\/www.instagram.com\\\/educem_granollers\\\/\",\"https:\\\/\\\/www.linkedin.com\\\/company\\\/escola-educem\"]}]}<\/script>\n<!-- \/ Yoast SEO plugin. -->","yoast_head_json":{"title":"Pruebas de acceso a grado medio (PACFGM) - Centres Educem","robots":{"index":"index","follow":"follow","max-snippet":"max-snippet:-1","max-image-preview":"max-image-preview:large","max-video-preview":"max-video-preview:-1"},"canonical":"https:\/\/educem.com\/es\/pruebas-de-acceso-a-grado-medio-pacfgm\/","og_locale":"es_ES","og_type":"article","og_title":"Pruebas de acceso a grado medio (PACFGM) - Centres Educem","og_description":"El curso de preparaci\u00f3n a la Prueba de Acceso a Ciclos Formativos de Grado Medio tiene, en Educem, un enfoque te\u00f3rico y pr\u00e1ctico con la finalidad de preparar al alumnado que no ha obtenido el Graduado en Educaci\u00f3n Secundaria, para presentarse a las pruebas de acceso a los ciclos de grado medio de formaci\u00f3n profesional, [&hellip;]","og_url":"https:\/\/educem.com\/es\/pruebas-de-acceso-a-grado-medio-pacfgm\/","og_site_name":"Centres Educem","article_publisher":"https:\/\/ca-es.facebook.com\/educemcentresdensenyament\/","article_modified_time":"2024-01-10T08:54:18+00:00","og_image":[{"width":1925,"height":859,"url":"https:\/\/educem.com\/wp-content\/uploads\/2023\/09\/img_edifici_home.jpg","type":"image\/jpeg"}],"twitter_card":"summary_large_image","twitter_site":"@EducemGran","schema":{"@context":"https:\/\/schema.org","@graph":[{"@type":"WebPage","@id":"https:\/\/educem.com\/es\/pruebas-de-acceso-a-grado-medio-pacfgm\/","url":"https:\/\/educem.com\/es\/pruebas-de-acceso-a-grado-medio-pacfgm\/","name":"Pruebas de acceso a grado medio (PACFGM) - Centres Educem","isPartOf":{"@id":"https:\/\/educem.com\/#website"},"datePublished":"2023-10-20T07:57:37+00:00","dateModified":"2024-01-10T08:54:18+00:00","breadcrumb":{"@id":"https:\/\/educem.com\/es\/pruebas-de-acceso-a-grado-medio-pacfgm\/#breadcrumb"},"inLanguage":"es","potentialAction":[{"@type":"ReadAction","target":["https:\/\/educem.com\/es\/pruebas-de-acceso-a-grado-medio-pacfgm\/"]}]},{"@type":"BreadcrumbList","@id":"https:\/\/educem.com\/es\/pruebas-de-acceso-a-grado-medio-pacfgm\/#breadcrumb","itemListElement":[{"@type":"ListItem","position":1,"name":"Portada","item":"https:\/\/educem.com\/es\/"},{"@type":"ListItem","position":2,"name":"Pruebas de acceso a grado medio (PACFGM)"}]},{"@type":"WebSite","@id":"https:\/\/educem.com\/#website","url":"https:\/\/educem.com\/","name":"Centres Educem","description":"Oferta formativa","publisher":{"@id":"https:\/\/educem.com\/#organization"},"potentialAction":[{"@type":"SearchAction","target":{"@type":"EntryPoint","urlTemplate":"https:\/\/educem.com\/?s={search_term_string}"},"query-input":{"@type":"PropertyValueSpecification","valueRequired":true,"valueName":"search_term_string"}}],"inLanguage":"es"},{"@type":"Organization","@id":"https:\/\/educem.com\/#organization","name":"Educem","url":"https:\/\/educem.com\/","logo":{"@type":"ImageObject","inLanguage":"es","@id":"https:\/\/educem.com\/#\/schema\/logo\/image\/","url":"https:\/\/educem.com\/wp-content\/uploads\/2023\/06\/logo_educem_menu.png","contentUrl":"https:\/\/educem.com\/wp-content\/uploads\/2023\/06\/logo_educem_menu.png","width":150,"height":49,"caption":"Educem"},"image":{"@id":"https:\/\/educem.com\/#\/schema\/logo\/image\/"},"sameAs":["https:\/\/ca-es.facebook.com\/educemcentresdensenyament\/","https:\/\/x.com\/EducemGran","https:\/\/www.instagram.com\/educem_granollers\/","https:\/\/www.linkedin.com\/company\/escola-educem"]}]}},"_links":{"self":[{"href":"https:\/\/educem.com\/es\/wp-json\/wp\/v2\/pages\/1561","targetHints":{"allow":["GET"]}}],"collection":[{"href":"https:\/\/educem.com\/es\/wp-json\/wp\/v2\/pages"}],"about":[{"href":"https:\/\/educem.com\/es\/wp-json\/wp\/v2\/types\/page"}],"author":[{"embeddable":true,"href":"https:\/\/educem.com\/es\/wp-json\/wp\/v2\/users\/1"}],"replies":[{"embeddable":true,"href":"https:\/\/educem.com\/es\/wp-json\/wp\/v2\/comments?post=1561"}],"version-history":[{"count":25,"href":"https:\/\/educem.com\/es\/wp-json\/wp\/v2\/pages\/1561\/revisions"}],"predecessor-version":[{"id":4944,"href":"https:\/\/educem.com\/es\/wp-json\/wp\/v2\/pages\/1561\/revisions\/4944"}],"wp:attachment":[{"href":"https:\/\/educem.com\/es\/wp-json\/wp\/v2\/media?parent=1561"}],"curies":[{"name":"wp","href":"https:\/\/api.w.org\/{rel}","templated":true}]}}