{"id":1608,"date":"2023-10-19T11:10:47","date_gmt":"2023-10-19T09:10:47","guid":{"rendered":"https:\/\/educem.com\/proyectos-cfgs-administracion-y-finanzas-aif\/"},"modified":"2024-01-24T12:23:39","modified_gmt":"2024-01-24T11:23:39","slug":"proyectos-cfgs-administracion-y-finanzas-aif","status":"publish","type":"page","link":"https:\/\/educem.com\/es\/proyectos-cfgs-administracion-y-finanzas-aif\/","title":{"rendered":"PROYECTOS CFGS ADMINISTRACI\u00d3N Y FINANZAS \u2013 AIF"},"content":{"rendered":"<p>[et_pb_section fb_built=\u00bb1&#8243; fullwidth=\u00bbon\u00bb module_id=\u00bbed_cap\u00bb _builder_version=\u00bb4.22.2&#8243; _module_preset=\u00bbdefault\u00bb global_colors_info=\u00bb{}\u00bb][et_pb_fullwidth_header title=\u00bbPROYECTOS CFGS ADMINISTRACI\u00d3N Y FINANZAS \u2013 AIF\u00bb background_overlay_color=\u00bbRGBA(255,255,255,0)\u00bb _builder_version=\u00bb4.23.1&#8243; _module_preset=\u00bbdefault\u00bb title_font=\u00bbArial Rounded|||on|||||\u00bb title_text_color=\u00bb#102569&#8243; title_font_size=\u00bb38px\u00bb title_line_height=\u00bb3em\u00bb background_color=\u00bbRGBA(255,255,255,0)\u00bb background_image=\u00bbhttps:\/\/educem.com\/wp-content\/uploads\/2023\/10\/DSF9119.jpg\u00bb background_position=\u00bbtop_center\u00bb background_vertical_offset=\u00bb0%\u00bb min_height=\u00bb700px\u00bb custom_padding=\u00bb550px||||false|false\u00bb title_font_size_tablet=\u00bb38px\u00bb title_font_size_phone=\u00bb18px\u00bb title_font_size_last_edited=\u00bbon|phone\u00bb global_colors_info=\u00bb{}\u00bb][\/et_pb_fullwidth_header][\/et_pb_section][et_pb_section fb_built=\u00bb1&#8243; _builder_version=\u00bb4.22.2&#8243; _module_preset=\u00bbdefault\u00bb global_colors_info=\u00bb{}\u00bb][et_pb_row _builder_version=\u00bb4.22.2&#8243; _module_preset=\u00bbdefault\u00bb global_colors_info=\u00bb{}\u00bb][et_pb_column type=\u00bb4_4&#8243; _builder_version=\u00bb4.22.2&#8243; _module_preset=\u00bbdefault\u00bb global_colors_info=\u00bb{}\u00bb][et_pb_text _builder_version=\u00bb4.22.2&#8243; _module_preset=\u00bbdefault\u00bb text_font=\u00bbArial Rounded||||||||\u00bb text_font_size=\u00bb28px\u00bb text_line_height=\u00bb1.1em\u00bb text_orientation=\u00bbcenter\u00bb global_colors_info=\u00bb{}\u00bb]DEFENSA DE LOS PROYECTOS CFGS CURSO 16-17<br \/>\nAdministraci\u00f3n y Finanzas \u2013 AIF[\/et_pb_text][\/et_pb_column][\/et_pb_row][\/et_pb_section][et_pb_section fb_built=\u00bb1&#8243; _builder_version=\u00bb4.22.2&#8243; _module_preset=\u00bbdefault\u00bb background_color=\u00bbgcid-09c858cd-8520-4fb5-b2fa-491252a03b0c\u00bb global_colors_info=\u00bb{%22gcid-09c858cd-8520-4fb5-b2fa-491252a03b0c%22:%91%22background_color%22%93}\u00bb][et_pb_row _builder_version=\u00bb4.22.2&#8243; _module_preset=\u00bbdefault\u00bb global_colors_info=\u00bb{}\u00bb][et_pb_column type=\u00bb4_4&#8243; _builder_version=\u00bb4.22.2&#8243; _module_preset=\u00bbdefault\u00bb global_colors_info=\u00bb{}\u00bb][et_pb_text _builder_version=\u00bb4.22.2&#8243; _module_preset=\u00bbdefault\u00bb header_2_font=\u00bbArial Rounded|600||on|||||\u00bb header_2_text_align=\u00bbcenter\u00bb header_2_font_size=\u00bb32px\u00bb global_colors_info=\u00bb{}\u00bb]<\/p>\n<h2>GOOD OLD DAYS VINTAGE STORE<\/h2>\n<p>[\/et_pb_text][\/et_pb_column][\/et_pb_row][et_pb_row column_structure=\u00bb1_3,2_3&#8243; _builder_version=\u00bb4.22.2&#8243; _module_preset=\u00bbdefault\u00bb global_colors_info=\u00bb{}\u00bb][et_pb_column type=\u00bb1_3&#8243; _builder_version=\u00bb4.22.2&#8243; _module_preset=\u00bbdefault\u00bb global_colors_info=\u00bb{}\u00bb][et_pb_image src=\u00bbhttps:\/\/educem.com\/wp-content\/uploads\/2023\/10\/PROJECTE-AIF-GRUP-1-IMG-1.png\u00bb title_text=\u00bbPROYECTO-AIF-GRUPO-1-IMG-1&#8243; _builder_version=\u00bb4.22.2&#8243; _module_preset=\u00bbdefault\u00bb global_colors_info=\u00bb{}\u00bb][\/et_pb_image][\/et_pb_column][et_pb_column type=\u00bb2_3&#8243; _builder_version=\u00bb4.22.2&#8243; _module_preset=\u00bbdefault\u00bb global_colors_info=\u00bb{}\u00bb][et_pb_text _builder_version=\u00bb4.24.0&#8243; _module_preset=\u00bbdefault\u00bb hover_enabled=\u00bb0&#8243; global_colors_info=\u00bb{}\u00bb sticky_enabled=\u00bb0&#8243;]<\/p>\n<p><b>Descripci\u00f3n:<\/b> Good Old Days ser\u00e1 un establecimiento de importaci\u00f3n y venta de ropa vintage y ropa retro situado en el coraz\u00f3n de Barcelona, entre Ronda de Sant Antoni y la calle Sant Gil. La ubicaci\u00f3n se encuentra en el Raval de Barcelona, un barrio adecuado para este tipo de negocio.<\/p>\n<p><b>Desarrollo y dificultades:<\/b> El proyecto Good Old Days se ha ido desarrollando con normalidad a lo largo del curso, pero con particularidades propias como el hecho de ser una tienda establecida en Barcelona, por lo que gran parte del estudio de mercado, as\u00ed como los tr\u00e1mites y b\u00fasqueda de informaci\u00f3n, se han hecho en esta ciudad.<\/p>\n<p>Otro hecho destacable ha sido que la ropa vintage es de importaci\u00f3n, por tanto, adem\u00e1s de un proyecto de Administraci\u00f3n y Finanzas y de analizar la viabilidad comercial y econ\u00f3mica, tambi\u00e9n se ha realizado una simulaci\u00f3n de una operaci\u00f3n de importaci\u00f3n de EEUU, analizando los costes de transporte, los aranceles, etc. Este es, pues, un proyecto caracter\u00edstico y con el sello especial del enfoque de Comercio Internacional propio del ciclo que se realiza en Educem.<\/p>\n<p><b>Promotores del negocio:<\/b> Gemma Bertran, Meritxell Costa, Vanessa Reyes y Yasmine Serena.<\/p>\n<p>[\/et_pb_text][\/et_pb_column][\/et_pb_row][\/et_pb_section][et_pb_section fb_built=\u00bb1&#8243; _builder_version=\u00bb4.22.2&#8243; _module_preset=\u00bbdefault\u00bb global_colors_info=\u00bb{}\u00bb][et_pb_row _builder_version=\u00bb4.22.2&#8243; _module_preset=\u00bbdefault\u00bb global_colors_info=\u00bb{}\u00bb][et_pb_column type=\u00bb4_4&#8243; _builder_version=\u00bb4.22.2&#8243; _module_preset=\u00bbdefault\u00bb global_colors_info=\u00bb{}\u00bb][et_pb_text module_class=\u00bbed-titolh2&#8243; _builder_version=\u00bb4.22.2&#8243; _module_preset=\u00bbdefault\u00bb header_2_font=\u00bbArial Rounded|600||on|||||\u00bb header_2_text_align=\u00bbcenter\u00bb header_2_font_size=\u00bb32px\u00bb background_color=\u00bb#FFFFFF\u00bb global_colors_info=\u00bb{}\u00bb]<\/p>\n<h2>P\u00c1DEL-ON LA GARRIGA<\/h2>\n<p>[\/et_pb_text][\/et_pb_column][\/et_pb_row][et_pb_row column_structure=\u00bb3_5,2_5&#8243; _builder_version=\u00bb4.22.2&#8243; _module_preset=\u00bbdefault\u00bb global_colors_info=\u00bb{}\u00bb][et_pb_column type=\u00bb3_5&#8243; _builder_version=\u00bb4.22.2&#8243; _module_preset=\u00bbdefault\u00bb global_colors_info=\u00bb{}\u00bb][et_pb_text _builder_version=\u00bb4.24.0&#8243; _module_preset=\u00bbdefault\u00bb hover_enabled=\u00bb0&#8243; global_colors_info=\u00bb{}\u00bb sticky_enabled=\u00bb0&#8243;]<\/p>\n<p><b>Descripci\u00f3n:<\/b> Empresa de alquiler de pistas para la pr\u00e1ctica de p\u00e1del con venta de ropa y accesorios.<\/p>\n<p><b>Desarrollo y dificultades:<\/b> La simulaci\u00f3n de este proyecto ha tenido como rasgo caracter\u00edstico el hecho de explotar un negocio ya existente y que no hab\u00eda funcionado.<\/p>\n<p>Partiendo de este h\u00e1ndicap y negociando el derecho de traspaso del negocio, lo han adaptado a su estilo propio y a la manera en c\u00f3mo quer\u00edan gestionarlo.<\/p>\n<p>No todos los miembros del grupo eran amantes de este deporte, se han tenido que introducir tambi\u00e9n en este tema. De seguro que ahora ya son un poco expertos.<\/p>\n<p><b>Promotores del negocio:<\/b> Eva Ciprian, Luana G\u00f3mez, Tamara Rodr\u00edguez, Jordi Sastre.<\/p>\n<p>[\/et_pb_text][\/et_pb_column][et_pb_column type=\u00bb2_5&#8243; _builder_version=\u00bb4.22.2&#8243; _module_preset=\u00bbdefault\u00bb global_colors_info=\u00bb{}\u00bb][et_pb_image src=\u00bbhttps:\/\/educem.com\/wp-content\/uploads\/2023\/10\/PROJECTE-AIF-GRUP-2-IMG-1.jpg\u00bb title_text=\u00bbPROYECTO-AIF-GRUPO-2-IMG-1&#8243; _builder_version=\u00bb4.22.2&#8243; _module_preset=\u00bbdefault\u00bb global_colors_info=\u00bb{}\u00bb][\/et_pb_image][\/et_pb_column][\/et_pb_row][\/et_pb_section][et_pb_section fb_built=\u00bb1&#8243; _builder_version=\u00bb4.22.2&#8243; _module_preset=\u00bbdefault\u00bb background_color=\u00bbgcid-09c858cd-8520-4fb5-b2fa-491252a03b0c\u00bb global_colors_info=\u00bb{%22gcid-09c858cd-8520-4fb5-b2fa-491252a03b0c%22:%91%22background_color%22%93}\u00bb][et_pb_row _builder_version=\u00bb4.22.2&#8243; _module_preset=\u00bbdefault\u00bb global_colors_info=\u00bb{}\u00bb][et_pb_column type=\u00bb4_4&#8243; _builder_version=\u00bb4.22.2&#8243; _module_preset=\u00bbdefault\u00bb global_colors_info=\u00bb{}\u00bb][et_pb_text _builder_version=\u00bb4.22.2&#8243; _module_preset=\u00bbdefault\u00bb header_2_font=\u00bbArial Rounded|||on|||||\u00bb header_2_text_align=\u00bbcenter\u00bb header_2_font_size=\u00bb32px\u00bb global_colors_info=\u00bb{}\u00bb]<\/p>\n<h2>MG RIDES<\/h2>\n<p>[\/et_pb_text][\/et_pb_column][\/et_pb_row][et_pb_row column_structure=\u00bb2_5,3_5&#8243; _builder_version=\u00bb4.22.2&#8243; _module_preset=\u00bbdefault\u00bb global_colors_info=\u00bb{}\u00bb][et_pb_column type=\u00bb2_5&#8243; _builder_version=\u00bb4.22.2&#8243; _module_preset=\u00bbdefault\u00bb global_colors_info=\u00bb{}\u00bb][et_pb_image src=\u00bbhttps:\/\/educem.com\/wp-content\/uploads\/2023\/10\/mgrides1.png\u00bb title_text=\u00bbmgrides1&#8243; _builder_version=\u00bb4.22.2&#8243; _module_preset=\u00bbdefault\u00bb global_colors_info=\u00bb{}\u00bb][\/et_pb_image][\/et_pb_column][et_pb_column type=\u00bb3_5&#8243; _builder_version=\u00bb4.22.2&#8243; _module_preset=\u00bbdefault\u00bb global_colors_info=\u00bb{}\u00bb][et_pb_text _builder_version=\u00bb4.24.0&#8243; _module_preset=\u00bbdefault\u00bb hover_enabled=\u00bb0&#8243; global_colors_info=\u00bb{}\u00bb sticky_enabled=\u00bb0&#8243;]<\/p>\n<p><b>Descripci\u00f3n:<\/b> Taller de reparaciones y venta de bicicletas y patinetes, situado en Granollers.<\/p>\n<p><b>Desarrollo y dificultades:<\/b> El punto de partida de este proyecto ha sido la afici\u00f3n a la bicicleta de los dos socios, adem\u00e1s de la preparaci\u00f3n espec\u00edfica que uno de los socios, en Maxi, tiene como mec\u00e1nico, por lo que podr\u00e1 llevar el servicio de taller.<\/p>\n<p>Al principio la idea gir\u00f3 en torno a ser solo tienda de bicicletas, finalmente han a\u00f1adido la l\u00ednea de patinetes el\u00e9ctricos y otros art\u00edculos, eso s\u00ed, trabajando con stock reducido y aplicando sistema Kanban de aprovisionamiento.<\/p>\n<p><b>Promotores del negocio:<\/b> Guillem Sala y Maxi Amaro<\/p>\n<p>[\/et_pb_text][\/et_pb_column][\/et_pb_row][\/et_pb_section][et_pb_section fb_built=\u00bb1&#8243; _builder_version=\u00bb4.22.2&#8243; _module_preset=\u00bbdefault\u00bb global_module=\u00bb4902&#8243; saved_tabs=\u00bball\u00bb global_colors_info=\u00bb{}\u00bb][et_pb_row _builder_version=\u00bb4.22.2&#8243; _module_preset=\u00bbdefault\u00bb background_color=\u00bbgcid-9663e3f2-525a-469f-9b07-5e9681bda370&#8243; global_colors_info=\u00bb{%22gcid-9663e3f2-525a-469f-9b07-5e9681bda370%22:%91%22background_color%22%93}\u00bb][et_pb_column type=\u00bb4_4&#8243; _builder_version=\u00bb4.22.2&#8243; _module_preset=\u00bbdefault\u00bb global_colors_info=\u00bb{}\u00bb][et_pb_text module_id=\u00bbinforma\u00bb _builder_version=\u00bb4.24.0&#8243; _module_preset=\u00bbdefault\u00bb header_text_align=\u00bbcenter\u00bb header_2_font=\u00bbArial Rounded|600||on|||||\u00bb header_2_text_align=\u00bbcenter\u00bb header_2_text_color=\u00bb#FFFFFF\u00bb header_2_font_size=\u00bb32px\u00bb global_colors_info=\u00bb{}\u00bb]<\/p>\n<h2>\u00a1Inf\u00f3rmate y matric\u00falate!<\/h2>\n<p>[\/et_pb_text][et_pb_text _builder_version=\u00bb4.22.2&#8243; _module_preset=\u00bbdefault\u00bb text_text_color=\u00bb#FFFFFF\u00bb custom_padding=\u00bb|50px||50px|false|false\u00bb global_colors_info=\u00bb{}\u00bb]Si quieres m\u00e1s informaci\u00f3n sobre las preinscripciones o cualquier consulta de los centros, d\u00e9janos tus datos:[\/et_pb_text][et_pb_contact_form _builder_version=\u00bb4.22.2&#8243; _module_preset=\u00bbdefault\u00bb _unique_id=\u00bb34537573-20c3-4246-9ae8-451ff730179b\u00bb title_font=\u00bbArial Rounded||||||||\u00bb captcha_text_color=\u00bb#FFFFFF\u00bb captcha_letter_spacing=\u00bb1px\u00bb custom_padding=\u00bb50px|50px|50px|50px|true|true\u00bb global_colors_info=\u00bb{}\u00bb][et_pb_contact_field field_id=\u00bbName\u00bb field_title=\u00bbNombre y Apellidos (necesario)\u00bb _builder_version=\u00bb4.22.2&#8243; global_colors_info=\u00bb{}\u00bb button_text_size__hover_enabled=\u00bboff\u00bb button_one_text_size__hover_enabled=\u00bboff\u00bb button_two_text_size__hover_enabled=\u00bboff\u00bb button_text_color__hover_enabled=\u00bboff\u00bb button_one_text_color__hover_enabled=\u00bboff\u00bb button_two_text_color__hover_enabled=\u00bboff\u00bb button_border_width__hover_enabled=\u00bboff\u00bb button_one_border_width__hover_enabled=\u00bboff\u00bb button_two_border_width__hover_enabled=\u00bboff\u00bb button_border_color__hover_enabled=\u00bboff\u00bb button_one_border_color__hover_enabled=\u00bboff\u00bb button_two_border_color__hover_enabled=\u00bboff\u00bb button_border_radius__hover_enabled=\u00bboff\u00bb button_one_border_radius__hover_enabled=\u00bboff\u00bb button_two_border_radius__hover_enabled=\u00bboff\u00bb button_letter_spacing__hover_enabled=\u00bboff\u00bb button_one_letter_spacing__hover_enabled=\u00bboff\u00bb button_two_letter_spacing__hover_enabled=\u00bboff\u00bb button_bg_color__hover_enabled=\u00bboff\u00bb button_one_bg_color__hover_enabled=\u00bboff\u00bb button_two_bg_color__hover_enabled=\u00bboff\u00bb][\/et_pb_contact_field][et_pb_contact_field field_id=\u00bbEmail_2&#8243; field_title=\u00bbDirecci\u00f3n electr\u00f3nica (necesario)\u00bb field_type=\u00bbemail\u00bb _builder_version=\u00bb4.22.2&#8243; global_colors_info=\u00bb{}\u00bb button_text_size__hover_enabled=\u00bboff\u00bb button_one_text_size__hover_enabled=\u00bboff\u00bb button_two_text_size__hover_enabled=\u00bboff\u00bb button_text_color__hover_enabled=\u00bboff\u00bb button_one_text_color__hover_enabled=\u00bboff\u00bb button_two_text_color__hover_enabled=\u00bboff\u00bb button_border_width__hover_enabled=\u00bboff\u00bb button_one_border_width__hover_enabled=\u00bboff\u00bb button_two_border_width__hover_enabled=\u00bboff\u00bb button_border_color__hover_enabled=\u00bboff\u00bb button_one_border_color__hover_enabled=\u00bboff\u00bb button_two_border_color__hover_enabled=\u00bboff\u00bb button_border_radius__hover_enabled=\u00bboff\u00bb button_one_border_radius__hover_enabled=\u00bboff\u00bb button_two_border_radius__hover_enabled=\u00bboff\u00bb button_letter_spacing__hover_enabled=\u00bboff\u00bb button_one_letter_spacing__hover_enabled=\u00bboff\u00bb button_two_letter_spacing__hover_enabled=\u00bboff\u00bb button_bg_color__hover_enabled=\u00bboff\u00bb button_one_bg_color__hover_enabled=\u00bboff\u00bb button_two_bg_color__hover_enabled=\u00bboff\u00bb][\/et_pb_contact_field][et_pb_contact_field field_id=\u00bbTema\u00bb field_title=\u00bbTema (necesario)\u00bb fullwidth_field=\u00bbon\u00bb _builder_version=\u00bb4.22.2&#8243; _module_preset=\u00bbdefault\u00bb global_colors_info=\u00bb{}\u00bb][\/et_pb_contact_field][et_pb_contact_field field_id=\u00bbMessage\u00bb field_title=\u00bbMensaje\u00bb field_type=\u00bbtext\u00bb fullwidth_field=\u00bbon\u00bb _builder_version=\u00bb4.22.2&#8243; global_colors_info=\u00bb{}\u00bb button_text_size__hover_enabled=\u00bboff\u00bb button_one_text_size__hover_enabled=\u00bboff\u00bb button_two_text_size__hover_enabled=\u00bboff\u00bb button_text_color__hover_enabled=\u00bboff\u00bb button_one_text_color__hover_enabled=\u00bboff\u00bb button_two_text_color__hover_enabled=\u00bboff\u00bb button_border_width__hover_enabled=\u00bboff\u00bb button_one_border_width__hover_enabled=\u00bboff\u00bb button_two_border_width__hover_enabled=\u00bboff\u00bb button_border_color__hover_enabled=\u00bboff\u00bb button_one_border_color__hover_enabled=\u00bboff\u00bb button_two_border_color__hover_enabled=\u00bboff\u00bb button_border_radius__hover_enabled=\u00bboff\u00bb button_one_border_radius__hover_enabled=\u00bboff\u00bb button_two_border_radius__hover_enabled=\u00bboff\u00bb button_letter_spacing__hover_enabled=\u00bboff\u00bb button_one_letter_spacing__hover_enabled=\u00bboff\u00bb button_two_letter_spacing__hover_enabled=\u00bboff\u00bb button_bg_color__hover_enabled=\u00bboff\u00bb button_one_bg_color__hover_enabled=\u00bboff\u00bb button_two_bg_color__hover_enabled=\u00bboff\u00bb][\/et_pb_contact_field][et_pb_contact_field field_id=\u00bbcheckout1&#8243; field_title=\u00bbproteccion de datos\u00bb field_type=\u00bbcheckbox\u00bb checkbox_options=\u00bb%91{%22value%22:%22He le\u00eddo y acepto la informaci\u00f3n b\u00e1sica sobre protecci\u00f3n de datos, as\u00ed como la informaci\u00f3n adicional detallada en la Pol\u00edtica de privacidad y protecci\u00f3n de datos.%22,%22checked%22:1,%22dragID%22:-1}%93&#8243; fullwidth_field=\u00bbon\u00bb _builder_version=\u00bb4.22.2&#8243; _module_preset=\u00bbdefault\u00bb global_colors_info=\u00bb{}\u00bb][\/et_pb_contact_field][et_pb_contact_field field_id=\u00bbCheckout2&#8243; field_title=\u00bbboletines\u00bb field_type=\u00bbcheckbox\u00bb checkbox_options=\u00bb%91{%22value%22:%22Acepto recibir boletines informativos sobre las actividades de: EDUCEM%22,%22checked%22:0,%22dragID%22:-1}%93&#8243; fullwidth_field=\u00bbon\u00bb _builder_version=\u00bb4.22.2&#8243; _module_preset=\u00bbdefault\u00bb global_colors_info=\u00bb{}\u00bb][\/et_pb_contact_field][\/et_pb_contact_form][et_pb_code module_class=\u00bbedtb\u00bb _builder_version=\u00bb4.22.2&#8243; _module_preset=\u00bbdefault\u00bb global_colors_info=\u00bb{}\u00bb]<\/p>\n<table><!-- [et_pb_line_break_holder] -->  <\/p>\n<tr><!-- [et_pb_line_break_holder] -->  \t<\/p>\n<td colspan=\"2\" class=\"edtbtt\">Informaci\u00f3n b\u00e1sica sobre protecci\u00f3n de datos<\/td>\n<p><!-- [et_pb_line_break_holder] -->  <\/tr>\n<p><!-- [et_pb_line_break_holder] -->  <\/p>\n<tr><!-- [et_pb_line_break_holder] -->  \t<\/p>\n<td>Responsable<\/td>\n<p><!-- [et_pb_line_break_holder] --> <\/p>\n<td>EDUCEM<\/td>\n<p><!-- [et_pb_line_break_holder] -->  <\/tr>\n<p><!-- [et_pb_line_break_holder] -->  <\/p>\n<tr><!-- [et_pb_line_break_holder] -->  \t<\/p>\n<td>Finalidad<\/td>\n<p><!-- [et_pb_line_break_holder] --> <\/p>\n<td>Responder a las consultas que realizan los usuarios.<\/td>\n<p><!-- [et_pb_line_break_holder] -->  <\/tr>\n<p><!-- [et_pb_line_break_holder] -->  <\/p>\n<tr><!-- [et_pb_line_break_holder] -->  \t<\/p>\n<td>Legitimaci\u00f3n<\/td>\n<p><!-- [et_pb_line_break_holder] --> <\/p>\n<td>Consentimiento del interesado<\/td>\n<p><!-- [et_pb_line_break_holder] -->  <\/tr>\n<p><!-- [et_pb_line_break_holder] -->  <\/p>\n<tr><!-- [et_pb_line_break_holder] -->  \t<\/p>\n<td>Destinatarios<\/td>\n<p><!-- [et_pb_line_break_holder] --> <\/p>\n<td>No se ceder\u00e1n datos a terceros, salvo por obligaci\u00f3n legal. <\/td>\n<p> <!-- [et_pb_line_break_holder] -->  <\/tr>\n<p><!-- [et_pb_line_break_holder] -->  <\/p>\n<tr><!-- [et_pb_line_break_holder] -->  \t<\/p>\n<td>Derechos<\/td>\n<p><!-- [et_pb_line_break_holder] --> <\/p>\n<td>Acceder, rectificar y suprimir datos, as\u00ed como otros derechos, como se explica en la informaci\u00f3n adicional.<\/td>\n<p><!-- [et_pb_line_break_holder] -->  <\/tr>\n<p><!-- [et_pb_line_break_holder] -->  <\/p>\n<tr><!-- [et_pb_line_break_holder] -->  \t<\/p>\n<td>Informaci\u00f3n adicional<\/td>\n<p><!-- [et_pb_line_break_holder] --> <\/p>\n<td>Puede consultar la informaci\u00f3n adicional y detallada sobre protecci\u00f3n de datos en nuestra web: <a href=\"\">Protecci\u00f3n de datos<\/a><\/td>\n<p><!-- [et_pb_line_break_holder] -->  <\/tr>\n<p><!-- [et_pb_line_break_holder] --><\/table>\n<p>[\/et_pb_code][\/et_pb_column][\/et_pb_row][\/et_pb_section]<\/p>\n","protected":false},"excerpt":{"rendered":"<p>DEFENSA DE LOS PROYECTOS CFGS CURSO 16-17 Administraci\u00f3n y Finanzas \u2013 AIFGOOD OLD DAYS VINTAGE STOREDescripci\u00f3n: Good Old Days ser\u00e1 un establecimiento de importaci\u00f3n y venta de ropa vintage y ropa retro situado en el coraz\u00f3n de Barcelona, entre Ronda de Sant Antoni y la calle Sant Gil. La ubicaci\u00f3n se encuentra en el Raval [&hellip;]<\/p>\n","protected":false},"author":1,"featured_media":0,"parent":0,"menu_order":0,"comment_status":"closed","ping_status":"closed","template":"","meta":{"_et_pb_use_builder":"on","_et_pb_old_content":"","_et_gb_content_width":"","footnotes":""},"class_list":["post-1608","page","type-page","status-publish","hentry"],"yoast_head":"<!-- This site is optimized with the Yoast SEO plugin v27.5 - https:\/\/yoast.com\/product\/yoast-seo-wordpress\/ -->\n<title>PROYECTOS CFGS ADMINISTRACI\u00d3N Y FINANZAS \u2013 AIF - Centres Educem<\/title>\n<meta name=\"robots\" content=\"index, follow, max-snippet:-1, max-image-preview:large, max-video-preview:-1\" \/>\n<link rel=\"canonical\" href=\"https:\/\/educem.com\/projectes-cfgs-administracio-i-finances-aif\/\" \/>\n<meta property=\"og:locale\" content=\"es_ES\" \/>\n<meta property=\"og:type\" content=\"article\" \/>\n<meta property=\"og:title\" content=\"PROYECTOS CFGS ADMINISTRACI\u00d3N Y FINANZAS \u2013 AIF - Centres Educem\" \/>\n<meta property=\"og:description\" content=\"DEFENSA DE LOS PROYECTOS CFGS CURSO 16-17 Administraci\u00f3n y Finanzas \u2013 AIFGOOD OLD DAYS VINTAGE STOREDescripci\u00f3n: Good Old Days ser\u00e1 un establecimiento de importaci\u00f3n y venta de ropa vintage y ropa retro situado en el coraz\u00f3n de Barcelona, entre Ronda de Sant Antoni y la calle Sant Gil. La ubicaci\u00f3n se encuentra en el Raval [&hellip;]\" \/>\n<meta property=\"og:url\" content=\"https:\/\/educem.com\/projectes-cfgs-administracio-i-finances-aif\/\" \/>\n<meta property=\"og:site_name\" content=\"Centres Educem\" \/>\n<meta property=\"article:publisher\" content=\"https:\/\/ca-es.facebook.com\/educemcentresdensenyament\/\" \/>\n<meta property=\"article:modified_time\" content=\"2024-01-24T11:23:39+00:00\" \/>\n<meta property=\"og:image\" content=\"https:\/\/educem.com\/wp-content\/uploads\/2023\/09\/img_edifici_home.jpg\" \/>\n\t<meta property=\"og:image:width\" content=\"1925\" \/>\n\t<meta property=\"og:image:height\" content=\"859\" \/>\n\t<meta property=\"og:image:type\" content=\"image\/jpeg\" \/>\n<meta name=\"twitter:card\" content=\"summary_large_image\" \/>\n<meta name=\"twitter:site\" content=\"@EducemGran\" \/>\n<script type=\"application\/ld+json\" class=\"yoast-schema-graph\">{\"@context\":\"https:\\\/\\\/schema.org\",\"@graph\":[{\"@type\":\"WebPage\",\"@id\":\"https:\\\/\\\/educem.com\\\/projectes-cfgs-administracio-i-finances-aif\\\/\",\"url\":\"https:\\\/\\\/educem.com\\\/projectes-cfgs-administracio-i-finances-aif\\\/\",\"name\":\"PROYECTOS CFGS ADMINISTRACI\u00d3N Y FINANZAS \u2013 AIF - Centres Educem\",\"isPartOf\":{\"@id\":\"https:\\\/\\\/educem.com\\\/#website\"},\"datePublished\":\"2023-10-19T09:10:47+00:00\",\"dateModified\":\"2024-01-24T11:23:39+00:00\",\"breadcrumb\":{\"@id\":\"https:\\\/\\\/educem.com\\\/projectes-cfgs-administracio-i-finances-aif\\\/#breadcrumb\"},\"inLanguage\":\"es\",\"potentialAction\":[{\"@type\":\"ReadAction\",\"target\":[\"https:\\\/\\\/educem.com\\\/projectes-cfgs-administracio-i-finances-aif\\\/\"]}]},{\"@type\":\"BreadcrumbList\",\"@id\":\"https:\\\/\\\/educem.com\\\/projectes-cfgs-administracio-i-finances-aif\\\/#breadcrumb\",\"itemListElement\":[{\"@type\":\"ListItem\",\"position\":1,\"name\":\"Portada\",\"item\":\"https:\\\/\\\/educem.com\\\/es\\\/\"},{\"@type\":\"ListItem\",\"position\":2,\"name\":\"PROYECTOS CFGS ADMINISTRACI\u00d3N Y FINANZAS \u2013 AIF\"}]},{\"@type\":\"WebSite\",\"@id\":\"https:\\\/\\\/educem.com\\\/#website\",\"url\":\"https:\\\/\\\/educem.com\\\/\",\"name\":\"Centres Educem\",\"description\":\"Oferta formativa\",\"publisher\":{\"@id\":\"https:\\\/\\\/educem.com\\\/#organization\"},\"potentialAction\":[{\"@type\":\"SearchAction\",\"target\":{\"@type\":\"EntryPoint\",\"urlTemplate\":\"https:\\\/\\\/educem.com\\\/?s={search_term_string}\"},\"query-input\":{\"@type\":\"PropertyValueSpecification\",\"valueRequired\":true,\"valueName\":\"search_term_string\"}}],\"inLanguage\":\"es\"},{\"@type\":\"Organization\",\"@id\":\"https:\\\/\\\/educem.com\\\/#organization\",\"name\":\"Educem\",\"url\":\"https:\\\/\\\/educem.com\\\/\",\"logo\":{\"@type\":\"ImageObject\",\"inLanguage\":\"es\",\"@id\":\"https:\\\/\\\/educem.com\\\/#\\\/schema\\\/logo\\\/image\\\/\",\"url\":\"https:\\\/\\\/educem.com\\\/wp-content\\\/uploads\\\/2023\\\/06\\\/logo_educem_menu.png\",\"contentUrl\":\"https:\\\/\\\/educem.com\\\/wp-content\\\/uploads\\\/2023\\\/06\\\/logo_educem_menu.png\",\"width\":150,\"height\":49,\"caption\":\"Educem\"},\"image\":{\"@id\":\"https:\\\/\\\/educem.com\\\/#\\\/schema\\\/logo\\\/image\\\/\"},\"sameAs\":[\"https:\\\/\\\/ca-es.facebook.com\\\/educemcentresdensenyament\\\/\",\"https:\\\/\\\/x.com\\\/EducemGran\",\"https:\\\/\\\/www.instagram.com\\\/educem_granollers\\\/\",\"https:\\\/\\\/www.linkedin.com\\\/company\\\/escola-educem\"]}]}<\/script>\n<!-- \/ Yoast SEO plugin. -->","yoast_head_json":{"title":"PROYECTOS CFGS ADMINISTRACI\u00d3N Y FINANZAS \u2013 AIF - Centres Educem","robots":{"index":"index","follow":"follow","max-snippet":"max-snippet:-1","max-image-preview":"max-image-preview:large","max-video-preview":"max-video-preview:-1"},"canonical":"https:\/\/educem.com\/projectes-cfgs-administracio-i-finances-aif\/","og_locale":"es_ES","og_type":"article","og_title":"PROYECTOS CFGS ADMINISTRACI\u00d3N Y FINANZAS \u2013 AIF - Centres Educem","og_description":"DEFENSA DE LOS PROYECTOS CFGS CURSO 16-17 Administraci\u00f3n y Finanzas \u2013 AIFGOOD OLD DAYS VINTAGE STOREDescripci\u00f3n: Good Old Days ser\u00e1 un establecimiento de importaci\u00f3n y venta de ropa vintage y ropa retro situado en el coraz\u00f3n de Barcelona, entre Ronda de Sant Antoni y la calle Sant Gil. La ubicaci\u00f3n se encuentra en el Raval [&hellip;]","og_url":"https:\/\/educem.com\/projectes-cfgs-administracio-i-finances-aif\/","og_site_name":"Centres Educem","article_publisher":"https:\/\/ca-es.facebook.com\/educemcentresdensenyament\/","article_modified_time":"2024-01-24T11:23:39+00:00","og_image":[{"width":1925,"height":859,"url":"https:\/\/educem.com\/wp-content\/uploads\/2023\/09\/img_edifici_home.jpg","type":"image\/jpeg"}],"twitter_card":"summary_large_image","twitter_site":"@EducemGran","schema":{"@context":"https:\/\/schema.org","@graph":[{"@type":"WebPage","@id":"https:\/\/educem.com\/projectes-cfgs-administracio-i-finances-aif\/","url":"https:\/\/educem.com\/projectes-cfgs-administracio-i-finances-aif\/","name":"PROYECTOS CFGS ADMINISTRACI\u00d3N Y FINANZAS \u2013 AIF - Centres Educem","isPartOf":{"@id":"https:\/\/educem.com\/#website"},"datePublished":"2023-10-19T09:10:47+00:00","dateModified":"2024-01-24T11:23:39+00:00","breadcrumb":{"@id":"https:\/\/educem.com\/projectes-cfgs-administracio-i-finances-aif\/#breadcrumb"},"inLanguage":"es","potentialAction":[{"@type":"ReadAction","target":["https:\/\/educem.com\/projectes-cfgs-administracio-i-finances-aif\/"]}]},{"@type":"BreadcrumbList","@id":"https:\/\/educem.com\/projectes-cfgs-administracio-i-finances-aif\/#breadcrumb","itemListElement":[{"@type":"ListItem","position":1,"name":"Portada","item":"https:\/\/educem.com\/es\/"},{"@type":"ListItem","position":2,"name":"PROYECTOS CFGS ADMINISTRACI\u00d3N Y FINANZAS \u2013 AIF"}]},{"@type":"WebSite","@id":"https:\/\/educem.com\/#website","url":"https:\/\/educem.com\/","name":"Centres Educem","description":"Oferta formativa","publisher":{"@id":"https:\/\/educem.com\/#organization"},"potentialAction":[{"@type":"SearchAction","target":{"@type":"EntryPoint","urlTemplate":"https:\/\/educem.com\/?s={search_term_string}"},"query-input":{"@type":"PropertyValueSpecification","valueRequired":true,"valueName":"search_term_string"}}],"inLanguage":"es"},{"@type":"Organization","@id":"https:\/\/educem.com\/#organization","name":"Educem","url":"https:\/\/educem.com\/","logo":{"@type":"ImageObject","inLanguage":"es","@id":"https:\/\/educem.com\/#\/schema\/logo\/image\/","url":"https:\/\/educem.com\/wp-content\/uploads\/2023\/06\/logo_educem_menu.png","contentUrl":"https:\/\/educem.com\/wp-content\/uploads\/2023\/06\/logo_educem_menu.png","width":150,"height":49,"caption":"Educem"},"image":{"@id":"https:\/\/educem.com\/#\/schema\/logo\/image\/"},"sameAs":["https:\/\/ca-es.facebook.com\/educemcentresdensenyament\/","https:\/\/x.com\/EducemGran","https:\/\/www.instagram.com\/educem_granollers\/","https:\/\/www.linkedin.com\/company\/escola-educem"]}]}},"_links":{"self":[{"href":"https:\/\/educem.com\/es\/wp-json\/wp\/v2\/pages\/1608","targetHints":{"allow":["GET"]}}],"collection":[{"href":"https:\/\/educem.com\/es\/wp-json\/wp\/v2\/pages"}],"about":[{"href":"https:\/\/educem.com\/es\/wp-json\/wp\/v2\/types\/page"}],"author":[{"embeddable":true,"href":"https:\/\/educem.com\/es\/wp-json\/wp\/v2\/users\/1"}],"replies":[{"embeddable":true,"href":"https:\/\/educem.com\/es\/wp-json\/wp\/v2\/comments?post=1608"}],"version-history":[{"count":14,"href":"https:\/\/educem.com\/es\/wp-json\/wp\/v2\/pages\/1608\/revisions"}],"predecessor-version":[{"id":5119,"href":"https:\/\/educem.com\/es\/wp-json\/wp\/v2\/pages\/1608\/revisions\/5119"}],"wp:attachment":[{"href":"https:\/\/educem.com\/es\/wp-json\/wp\/v2\/media?parent=1608"}],"curies":[{"name":"wp","href":"https:\/\/api.w.org\/{rel}","templated":true}]}}