{"id":1626,"date":"2023-10-19T10:26:25","date_gmt":"2023-10-19T08:26:25","guid":{"rendered":"https:\/\/educem.com\/cfgs-educacion-infantil\/"},"modified":"2025-05-09T16:44:48","modified_gmt":"2025-05-09T14:44:48","slug":"cfgs-educacion-infantil","status":"publish","type":"page","link":"https:\/\/educem.com\/es\/cfgs-educacion-infantil\/","title":{"rendered":"CFGS &#8211; Educaci\u00f3n infantil"},"content":{"rendered":"<p>[et_pb_section fb_built=\u00bb1&#8243; fullwidth=\u00bbon\u00bb module_id=\u00bbed_cap\u00bb _builder_version=\u00bb4.22.2&#8243; _module_preset=\u00bbdefault\u00bb global_colors_info=\u00bb{}\u00bb][et_pb_fullwidth_header title=\u00bbCFGS &#8211; Educaci\u00f3n Infantil\u00bb background_overlay_color=\u00bbRGBA(255,255,255,0)\u00bb _builder_version=\u00bb4.23.1&#8243; _module_preset=\u00bbdefault\u00bb title_font=\u00bb|||on|||||\u00bb title_text_color=\u00bb#102569&#8243; title_font_size=\u00bb32px\u00bb background_color=\u00bbRGBA(255,255,255,0)\u00bb background_image=\u00bbhttps:\/\/educem.com\/wp-content\/uploads\/2023\/11\/IMG_20151007_115636-scaled.jpg\u00bb background_position=\u00bbtop_center\u00bb background_vertical_offset=\u00bb0%\u00bb min_height=\u00bb700px\u00bb custom_padding=\u00bb550px||||false|false\u00bb title_font_size_tablet=\u00bb32px\u00bb title_font_size_phone=\u00bb22px\u00bb title_font_size_last_edited=\u00bbon|phone\u00bb global_colors_info=\u00bb{}\u00bb][\/et_pb_fullwidth_header][\/et_pb_section][et_pb_section fb_built=\u00bb1&#8243; _builder_version=\u00bb4.22.2&#8243; _module_preset=\u00bbdefault\u00bb global_colors_info=\u00bb{}\u00bb][et_pb_row _builder_version=\u00bb4.22.2&#8243; _module_preset=\u00bbdefault\u00bb global_colors_info=\u00bb{}\u00bb][et_pb_column type=\u00bb4_4&#8243; _builder_version=\u00bb4.22.2&#8243; _module_preset=\u00bbdefault\u00bb global_colors_info=\u00bb{}\u00bb][et_pb_text _builder_version=\u00bb4.23.1&#8243; _module_preset=\u00bbdefault\u00bb text_font=\u00bbArial Rounded|600|||||||\u00bb text_font_size=\u00bb22px\u00bb text_orientation=\u00bbcenter\u00bb custom_padding=\u00bb|50px||50px|false|false\u00bb custom_padding_tablet=\u00bb|0px||0px|false|true\u00bb custom_padding_phone=\u00bb|0px||0px|false|true\u00bb custom_padding_last_edited=\u00bbon|tablet\u00bb global_colors_info=\u00bb{}\u00bb]<\/p>\n<p>Descubre como ser un buen educador con el Ciclo Formativo Educaci\u00f3n infantil. 80 a\u00f1os de FP en el coraz\u00f3n de Granollers, 10 a\u00f1os descubriendo la magia de los m\u00e1s peque\u00f1os.<\/p>\n<p>[\/et_pb_text][\/et_pb_column][\/et_pb_row][\/et_pb_section][et_pb_section fb_built=\u00bb1&#8243; _builder_version=\u00bb4.22.2&#8243; _module_preset=\u00bbdefault\u00bb background_color=\u00bbgcid-09c858cd-8520-4fb5-b2fa-491252a03b0c\u00bb global_colors_info=\u00bb{%22gcid-09c858cd-8520-4fb5-b2fa-491252a03b0c%22:%91%22background_color%22%93}\u00bb][et_pb_row _builder_version=\u00bb4.22.2&#8243; _module_preset=\u00bbdefault\u00bb global_colors_info=\u00bb{}\u00bb][et_pb_column type=\u00bb4_4&#8243; _builder_version=\u00bb4.22.2&#8243; _module_preset=\u00bbdefault\u00bb global_colors_info=\u00bb{}\u00bb][et_pb_text _builder_version=\u00bb4.22.2&#8243; _module_preset=\u00bbdefault\u00bb header_2_font=\u00bbArial Rounded|600||on|||||\u00bb header_2_text_align=\u00bbcenter\u00bb header_2_font_size=\u00bb32px\u00bb global_colors_info=\u00bb{}\u00bb]<\/p>\n<h2>PLANTEAMIENTO<\/h2>\n<p>[\/et_pb_text][\/et_pb_column][\/et_pb_row][et_pb_row column_structure=\u00bb1_3,2_3&#8243; _builder_version=\u00bb4.22.2&#8243; _module_preset=\u00bbdefault\u00bb global_colors_info=\u00bb{}\u00bb][et_pb_column type=\u00bb1_3&#8243; _builder_version=\u00bb4.22.2&#8243; _module_preset=\u00bbdefault\u00bb global_colors_info=\u00bb{}\u00bb][et_pb_video src=\u00bbhttps:\/\/youtu.be\/GEnZ0Tw_X6s\u00bb _builder_version=\u00bb4.22.2&#8243; _module_preset=\u00bbdefault\u00bb global_colors_info=\u00bb{}\u00bb][\/et_pb_video][\/et_pb_column][et_pb_column type=\u00bb2_3&#8243; _builder_version=\u00bb4.22.2&#8243; _module_preset=\u00bbdefault\u00bb global_colors_info=\u00bb{}\u00bb][et_pb_text _builder_version=\u00bb4.23.1&#8243; _module_preset=\u00bbdefault\u00bb global_colors_info=\u00bb{}\u00bb]<\/p>\n<p><span style=\"font-weight: 400;\">El objetivo de este ciclo es formar un buen profesional dentro del mundo de la educaci\u00f3n a la infancia, tanto en el \u00e1mbito de conceptos y procedimientos como en cuanto a capacidades claves, con el fin de <\/span><b>garantizar su incorporaci\u00f3n dentro del mundo laboral.<\/b><\/p>\n<p>Desde sus inicios, EDUCEM ha apostado por la Formaci\u00f3n Profesional. Nuestra trayectoria en esta etapa educativa supera los 80 a\u00f1os. Por este motivo, la escuela ofrece el <strong>ciclo de grado superior de Educaci\u00f3n Infantil<\/strong>, tan demandado desde hace mucho tiempo por nuestro alumnado y tambi\u00e9n por la ciudad y la comarca.<\/p>\n<p>El ciclo de Educaci\u00f3n Infantil se encuentra dentro de la familia profesional de Servicios Socioculturales y en la Comunidad. Este ciclo tiene en EDUCEM un enfoque<strong> te\u00f3rico &#8211; pr\u00e1ctico<\/strong> con la finalidad de preparar al alumnado con una s\u00f3lida base de cara a las diferentes salidas acad\u00e9micas que posibilita el ciclo y a facilitar la transici\u00f3n al mundo laboral.<\/p>\n<p>Adem\u00e1s, el punto de partida de la metodolog\u00eda EDUCEM es que los alumnos <strong>se motiven para el estudio<\/strong>, que vean que es una actividad gratificante y agradable, que todo lo que se estudia tiene una aplicaci\u00f3n real relacionada con el mundo laboral y que hay que reciclarse para seguir siendo un buen profesional. Nuestra metodolog\u00eda de trabajo es <strong>muy din\u00e1mica y pr\u00e1ctica<\/strong>.<\/p>\n<p>[\/et_pb_text][\/et_pb_column][\/et_pb_row][\/et_pb_section][et_pb_section fb_built=\u00bb1&#8243; _builder_version=\u00bb4.22.2&#8243; _module_preset=\u00bbdefault\u00bb global_colors_info=\u00bb{}\u00bb][et_pb_row custom_padding_last_edited=\u00bbon|phone\u00bb _builder_version=\u00bb4.22.2&#8243; _module_preset=\u00bbdefault\u00bb custom_padding=\u00bb50px|50px|50px|50px|true|true\u00bb custom_padding_tablet=\u00bb50px|50px|50px|50px|true|true\u00bb custom_padding_phone=\u00bb25px|25px|25px|25px|true|true\u00bb border_width_all=\u00bb4px\u00bb border_color_all=\u00bbgcid-d809cb4a-3cf6-4a6e-a54c-2245ace4a999&#8243; global_colors_info=\u00bb{%22gcid-d809cb4a-3cf6-4a6e-a54c-2245ace4a999%22:%91%22border_color_all%22%93}\u00bb][et_pb_column type=\u00bb4_4&#8243; _builder_version=\u00bb4.22.2&#8243; _module_preset=\u00bbdefault\u00bb global_colors_info=\u00bb{}\u00bb][et_pb_text _builder_version=\u00bb4.25.0&#8243; _module_preset=\u00bbdefault\u00bb custom_padding=\u00bb|50px||50px|false|true\u00bb custom_padding_tablet=\u00bb|0px||0px|false|true\u00bb custom_padding_phone=\u00bb|0px||0px|false|true\u00bb custom_padding_last_edited=\u00bbon|tablet\u00bb global_colors_info=\u00bb{}\u00bb]<\/p>\n<p>El aprendizaje del alumnado se complementa con el m\u00f3dulo <strong>Estancia el la empresa<\/strong>, en el que el alumno\/a podr\u00e1 desarrollar tanto los conocimientos adquiridos como sus capacidades clave.<\/p>\n<p>Actualmente, las guarder\u00edas con las que tenemos convenios de<strong> pr\u00e1cticas<\/strong> son mayoritariamente del <strong>Vall\u00e8s Oriental<\/strong>, procurando que la empresa est\u00e9 pr\u00f3xima al lugar de residencia del alumno.<\/p>\n<p>[\/et_pb_text][\/et_pb_column][\/et_pb_row][\/et_pb_section][et_pb_section fb_built=\u00bb1&#8243; _builder_version=\u00bb4.22.2&#8243; _module_preset=\u00bbdefault\u00bb global_colors_info=\u00bb{}\u00bb][et_pb_row custom_padding_last_edited=\u00bbon|phone\u00bb _builder_version=\u00bb4.22.2&#8243; _module_preset=\u00bbdefault\u00bb background_color=\u00bbgcid-9663e3f2-525a-469f-9b07-5e9681bda370&#8243; custom_padding=\u00bb50px|50px|50px|50px|false|true\u00bb custom_padding_tablet=\u00bb50px|50px|50px|50px|false|true\u00bb custom_padding_phone=\u00bb25px|25px|25px|25px|true|true\u00bb global_colors_info=\u00bb{%22gcid-9663e3f2-525a-469f-9b07-5e9681bda370%22:%91%22background_color%22%93}\u00bb][et_pb_column type=\u00bb4_4&#8243; _builder_version=\u00bb4.22.2&#8243; _module_preset=\u00bbdefault\u00bb global_colors_info=\u00bb{}\u00bb][et_pb_text _builder_version=\u00bb4.25.0&#8243; _module_preset=\u00bbdefault\u00bb text_text_color=\u00bb#FFFFFF\u00bb background_color=\u00bbgcid-9663e3f2-525a-469f-9b07-5e9681bda370&#8243; custom_padding=\u00bb|50px||50px|false|false\u00bb custom_padding_tablet=\u00bb|0px||0px|false|true\u00bb custom_padding_phone=\u00bb|0px||0px|false|true\u00bb custom_padding_last_edited=\u00bbon|tablet\u00bb global_colors_info=\u00bb{%22gcid-9663e3f2-525a-469f-9b07-5e9681bda370%22:%91%22background_color%22%93}\u00bb]<\/p>\n<p>Esta uni\u00f3n <strong>empresa &#8211; escuela<\/strong> nos permite valorar las necesidades reales de las empresas, y adaptar nuestros contenidos sin perder de vista las directrices pedag\u00f3gicas del Centro y el trato individualizado que nos caracteriza.<\/p>\n<p>Asimismo, las necesidades de un mercado de trabajo integrado en la Uni\u00f3n Europea hacen que la<strong> lengua inglesa<\/strong> se convierta en fundamental en la inserci\u00f3n laboral del alumnado de los ciclos formativos. Por este motivo, en este ciclo formativo de grado superior se dise\u00f1an actividades de ense\u00f1anza y aprendizaje que incorporan su utilizaci\u00f3n, a dem\u00e1s del m\u00f3dulo espec\u00edfico Ingl\u00e9s profesional.<\/p>\n<p>[\/et_pb_text][\/et_pb_column][\/et_pb_row][\/et_pb_section][et_pb_section fb_built=\u00bb1&#8243; _builder_version=\u00bb4.22.2&#8243; _module_preset=\u00bbdefault\u00bb global_colors_info=\u00bb{}\u00bb][et_pb_row _builder_version=\u00bb4.22.2&#8243; _module_preset=\u00bbdefault\u00bb global_colors_info=\u00bb{}\u00bb][et_pb_column type=\u00bb4_4&#8243; _builder_version=\u00bb4.22.2&#8243; _module_preset=\u00bbdefault\u00bb global_colors_info=\u00bb{}\u00bb][et_pb_text module_class=\u00bbed-titolh2&#8243; _builder_version=\u00bb4.22.2&#8243; _module_preset=\u00bbdefault\u00bb header_2_font=\u00bbArial Rounded|600||on|||||\u00bb header_2_text_align=\u00bbcenter\u00bb header_2_font_size=\u00bb32px\u00bb background_color=\u00bb#FFFFFF\u00bb global_colors_info=\u00bb{}\u00bb]<\/p>\n<h2>Salidas y Actividades<\/h2>\n<p>[\/et_pb_text][et_pb_text _builder_version=\u00bb4.23.1&#8243; _module_preset=\u00bbdefault\u00bb global_colors_info=\u00bb{}\u00bb]<\/p>\n<p>En el ciclo se realizan diversas <strong>salidas y actividades a empresas, seminarios y charlas<\/strong> para completar la oferta formativa y dar una visi\u00f3n m\u00e1s cercana y actual de la realidad de la educaci\u00f3n infantil.<\/p>\n<p>A trav\u00e9s de la cuenta propia del ciclo @Teikids visibilizamos muchas de las actividades y salidas que se realizan en el ciclo. Los alumnos participan de su elaboraci\u00f3n a la vegada que aprenden a gestionar las redes sociales de manera profesional. Os invitamos a seguirnos!<\/p>\n<p>[\/et_pb_text][\/et_pb_column][\/et_pb_row][\/et_pb_section][et_pb_section fb_built=\u00bb1&#8243; _builder_version=\u00bb4.22.2&#8243; _module_preset=\u00bbdefault\u00bb global_colors_info=\u00bb{}\u00bb][et_pb_row _builder_version=\u00bb4.22.2&#8243; _module_preset=\u00bbdefault\u00bb background_color=\u00bbgcid-b775d63c-59f7-498d-8738-fdda035f864c\u00bb custom_padding=\u00bb||3px|||\u00bb global_colors_info=\u00bb{%22gcid-b775d63c-59f7-498d-8738-fdda035f864c%22:%91%22background_color%22%93}\u00bb][et_pb_column type=\u00bb4_4&#8243; _builder_version=\u00bb4.22.2&#8243; _module_preset=\u00bbdefault\u00bb global_colors_info=\u00bb{}\u00bb][et_pb_text _builder_version=\u00bb4.22.2&#8243; _module_preset=\u00bbdefault\u00bb header_2_font=\u00bbArial Rounded|||on|||||\u00bb header_2_text_align=\u00bbcenter\u00bb header_2_font_size=\u00bb32px\u00bb global_colors_info=\u00bb{}\u00bb]<\/p>\n<h2>Horario (*)<\/h2>\n<p>[\/et_pb_text][\/et_pb_column][\/et_pb_row][et_pb_row column_structure=\u00bb2_5,3_5&#8243; custom_padding_last_edited=\u00bbon|phone\u00bb _builder_version=\u00bb4.22.2&#8243; _module_preset=\u00bbdefault\u00bb background_color=\u00bbgcid-b775d63c-59f7-498d-8738-fdda035f864c\u00bb custom_padding=\u00bb10px|50px|50px|50px|false|false\u00bb custom_padding_tablet=\u00bb|50px|50px|50px|false|false\u00bb custom_padding_phone=\u00bb|25px||25px|false|true\u00bb global_colors_info=\u00bb{%22gcid-b775d63c-59f7-498d-8738-fdda035f864c%22:%91%22background_color%22%93}\u00bb][et_pb_column type=\u00bb2_5&#8243; _builder_version=\u00bb4.22.2&#8243; _module_preset=\u00bbdefault\u00bb global_colors_info=\u00bb{}\u00bb][et_pb_image src=\u00bbhttps:\/\/educem.com\/wp-content\/uploads\/2023\/10\/calendari.png\u00bb title_text=\u00bbcalendario\u00bb align=\u00bbcenter\u00bb _builder_version=\u00bb4.22.2&#8243; _module_preset=\u00bbdefault\u00bb custom_padding=\u00bb0px|||||\u00bb global_colors_info=\u00bb{}\u00bb][\/et_pb_image][\/et_pb_column][et_pb_column type=\u00bb3_5&#8243; _builder_version=\u00bb4.22.2&#8243; _module_preset=\u00bbdefault\u00bb global_colors_info=\u00bb{}\u00bb][et_pb_text _builder_version=\u00bb4.27.4&#8243; _module_preset=\u00bbdefault\u00bb custom_padding=\u00bb14px|||||\u00bb hover_enabled=\u00bb0&#8243; global_colors_info=\u00bb{}\u00bb sticky_enabled=\u00bb0&#8243;]<\/p>\n<p>Las clases se imparten en horario de ma\u00f1ana de lunes a viernes de 8.00 a 14.30 en primero y de lunes a jueves de 8.00 a 14.30 en segundo.<\/p>\n<p>Las pr\u00e1cticas de trabajo tienen una duraci\u00f3n de 515 horas.<br \/><em><strong>\u00a0 \u00a0 (*) Sujeto a modificaci\u00f3n.<\/strong><\/em><\/p>\n<p>[\/et_pb_text][\/et_pb_column][\/et_pb_row][\/et_pb_section][et_pb_section fb_built=\u00bb1&#8243; _builder_version=\u00bb4.22.2&#8243; _module_preset=\u00bbdefault\u00bb global_colors_info=\u00bb{}\u00bb][et_pb_row _builder_version=\u00bb4.22.2&#8243; _module_preset=\u00bbdefault\u00bb global_colors_info=\u00bb{}\u00bb][et_pb_column type=\u00bb4_4&#8243; _builder_version=\u00bb4.22.2&#8243; _module_preset=\u00bbdefault\u00bb global_colors_info=\u00bb{}\u00bb][et_pb_text _builder_version=\u00bb4.23.1&#8243; _module_preset=\u00bbdefault\u00bb text_text_color=\u00bbgcid-d809cb4a-3cf6-4a6e-a54c-2245ace4a999&#8243; header_2_font=\u00bbArial Rounded|||on|||||\u00bb header_2_text_align=\u00bbcenter\u00bb header_2_text_color=\u00bbgcid-d809cb4a-3cf6-4a6e-a54c-2245ace4a999&#8243; header_2_font_size=\u00bb32px\u00bb header_2_letter_spacing=\u00bb1px\u00bb header_2_line_height=\u00bb1.4em\u00bb global_colors_info=\u00bb{%22gcid-d809cb4a-3cf6-4a6e-a54c-2245ace4a999%22:%91%22text_text_color%22,%22header_2_text_color%22%93}\u00bb]<\/p>\n<h2><span style=\"font-weight: 400;\">Inscripci\u00f3n y matr\u00edcula directamente en el centro a partir de enero.<\/span><\/h2>\n<p>[\/et_pb_text][et_pb_button button_url=\u00bb#informa\u00bb button_text=\u00bbInf\u00f3rmate y matric\u00falate\u00bb button_alignment=\u00bbcenter\u00bb _builder_version=\u00bb4.24.0&#8243; _module_preset=\u00bbdefault\u00bb locked=\u00bboff\u00bb global_colors_info=\u00bb{}\u00bb][\/et_pb_button][\/et_pb_column][\/et_pb_row][\/et_pb_section][et_pb_section fb_built=\u00bb1&#8243; _builder_version=\u00bb4.22.2&#8243; _module_preset=\u00bbdefault\u00bb background_color=\u00bbgcid-09c858cd-8520-4fb5-b2fa-491252a03b0c\u00bb global_colors_info=\u00bb{%22gcid-09c858cd-8520-4fb5-b2fa-491252a03b0c%22:%91%22background_color%22%93}\u00bb][et_pb_row _builder_version=\u00bb4.22.2&#8243; _module_preset=\u00bbdefault\u00bb global_colors_info=\u00bb{}\u00bb][et_pb_column type=\u00bb4_4&#8243; _builder_version=\u00bb4.22.2&#8243; _module_preset=\u00bbdefault\u00bb global_colors_info=\u00bb{}\u00bb][et_pb_text _builder_version=\u00bb4.22.2&#8243; _module_preset=\u00bbdefault\u00bb header_2_font=\u00bbArial Rounded|||on|||||\u00bb header_2_text_align=\u00bbcenter\u00bb header_2_font_size=\u00bb32px\u00bb global_colors_info=\u00bb{}\u00bb]<\/p>\n<h2>TITULACI\u00d3N: T\u00c9CNICO SUPERIOR DE EDUCACI\u00d3N INFANTIL<\/h2>\n<p>[\/et_pb_text][\/et_pb_column][\/et_pb_row][et_pb_row column_structure=\u00bb1_2,1_2&#8243; _builder_version=\u00bb4.22.2&#8243; _module_preset=\u00bbdefault\u00bb global_colors_info=\u00bb{}\u00bb][et_pb_column type=\u00bb1_2&#8243; _builder_version=\u00bb4.22.2&#8243; _module_preset=\u00bbdefault\u00bb global_colors_info=\u00bb{}\u00bb][et_pb_text module_class=\u00bbed-titpet\u00bb _builder_version=\u00bb4.22.2&#8243; _module_preset=\u00bbdefault\u00bb header_2_font=\u00bbArial Rounded|||on||||#fde7d1|\u00bb header_2_text_align=\u00bbleft\u00bb header_2_font_size=\u00bb16px\u00bb header_2_line_height=\u00bb0em\u00bb background_enable_color=\u00bboff\u00bb custom_margin=\u00bb||25px||false|false\u00bb custom_padding=\u00bb||0px||false|false\u00bb border_color_all=\u00bb#fde7d1&#8243; border_width_bottom=\u00bb4px\u00bb border_color_bottom=\u00bb#FFFFFF\u00bb global_colors_info=\u00bb{}\u00bb custom_margin__hover_enabled=\u00bboff|desktop\u00bb]<\/p>\n<h2>ACCESO A LOS CICLOS FORMATIVOS DE GRADO SUPERIOR:<\/h2>\n<p>[\/et_pb_text][et_pb_text _builder_version=\u00bb4.23.4&#8243; _module_preset=\u00bbdefault\u00bb global_colors_info=\u00bb{}\u00bb]<\/p>\n<p>El alumnado con la siguiente titulaci\u00f3n tiene acceso directo:<\/p>\n<ul class=\"ed_ptr\">\n<li>Bachillerato o equivalente.<\/li>\n<li>T\u00edtulo de FP-2.<\/li>\n<li>Tener cualquier titulaci\u00f3n universitaria.<\/li>\n<li>Haber superado la prueba de acceso a la universidad para mayores de 100.000 euros.<br \/>25 a\u00f1os.<\/li>\n<li>Tener el t\u00edtulo de T\u00e9cnico Superior por haber superado otro ciclo formativo de Grado Superior.<\/li>\n<li>Tener el t\u00edtulo de T\u00e9cnico de Grado Medio de cualquier especialidad.<\/li>\n<\/ul>\n<p>En el caso de <strong>NO<\/strong> tener una de las titulaciones anteriores, se <a href=\"https:\/\/educem.com\/es\/pruebas-de-acceso-a-grado-superior-pacfgs\/\" target=\"_blank\" rel=\"noopener\">Prueba de Acceso a Ciclos Formativos de Grado Superior (PPAS)<\/a> o el <a href=\"https:\/\/educem.com\/es\/curso-de-acceso-a-grado-superior-cas\/\" target=\"_blank\" rel=\"noopener\">Curso Espec\u00edfico para el Acceso a los Ciclos de Grado Superior (CAS)<\/a>.<\/p>\n<p>[\/et_pb_text][\/et_pb_column][et_pb_column type=\u00bb1_2&#8243; _builder_version=\u00bb4.22.2&#8243; _module_preset=\u00bbdefault\u00bb global_colors_info=\u00bb{}\u00bb][et_pb_text module_class=\u00bbed-titpet\u00bb _builder_version=\u00bb4.22.2&#8243; _module_preset=\u00bbdefault\u00bb header_2_font=\u00bbArial Rounded|||on||||#fde7d1|\u00bb header_2_text_align=\u00bbleft\u00bb header_2_font_size=\u00bb16px\u00bb header_2_line_height=\u00bb0em\u00bb background_enable_color=\u00bboff\u00bb custom_margin=\u00bb||25px||false|false\u00bb custom_padding=\u00bb||0px||false|false\u00bb border_color_all=\u00bb#fde7d1&#8243; border_width_bottom=\u00bb4px\u00bb border_color_bottom=\u00bb#FFFFFF\u00bb global_colors_info=\u00bb{}\u00bb custom_margin__hover_enabled=\u00bboff|desktop\u00bb]<\/p>\n<h2>Perfil profesional:<\/h2>\n<p>[\/et_pb_text][et_pb_text module_class=\u00bbed-titpet\u00bb _builder_version=\u00bb4.22.2&#8243; _module_preset=\u00bbdefault\u00bb header_2_font=\u00bbArial Rounded|||on||||#fde7d1|\u00bb header_2_text_align=\u00bbleft\u00bb header_2_font_size=\u00bb16px\u00bb header_2_line_height=\u00bb0em\u00bb background_enable_color=\u00bboff\u00bb custom_margin=\u00bb||25px||false|false\u00bb custom_padding=\u00bb||0px||false|false\u00bb border_color_all=\u00bb#fde7d1&#8243; border_width_bottom=\u00bb4px\u00bb border_color_bottom=\u00bb#FFFFFF\u00bb global_colors_info=\u00bb{}\u00bb custom_margin__hover_enabled=\u00bboff|desktop\u00bb]<\/p>\n<h2>Competencia General<\/h2>\n<p>[\/et_pb_text][et_pb_text _builder_version=\u00bb4.22.2&#8243; _module_preset=\u00bbdefault\u00bb global_colors_info=\u00bb{}\u00bb]<\/p>\n<p>La competencia general de este t\u00edtulo consiste en dise\u00f1ar, implementar y evaluar proyectos y programas educativos de atenci\u00f3n a la infancia en el primer ciclo de Educaci\u00f3n Infantil en el \u00e1mbito formal, de acuerdo con la propuesta pedag\u00f3gica elaborada por un maestro con la especializaci\u00f3n en educaci\u00f3n infantil o t\u00edtulo de grado equivalente, y en toda la etapa en el \u00e1mbito no formal, generando entornos seguros y en colaboraci\u00f3n con otros profesionales y con las familias. <\/p>\n<p>[\/et_pb_text][et_pb_text module_class=\u00bbed-titpet\u00bb _builder_version=\u00bb4.22.2&#8243; _module_preset=\u00bbdefault\u00bb header_2_font=\u00bbArial Rounded|||on||||#fde7d1|\u00bb header_2_text_align=\u00bbleft\u00bb header_2_font_size=\u00bb16px\u00bb header_2_line_height=\u00bb0em\u00bb background_enable_color=\u00bboff\u00bb custom_margin=\u00bb||25px||false|false\u00bb custom_padding=\u00bb||0px||false|false\u00bb border_color_all=\u00bb#fde7d1&#8243; border_width_bottom=\u00bb4px\u00bb border_color_bottom=\u00bb#FFFFFF\u00bb global_colors_info=\u00bb{}\u00bb custom_margin__hover_enabled=\u00bboff|desktop\u00bb]<\/p>\n<h2>Competencias Profesionales:<\/h2>\n<p>[\/et_pb_text][et_pb_text _builder_version=\u00bb4.22.2&#8243; _module_preset=\u00bbdefault\u00bb global_colors_info=\u00bb{}\u00bb]Este profesional ejerce fundamentalmente las funciones<br \/>\nsiguientes:<\/p>\n<ul class=\"ed_ptr\">\n<li>Programar la intervenci\u00f3n educativa y de atenci\u00f3n social a la infancia a partir de las directrices del programa de la instituci\u00f3n y de las caracter\u00edsticas individuales, del grupo y del contexto.\n<li>Organizar los recursos para el desarrollo de la actividad respondiendo a las necesidades y caracter\u00edsticas de los ni\u00f1os y ni\u00f1as.<\/li>\n<li>Desarrollar las actividades programadas, empleando los recursos y estrategias metodol\u00f3gicas apropiadas y creando un clima de confianza.<\/li>\n<li>Dise\u00f1ar y aplicar estrategias de actuaci\u00f3n con las familias, en el marco de las finalidades y procedimientos de la instituci\u00f3n, para mejorar el proceso de intervenci\u00f3n.<\/li>\n<li>Dar respuesta a las necesidades de los ni\u00f1os y ni\u00f1as, as\u00ed como de las familias que requieran la participaci\u00f3n de otros profesionales o servicios, utilizando los recursos y<br \/>\nprocedimientos apropiados.<\/li>\n<li>Actuar ante contingencias relativas a las personas, recursos o medios, transmitiendo seguridad y confianza y aplicando, en su caso, los protocolos de actuaci\u00f3n establecidos.<\/li>\n<li>Evaluar el proceso de intervenci\u00f3n y los resultados obtenidos, elaborando y gestionando la documentaci\u00f3n asociada al proceso y transmitiendo la informaci\u00f3n con la finalidad de mejorar la calidad del servicio.<\/li>\n<li>Mantener actualizados los conocimientos cient\u00edficos y t\u00e9cnicos relativos a su actividad profesional, utilizando los recursos existentes para el aprendizaje a lo largo de la vida.<\/li>\n<li>Actuar con autonom\u00eda e iniciativa en el dise\u00f1o y realizaci\u00f3n de actividades, respetando las l\u00edneas pedag\u00f3gicas y de actuaci\u00f3n de la instituci\u00f3n en la que desarrolla su actividad.<\/li>\n<li>Mantener relaciones fluidas con los ni\u00f1os y ni\u00f1as y sus familias, miembros del grupo donde se est\u00e9 integrado y otros profesionales, mostrando habilidades sociales, capacidad de gesti\u00f3n de la diversidad cultural y aportando soluciones a conflictos que se presenten.<\/li>\n<li>Generar entornos seguros, respetando la normativa y protocolos de seguridad en la planificaci\u00f3n y desarrollo de las actividades.<\/li>\n<p>[\/et_pb_text][\/et_pb_column][\/et_pb_row][\/et_pb_section][et_pb_section fb_built=\u00bb1&#8243; _builder_version=\u00bb4.22.2&#8243; _module_preset=\u00bbdefault\u00bb custom_padding=\u00bb3px|||||\u00bb global_colors_info=\u00bb{}\u00bb][\/et_pb_section][et_pb_section fb_built=\u00bb1&#8243; _builder_version=\u00bb4.22.2&#8243; _module_preset=\u00bbdefault\u00bb global_colors_info=\u00bb{}\u00bb][et_pb_row _builder_version=\u00bb4.22.2&#8243; _module_preset=\u00bbdefault\u00bb custom_margin=\u00bb-3px|auto||auto||\u00bb custom_padding=\u00bb||33px|||\u00bb global_colors_info=\u00bb{}\u00bb][et_pb_column type=\u00bb4_4&#8243; _builder_version=\u00bb4.22.2&#8243; _module_preset=\u00bbdefault\u00bb global_colors_info=\u00bb{}\u00bb][et_pb_text module_class=\u00bbed-titolh2&#8243; _builder_version=\u00bb4.22.2&#8243; _module_preset=\u00bbdefault\u00bb header_2_font=\u00bbArial Rounded|600||on|||||\u00bb header_2_text_align=\u00bbcenter\u00bb header_2_font_size=\u00bb32px\u00bb background_color=\u00bb#FFFFFF\u00bb global_colors_info=\u00bb{}\u00bb]<\/p>\n<h2>M\u00d3DULOS PROFESIONALES DEL CFGS DE EDUCACI\u00d3N INFANTIL<\/h2>\n<p>[\/et_pb_text][\/et_pb_column][\/et_pb_row][et_pb_row _builder_version=\u00bb4.22.2&#8243; _module_preset=\u00bbdefault\u00bb width_tablet=\u00bb\u00bb width_phone=\u00bb100%\u00bb width_last_edited=\u00bbon|phone\u00bb global_colors_info=\u00bb{}\u00bb][et_pb_column type=\u00bb4_4&#8243; _builder_version=\u00bb4.22.2&#8243; _module_preset=\u00bbdefault\u00bb global_colors_info=\u00bb{}\u00bb][et_pb_code _builder_version=\u00bb4.23.1&#8243; _module_preset=\u00bbdefault\u00bb global_colors_info=\u00bb{}\u00bb]<\/p>\n<table> \u00a0 <\/p>\n<tr> \u00a0 <\/p>\n<td><\/td>\n<p> \u00a0 \u00a0 <\/p>\n<td>Intervenci\u00f3n con familias y atenci\u00f3n a los ni\u00f1os en riesgo social<\/td>\n<p> \u00a0 \u00a0 <\/p>\n<td><\/td>\n<p> \u00a0 <\/tr>\n<p> \u00a0 <\/p>\n<tr> \u00a0 <\/p>\n<td><\/td>\n<p> \u00a0 \u00a0 <\/p>\n<td>Did\u00e1ctica de la educaci\u00f3n infantil<\/td>\n<p> \u00a0 \u00a0 <\/p>\n<td><\/td>\n<p> \u00a0 <\/tr>\n<p> \u00a0 <\/p>\n<tr> \u00a0 <\/p>\n<td><\/td>\n<p> \u00a0 \u00a0 <\/p>\n<td>Autonom\u00eda personal y salud infantil<\/td>\n<p> \u00a0 \u00a0 <\/p>\n<td><\/td>\n<p> \u00a0 <\/tr>\n<p> \u00a0 <\/p>\n<tr> \u00a0 <\/p>\n<td><\/td>\n<p> \u00a0 \u00a0 <\/p>\n<td>El juego infantil y su metodolog\u00eda<\/td>\n<p> \u00a0 \u00a0 <\/p>\n<td><\/td>\n<p> \u00a0 <\/tr>\n<p> \u00a0 <\/p>\n<tr> \u00a0 <\/p>\n<td><\/td>\n<p> \u00a0 \u00a0 <\/p>\n<td>Expresi\u00f3n y comunicaci\u00f3n<\/td>\n<p> \u00a0 \u00a0 <\/p>\n<td><\/td>\n<p> \u00a0 <\/tr>\n<p> \u00a0 <\/p>\n<tr> \u00a0 <\/p>\n<td><\/td>\n<p> \u00a0 \u00a0 <\/p>\n<td>Desarrollo cognitivo y motriz<\/td>\n<p> \u00a0 \u00a0 <\/p>\n<td><\/td>\n<p> \u00a0 <\/tr>\n<p> \u00a0 <\/p>\n<tr> \u00a0 <\/p>\n<td><\/td>\n<p> \u00a0 \u00a0 <\/p>\n<td>Desarrollo socio-afectivo<\/td>\n<p> \u00a0 \u00a0 <\/p>\n<td><\/td>\n<p> \u00a0 <\/tr>\n<p> \u00a0 <\/p>\n<tr> \u00a0 <\/p>\n<td><\/td>\n<p> \u00a0 \u00a0 <\/p>\n<td>Habilidades sociales<\/td>\n<p> \u00a0 \u00a0 <\/p>\n<td><\/td>\n<p> \u00a0 <\/tr>\n<p> \u00a0 <\/p>\n<tr> \u00a0 <\/p>\n<td><\/td>\n<p> \u00a0 \u00a0 <\/p>\n<td>Primeros auxilios<\/td>\n<p> \u00a0 \u00a0 <\/p>\n<td><\/td>\n<p> \u00a0 <\/tr>\n<tr>\n<td><\/td>\n<td>Lengua catalana (*)<\/td>\n<td><\/td>\n<\/tr>\n<p> \u00a0<\/p>\n<tr>\n<td><\/td>\n<td>Ingl\u00e9s profesional (*)<\/td>\n<td><\/td>\n<\/tr>\n<tr> \u00a0 <\/p>\n<td><\/td>\n<p> \u00a0 \u00a0 <\/p>\n<td>Itinerario Profesional para la Ocupabilidad I (*)<\/td>\n<p> \u00a0 \u00a0 <\/p>\n<td><\/td>\n<p> \u00a0 <\/tr>\n<p> \u00a0 <\/p>\n<tr> \u00a0 <\/p>\n<td><\/td>\n<p> \u00a0 \u00a0 <\/p>\n<td> Itinerario Profesional para la Ocupabilidad II (*)<\/td>\n<p> \u00a0 \u00a0 <\/p>\n<td><\/td>\n<p> \u00a0 <\/tr>\n<tr>\u00a0 <\/p>\n<td><\/td>\n<p>\u00a0 <\/p>\n<td>Sostenibilidad aplicada al sistema productivo (*)<\/td>\n<p>\u00a0 <\/p>\n<td><\/td>\n<p>\u00a0 <\/tr>\n<tr>\n<td><\/td>\n<td>Digitalizaci\u00f3n aplicada a los sectores productivos (*)<\/td>\n<td><\/td>\n<\/tr>\n<p>\u00a0 <\/p>\n<tr>\n<td><\/td>\n<td> Proyecto Intermodular<\/td>\n<td><\/td>\n<\/tr>\n<p>\u00a0 <\/p>\n<tr>\n<td><\/td>\n<td>Estancia en la empresa<\/td>\n<td><\/td>\n<\/tr>\n<p>\u00a0 \u00a0<\/p>\n<tr>\n<td><\/td>\n<p> \u00a0 \u00a0 <\/p>\n<td><b>TOTAL:<\/b><\/td>\n<p> \u00a0 \u00a0 <\/p>\n<td><b>2.000 horas<\/b><\/td>\n<p> \u00a0 <\/tr>\n<p> \u00a0 <\/p>\n<tr> \u00a0 <\/p>\n<td><\/td>\n<p> \u00a0 \u00a0 <\/p>\n<td>El alumnado disfrutar\u00e1 de <strong>una hora semanal de tutor\u00eda<\/strong> en cada curso acad\u00e9mico<\/td>\n<p> \u00a0 \u00a0 <\/p>\n<td><\/td>\n<p> \u00a0 <\/tr>\n<p>\u00a0<\/p>\n<tr>\n<td><\/td>\n<td><em>(*) Pendiente de actualitzaci\u00f3n de desarrollo curricular.<\/em><\/td>\n<td><\/td>\n<\/tr>\n<\/table>\n<p>\u00a0[\/et_pb_code][\/et_pb_column][\/et_pb_row][\/et_pb_section][et_pb_section fb_built=\u00bb1&#8243; disabled_on=\u00bbon|on|off\u00bb _builder_version=\u00bb4.22.2&#8243; _module_preset=\u00bbdefault\u00bb background_color=\u00bbgcid-9663e3f2-525a-469f-9b07-5e9681bda370&#8243; global_colors_info=\u00bb{%22gcid-9663e3f2-525a-469f-9b07-5e9681bda370%22:%91%22background_color%22%93}\u00bb][et_pb_row column_structure=\u00bb3_5,2_5&#8243; _builder_version=\u00bb4.22.2&#8243; _module_preset=\u00bbdefault\u00bb global_colors_info=\u00bb{}\u00bb][et_pb_column type=\u00bb3_5&#8243; _builder_version=\u00bb4.22.2&#8243; _module_preset=\u00bbdefault\u00bb global_colors_info=\u00bb{}\u00bb][et_pb_image src=\u00bbhttps:\/\/educem.com\/wp-content\/uploads\/2023\/10\/gabardina.png\u00bb title_text=\u00bbgabardina\u00bb _builder_version=\u00bb4.22.2&#8243; _module_preset=\u00bbdefault\u00bb global_colors_info=\u00bb{}\u00bb][\/et_pb_image][\/et_pb_column][et_pb_column type=\u00bb2_5&#8243; _builder_version=\u00bb4.22.2&#8243; _module_preset=\u00bbdefault\u00bb global_colors_info=\u00bb{}\u00bb][et_pb_image src=\u00bbhttps:\/\/educem.com\/wp-content\/uploads\/2023\/10\/treball.png\u00bb title_text=\u00bbtrabajo\u00bb _builder_version=\u00bb4.22.2&#8243; _module_preset=\u00bbdefault\u00bb global_colors_info=\u00bb{}\u00bb][\/et_pb_image][\/et_pb_column][\/et_pb_row][et_pb_row column_structure=\u00bb3_5,2_5&#8243; _builder_version=\u00bb4.22.2&#8243; _module_preset=\u00bbdefault\u00bb global_colors_info=\u00bb{}\u00bb][et_pb_column type=\u00bb3_5&#8243; _builder_version=\u00bb4.22.2&#8243; _module_preset=\u00bbdefault\u00bb global_colors_info=\u00bb{}\u00bb][et_pb_text module_class=\u00bbed-titpet\u00bb _builder_version=\u00bb4.22.2&#8243; _module_preset=\u00bbdefault\u00bb header_2_font=\u00bbArial Rounded|||on||||#fde7d1|\u00bb header_2_text_align=\u00bbleft\u00bb header_2_text_color=\u00bb#FFFFFF\u00bb header_2_font_size=\u00bb16px\u00bb header_2_line_height=\u00bb0em\u00bb background_enable_color=\u00bboff\u00bb custom_margin=\u00bb||25px||false|false\u00bb custom_padding=\u00bb||0px||false|false\u00bb border_color_all=\u00bb#fde7d1&#8243; border_width_bottom=\u00bb4px\u00bb global_colors_info=\u00bb{}\u00bb custom_margin__hover_enabled=\u00bboff|desktop\u00bb]<\/p>\n<h2>ESTUDIOS UNIVERSITARIOS AL FINALIZAR EL CICLO:<\/h2>\n<p>[\/et_pb_text][et_pb_text _builder_version=\u00bb4.23.1&#8243; _module_preset=\u00bbdefault\u00bb text_text_color=\u00bb#FFFFFF\u00bb header_3_font=\u00bbArial Rounded|600||on|||||\u00bb header_3_text_color=\u00bb#FFFFFF\u00bb global_colors_info=\u00bb{}\u00bb]<\/p>\n<p>El alumnado puede acceder a <strong>cualquier estudio universitario oficial de grado<\/strong> con la nota de corte requerida por la Universidad escogida.<\/p>\n<p>En el caso de querer acceder a los grados en Educaci\u00f3n Infantil y Primaria habr\u00e1 que superar la prueba de aptitud personal (PAP) que consiste en ex\u00e1menes de lengua y matem\u00e1ticas y se realizan aparte de las PAU.<\/p>\n<p>[\/et_pb_text][et_pb_text module_class=\u00bbed-titpet\u00bb _builder_version=\u00bb4.25.0&#8243; _module_preset=\u00bbdefault\u00bb header_2_font=\u00bbArial Rounded|||on||||#fde7d1|\u00bb header_2_text_align=\u00bbleft\u00bb header_2_text_color=\u00bb#FFFFFF\u00bb header_2_font_size=\u00bb16px\u00bb header_2_line_height=\u00bb0em\u00bb background_enable_color=\u00bboff\u00bb custom_margin=\u00bb||25px||false|false\u00bb custom_padding=\u00bb||0px||false|false\u00bb border_color_all=\u00bb#fde7d1&#8243; border_width_bottom=\u00bb4px\u00bb global_colors_info=\u00bb{}\u00bb custom_margin__hover_enabled=\u00bboff|desktop\u00bb]<\/p>\n<h2>Ventajas con universidades<\/h2>\n<p>[\/et_pb_text][et_pb_text _builder_version=\u00bb4.23.1&#8243; _module_preset=\u00bbdefault\u00bb text_text_color=\u00bb#FFFFFF\u00bb header_3_font=\u00bbArial Rounded|600||on|||||\u00bb header_3_text_color=\u00bb#FFFFFF\u00bb custom_padding=\u00bb||0px|||\u00bb global_colors_info=\u00bb{}\u00bb]<\/p>\n<p>EDUCEM colabora en la formaci\u00f3n\u00a0de futuros profesores con los programas Practicum de diferentes universidades,\u00a0que hacen estancias de formaci\u00f3n\u00a0en nuestro centro. Por otro lado, los estudiantes de EDUCEM\u00a0disfrutan de interesantes ventajas\u00a0si optan por matricularse en UNIR.<\/p>\n<p>[\/et_pb_text][\/et_pb_column][et_pb_column type=\u00bb2_5&#8243; _builder_version=\u00bb4.22.2&#8243; _module_preset=\u00bbdefault\u00bb global_colors_info=\u00bb{}\u00bb][et_pb_text module_class=\u00bbed-titpet\u00bb _builder_version=\u00bb4.22.2&#8243; _module_preset=\u00bbdefault\u00bb header_2_font=\u00bbArial Rounded|||on||||#fde7d1|\u00bb header_2_text_align=\u00bbleft\u00bb header_2_text_color=\u00bb#FFFFFF\u00bb header_2_font_size=\u00bb16px\u00bb header_2_line_height=\u00bb0em\u00bb background_enable_color=\u00bboff\u00bb custom_margin=\u00bb||25px||false|false\u00bb custom_padding=\u00bb||0px||false|false\u00bb border_color_all=\u00bb#fde7d1&#8243; border_width_bottom=\u00bb4px\u00bb global_colors_info=\u00bb{}\u00bb custom_margin__hover_enabled=\u00bboff|desktop\u00bb]<\/p>\n<h2>Salidas Profesionales:<\/h2>\n<p>[\/et_pb_text][et_pb_text _builder_version=\u00bb4.23.1&#8243; _module_preset=\u00bbdefault\u00bb text_text_color=\u00bb#FFFFFF\u00bb header_3_font=\u00bbArial Rounded|600||on|||||\u00bb header_3_text_color=\u00bb#FFFFFF\u00bb global_colors_info=\u00bb{}\u00bb]<\/p>\n<p>El profesional correspondiente a este ciclo ejerce su actividad en el sector de la educaci\u00f3n formal y en el sector de los servicios sociales de atenci\u00f3n a la infancia. Las ocupaciones y puestos de trabajo m\u00e1s relevantes son los siguientes:<\/p>\n<ul class=\"ed_ptr\">\n<li><strong>Educador o educadora infantil en el primer ciclo de educaci\u00f3n infantil<\/strong>, bajo la supervisi\u00f3n de un maestro o una maestra.<\/li>\n<li><strong>T\u00e9cnico especialista<\/strong> en educaci\u00f3n infantil, como educador de apoyo a los maestros de primer curso del <strong>segundo ciclo<\/strong> de educaci\u00f3n infantil.<\/li>\n<li><strong>Educador o educadora<\/strong> en instituciones y\/o en<strong> programas<\/strong> espec\u00edficos de trabajo con ni\u00f1os de 0 a 6 a\u00f1os en <strong>situaci\u00f3n de riesgo social<\/strong>.<\/li>\n<li><strong>Educador o educadora en programas o actividades de ocio<\/strong> y tiempo libre infantil: ludotecas, casas de cultura, bibliotecas, centros educativos, etc.<\/li>\n<li>Ascensos o <strong>animadora de actividades para ni\u00f1os<\/strong> (0 \u2013 6 a\u00f1os) en el \u00e1mbito del turismo.<\/li>\n<\/ul>\n<p>[\/et_pb_text][\/et_pb_column][\/et_pb_row][\/et_pb_section][et_pb_section fb_built=\u00bb1&#8243; disabled_on=\u00bboff|off|on\u00bb _builder_version=\u00bb4.22.2&#8243; _module_preset=\u00bbdefault\u00bb background_color=\u00bbgcid-9663e3f2-525a-469f-9b07-5e9681bda370&#8243; global_colors_info=\u00bb{%22gcid-9663e3f2-525a-469f-9b07-5e9681bda370%22:%91%22background_color%22%93}\u00bb][et_pb_row column_structure=\u00bb3_5,2_5&#8243; _builder_version=\u00bb4.22.2&#8243; _module_preset=\u00bbdefault\u00bb global_colors_info=\u00bb{}\u00bb][et_pb_column type=\u00bb3_5&#8243; _builder_version=\u00bb4.22.2&#8243; _module_preset=\u00bbdefault\u00bb global_colors_info=\u00bb{}\u00bb][et_pb_image src=\u00bbhttps:\/\/educem.com\/wp-content\/uploads\/2023\/10\/gabardina.png\u00bb title_text=\u00bbgabardina\u00bb align=\u00bbcenter\u00bb _builder_version=\u00bb4.22.2&#8243; _module_preset=\u00bbdefault\u00bb global_colors_info=\u00bb{}\u00bb][\/et_pb_image][\/et_pb_column][et_pb_column type=\u00bb2_5&#8243; _builder_version=\u00bb4.22.2&#8243; _module_preset=\u00bbdefault\u00bb global_colors_info=\u00bb{}\u00bb][et_pb_text module_class=\u00bbed-titpet\u00bb _builder_version=\u00bb4.22.2&#8243; _module_preset=\u00bbdefault\u00bb header_2_font=\u00bbArial Rounded|||on||||#fde7d1|\u00bb header_2_text_align=\u00bbleft\u00bb header_2_text_color=\u00bb#FFFFFF\u00bb header_2_font_size=\u00bb16px\u00bb header_2_line_height=\u00bb0em\u00bb background_enable_color=\u00bboff\u00bb custom_margin=\u00bb||25px||false|false\u00bb custom_padding=\u00bb||0px||false|false\u00bb border_color_all=\u00bb#fde7d1&#8243; border_width_bottom=\u00bb4px\u00bb global_colors_info=\u00bb{}\u00bb custom_margin__hover_enabled=\u00bboff|desktop\u00bb]<\/p>\n<h2>ESTUDIOS UNIVERSITARIOS AL FINALIZAR EL CICLO:<\/h2>\n<p>[\/et_pb_text][et_pb_text _builder_version=\u00bb4.22.2&#8243; _module_preset=\u00bbdefault\u00bb text_text_color=\u00bb#FFFFFF\u00bb header_3_font=\u00bbArial Rounded|600||on|||||\u00bb header_3_text_color=\u00bb#FFFFFF\u00bb global_colors_info=\u00bb{}\u00bb]El alumnado puede acceder a cualquier estudio universitario oficial de grado con la nota de corte requerida por la Universidad escogida.<\/p>\n<p>En el caso de querer acceder a los grados en Educaci\u00f3n Infantil y Primaria habr\u00e1 que superar la prueba de aptitud personal (PAP) que consiste en ex\u00e1menes de lengua y matem\u00e1ticas y se realizan aparte de las PAU.[\/et_pb_text][et_pb_image src=\u00bbhttps:\/\/educem.com\/wp-content\/uploads\/2023\/10\/treball.png\u00bb title_text=\u00bbtrabajo\u00bb align=\u00bbcenter\u00bb _builder_version=\u00bb4.22.2&#8243; _module_preset=\u00bbdefault\u00bb global_colors_info=\u00bb{}\u00bb][\/et_pb_image][et_pb_text module_class=\u00bbed-titpet\u00bb _builder_version=\u00bb4.22.2&#8243; _module_preset=\u00bbdefault\u00bb header_2_font=\u00bbArial Rounded|||on||||#fde7d1|\u00bb header_2_text_align=\u00bbleft\u00bb header_2_text_color=\u00bb#FFFFFF\u00bb header_2_font_size=\u00bb16px\u00bb header_2_line_height=\u00bb0em\u00bb background_enable_color=\u00bboff\u00bb custom_margin=\u00bb||25px||false|false\u00bb custom_padding=\u00bb||0px||false|false\u00bb border_color_all=\u00bb#fde7d1&#8243; border_width_bottom=\u00bb4px\u00bb global_colors_info=\u00bb{}\u00bb custom_margin__hover_enabled=\u00bboff|desktop\u00bb]<\/p>\n<h2>Salidas Profesionales:<\/h2>\n<p>[\/et_pb_text][et_pb_text _builder_version=\u00bb4.22.2&#8243; _module_preset=\u00bbdefault\u00bb text_text_color=\u00bb#FFFFFF\u00bb header_3_font=\u00bbArial Rounded|600||on|||||\u00bb header_3_text_color=\u00bb#FFFFFF\u00bb global_colors_info=\u00bb{}\u00bb]El profesional correspondiente a este ciclo ejerce su actividad en el sector de la educaci\u00f3n formal y en el sector de los servicios sociales de atenci\u00f3n a la infancia. Las ocupaciones y puestos de trabajo m\u00e1s relevantes son los siguientes:<\/p>\n<ul class=\"ed_ptr\">\n<li>Educador o educadora infantil en el primer ciclo de educaci\u00f3n infantil, bajo la supervisi\u00f3n de un maestro o una maestra.<\/li>\n<li>T\u00e9cnico especialista en educaci\u00f3n infantil, como educador de apoyo a los maestros de primer curso del segundo ciclo de educaci\u00f3n infantil.<\/li>\n<li>Educador o educadora en instituciones y\/o en programas espec\u00edficos de trabajo con ni\u00f1os de 0 a 6 a\u00f1os en situaci\u00f3n de riesgo social.<\/li>\n<li>Educador o educadora en programas o actividades de ocio y tiempo libre infantil: ludotecas, casas de cultura, bibliotecas, centros educativos, etc.<\/li>\n<li>Ascensos o animadora de actividades para ni\u00f1os (0 \u2013 6 a\u00f1os) en el \u00e1mbito del turismo.<\/li>\n<\/ul>\n<p>[\/et_pb_text][\/et_pb_column][\/et_pb_row][\/et_pb_section][et_pb_section fb_built=\u00bb1&#8243; _builder_version=\u00bb4.22.2&#8243; _module_preset=\u00bbdefault\u00bb global_colors_info=\u00bb{}\u00bb][et_pb_row custom_padding_last_edited=\u00bbon|phone\u00bb _builder_version=\u00bb4.22.2&#8243; _module_preset=\u00bbdefault\u00bb background_color=\u00bbgcid-b775d63c-59f7-498d-8738-fdda035f864c\u00bb custom_padding=\u00bb|100px||100px|false|false\u00bb custom_padding_tablet=\u00bb|50px||50px|false|true\u00bb custom_padding_phone=\u00bb|25px||25px|false|true\u00bb global_colors_info=\u00bb{%22gcid-b775d63c-59f7-498d-8738-fdda035f864c%22:%91%22background_color%22%93}\u00bb][et_pb_column type=\u00bb4_4&#8243; _builder_version=\u00bb4.22.2&#8243; _module_preset=\u00bbdefault\u00bb global_colors_info=\u00bb{}\u00bb][et_pb_text module_class=\u00bbed-titpet\u00bb _builder_version=\u00bb4.22.2&#8243; _module_preset=\u00bbdefault\u00bb header_2_font=\u00bbArial Rounded|||on||||#fde7d1|\u00bb header_2_text_align=\u00bbleft\u00bb header_2_font_size=\u00bb16px\u00bb header_2_line_height=\u00bb0em\u00bb background_enable_color=\u00bboff\u00bb custom_margin=\u00bb||0px||false|false\u00bb custom_padding=\u00bb||0px||false|false\u00bb border_color_all=\u00bb#fde7d1&#8243; border_width_bottom=\u00bb4px\u00bb global_colors_info=\u00bb{}\u00bb custom_margin__hover_enabled=\u00bboff|desktop\u00bb]<\/p>\n<h2>Carta erasmus universitaria<\/h2>\n<p>[\/et_pb_text][\/et_pb_column][\/et_pb_row][et_pb_row column_structure=\u00bb3_4,1_4&#8243; custom_padding_last_edited=\u00bbon|phone\u00bb _builder_version=\u00bb4.22.2&#8243; _module_preset=\u00bbdefault\u00bb background_color=\u00bbgcid-b775d63c-59f7-498d-8738-fdda035f864c\u00bb custom_padding=\u00bb2px|50px||50px|false|false\u00bb custom_padding_tablet=\u00bb2px|50px||50px|false|false\u00bb custom_padding_phone=\u00bb2px|25px||25px|false|true\u00bb global_colors_info=\u00bb{%22gcid-b775d63c-59f7-498d-8738-fdda035f864c%22:%91%22background_color%22%93}\u00bb][et_pb_column type=\u00bb3_4&#8243; _builder_version=\u00bb4.22.2&#8243; _module_preset=\u00bbdefault\u00bb global_colors_info=\u00bb{}\u00bb][et_pb_text _builder_version=\u00bb4.22.2&#8243; _module_preset=\u00bbdefault\u00bb custom_padding=\u00bb4px|50px|4px|50px|true|true\u00bb custom_padding_tablet=\u00bb4px|0px|4px|0px|true|true\u00bb custom_padding_phone=\u00bb4px|0px|4px|0px|true|true\u00bb custom_padding_last_edited=\u00bbon|tablet\u00bb global_colors_info=\u00bb{}\u00bb]La Carta Erasmus Universitaria tiene como finalidad que el alumnado de ciclos formativos de grado superior pueda realizar pr\u00e1cticas en una empresa u organizaci\u00f3n de otro pa\u00eds europeo. Esta estancia permitir\u00e1 al alumno\/a adaptarse a las exigencias del mercado laboral en el \u00e1mbito europeo, adquirir\u00e1 aptitudes espec\u00edficas, experiencia laboral y mejorar\u00e1 la comprensi\u00f3n del entorno econ\u00f3mico y social del pa\u00eds en cuesti\u00f3n.<\/p>\n<p>Podr\u00e1n participar los estudiantes de los ciclos formativos de grado superior que el Claustro de Profesorado haya valorado positivamente por sus resultados acad\u00e9micos y por su actitud. La estancia tiene un periodo m\u00ednimo de 2 meses y medio aproximadamente.<\/p>\n<p>EDUCEM Centros de Ense\u00f1anza ha conseguido la Carta Erasmus Universitaria, que tiene como finalidad que el alumnado de ciclos formativos de grado superior pueda realizar pr\u00e1cticas en una empresa u organizaci\u00f3n de otro pa\u00eds europeo.<\/p>\n<p>Para m\u00e1s informaci\u00f3n consultad:<\/p>\n<p>http:\/\/www.sepie.es\/formacion-profesional\/index.html[\/et_pb_text][\/et_pb_column][et_pb_column type=\u00bb1_4&#8243; _builder_version=\u00bb4.22.2&#8243; _module_preset=\u00bbdefault\u00bb global_colors_info=\u00bb{}\u00bb][et_pb_image src=\u00bbhttps:\/\/educem.com\/wp-content\/uploads\/2023\/10\/carta-uni.png\u00bb title_text=\u00bbcarta-uni\u00bb align_tablet=\u00bbcenter\u00bb align_phone=\u00bbcenter\u00bb align_last_edited=\u00bbon|phone\u00bb _builder_version=\u00bb4.22.2&#8243; _module_preset=\u00bbdefault\u00bb global_colors_info=\u00bb{}\u00bb][\/et_pb_image][\/et_pb_column][\/et_pb_row][\/et_pb_section][et_pb_section fb_built=\u00bb1&#8243; _builder_version=\u00bb4.22.2&#8243; _module_preset=\u00bbdefault\u00bb global_colors_info=\u00bb{}\u00bb][et_pb_row _builder_version=\u00bb4.22.2&#8243; _module_preset=\u00bbdefault\u00bb global_colors_info=\u00bb{}\u00bb][et_pb_column type=\u00bb4_4&#8243; _builder_version=\u00bb4.22.2&#8243; _module_preset=\u00bbdefault\u00bb global_colors_info=\u00bb{}\u00bb][et_pb_text module_class=\u00bbed-titolh2&#8243; _builder_version=\u00bb4.23.1&#8243; _module_preset=\u00bbdefault\u00bb header_2_font=\u00bbArial Rounded|600||on|||||\u00bb header_2_text_align=\u00bbcenter\u00bb header_2_font_size=\u00bb32px\u00bb background_color=\u00bb#FFFFFF\u00bb global_colors_info=\u00bb{}\u00bb]<\/p>\n<h2>COLABORACI\u00d3N CON EMPRESAS<\/h2>\n<p>[\/et_pb_text][\/et_pb_column][\/et_pb_row][et_pb_row _builder_version=\u00bb4.22.2&#8243; _module_preset=\u00bbdefault\u00bb global_colors_info=\u00bb{}\u00bb][et_pb_column type=\u00bb4_4&#8243; _builder_version=\u00bb4.22.2&#8243; _module_preset=\u00bbdefault\u00bb global_colors_info=\u00bb{}\u00bb][et_pb_text _builder_version=\u00bb4.22.2&#8243; _module_preset=\u00bbdefault\u00bb text_orientation=\u00bbcenter\u00bb global_colors_info=\u00bb{}\u00bb]A continuaci\u00f3n, adjuntamos una muestra orientativa de empresas que han acogido alumnado este curso para que realizaran la formaci\u00f3n en centros de trabajo:[\/et_pb_text][\/et_pb_column][\/et_pb_row][\/et_pb_section][et_pb_section fb_built=\u00bb1&#8243; disabled_on=\u00bbon|on|off\u00bb _builder_version=\u00bb4.22.2&#8243; _module_preset=\u00bbdefault\u00bb global_colors_info=\u00bb{}\u00bb][et_pb_row column_structure=\u00bb1_2,1_2&#8243; _builder_version=\u00bb4.22.2&#8243; _module_preset=\u00bbdefault\u00bb global_colors_info=\u00bb{}\u00bb][et_pb_column type=\u00bb1_2&#8243; _builder_version=\u00bb4.22.2&#8243; _module_preset=\u00bbdefault\u00bb global_colors_info=\u00bb{}\u00bb][et_pb_text module_class=\u00bbed-titpet\u00bb _builder_version=\u00bb4.22.2&#8243; _module_preset=\u00bbdefault\u00bb header_2_font=\u00bbArial Rounded|||on||||#fde7d1|\u00bb header_2_text_align=\u00bbleft\u00bb header_2_font_size=\u00bb16px\u00bb header_2_line_height=\u00bb0em\u00bb background_enable_color=\u00bboff\u00bb custom_margin=\u00bb||0px||false|false\u00bb custom_padding=\u00bb||0px||false|false\u00bb border_color_all=\u00bb#fde7d1&#8243; border_width_bottom=\u00bb4px\u00bb global_colors_info=\u00bb{}\u00bb custom_margin__hover_enabled=\u00bboff|desktop\u00bb]<\/p>\n<h2>Empresa \/ Escuela<\/h2>\n<p>[\/et_pb_text][et_pb_text _builder_version=\u00bb4.25.0&#8243; _module_preset=\u00bbdefault\u00bb global_colors_info=\u00bb{}\u00bb]<\/p>\n<p>ESCOLA BRESSOL EL FANALET<br \/>ESCOLA BRESSOL EL TELER<br \/>ESCOLA BRESSOL ELS BARRUFETS<br \/>ESCOLA BRESSOL ELS PETITS EXPLORADORS<br \/>ESCOLA BRESSOL ELS ROSSINYOLS<br \/>ESCOLA BRESSOL GIRAVOLTES<br \/>ESCOLA BRESSOL LA TORTUGA<br \/>ESCOLA BRESSOL PINOTXO<br \/>ESCOLA EL LLEDONER<br \/>ESCOLA LA TORRETA<\/p>\n<p>[\/et_pb_text][\/et_pb_column][et_pb_column type=\u00bb1_2&#8243; _builder_version=\u00bb4.22.2&#8243; _module_preset=\u00bbdefault\u00bb global_colors_info=\u00bb{}\u00bb][et_pb_text module_class=\u00bbed-titpet\u00bb _builder_version=\u00bb4.22.2&#8243; _module_preset=\u00bbdefault\u00bb header_2_font=\u00bbArial Rounded|||on||||#fde7d1|\u00bb header_2_text_align=\u00bbleft\u00bb header_2_font_size=\u00bb16px\u00bb header_2_line_height=\u00bb0em\u00bb background_enable_color=\u00bboff\u00bb custom_margin=\u00bb||0px||false|false\u00bb custom_padding=\u00bb||0px||false|false\u00bb border_color_all=\u00bb#fde7d1&#8243; border_width_bottom=\u00bb4px\u00bb global_colors_info=\u00bb{}\u00bb custom_margin__hover_enabled=\u00bboff|desktop\u00bb]<\/p>\n<h2>Poblaci\u00f3n<\/h2>\n<p>[\/et_pb_text][et_pb_text _builder_version=\u00bb4.25.0&#8243; _module_preset=\u00bbdefault\u00bb global_colors_info=\u00bb{}\u00bb]<\/p>\n<p>Figar\u00f3 &#8211; Montmany<br \/>Granollers<br \/>Granollers<br \/>Granollers<br \/>Granollers<br \/>Granollers<br \/>Granollers<br \/>Granollers<br \/>Granollers<br \/>La Roca del Vall\u00e8s<\/p>\n<p>[\/et_pb_text][\/et_pb_column][\/et_pb_row][\/et_pb_section][et_pb_section fb_built=\u00bb1&#8243; disabled_on=\u00bboff|off|on\u00bb _builder_version=\u00bb4.22.2&#8243; _module_preset=\u00bbdefault\u00bb global_colors_info=\u00bb{}\u00bb][et_pb_row _builder_version=\u00bb4.22.2&#8243; _module_preset=\u00bbdefault\u00bb global_colors_info=\u00bb{}\u00bb][et_pb_column type=\u00bb4_4&#8243; _builder_version=\u00bb4.22.2&#8243; _module_preset=\u00bbdefault\u00bb global_colors_info=\u00bb{}\u00bb][et_pb_text module_class=\u00bbed-titpet\u00bb _builder_version=\u00bb4.22.2&#8243; _module_preset=\u00bbdefault\u00bb header_2_font=\u00bbArial Rounded|||on||||#fde7d1|\u00bb header_2_text_align=\u00bbleft\u00bb header_2_font_size=\u00bb16px\u00bb header_2_line_height=\u00bb0em\u00bb background_enable_color=\u00bboff\u00bb custom_margin=\u00bb||0px||false|false\u00bb custom_padding=\u00bb||0px||false|false\u00bb border_color_all=\u00bb#fde7d1&#8243; border_width_bottom=\u00bb4px\u00bb global_colors_info=\u00bb{}\u00bb custom_margin__hover_enabled=\u00bboff|desktop\u00bb]<\/p>\n<h2>Formaci\u00f3n en centros de trabajo<\/h2>\n<p>[\/et_pb_text][\/et_pb_column][\/et_pb_row][et_pb_row column_structure=\u00bb1_2,1_2&#8243; _builder_version=\u00bb4.22.2&#8243; _module_preset=\u00bbdefault\u00bb global_colors_info=\u00bb{}\u00bb][et_pb_column type=\u00bb1_2&#8243; _builder_version=\u00bb4.22.2&#8243; _module_preset=\u00bbdefault\u00bb global_colors_info=\u00bb{}\u00bb][et_pb_text module_class=\u00bbed-titpet\u00bb _builder_version=\u00bb4.22.2&#8243; _module_preset=\u00bbdefault\u00bb header_2_font=\u00bbArial Rounded|||on||||#fde7d1|\u00bb header_2_text_align=\u00bbleft\u00bb header_2_font_size=\u00bb16px\u00bb header_2_line_height=\u00bb0em\u00bb background_enable_color=\u00bboff\u00bb custom_margin=\u00bb||0px||false|false\u00bb custom_padding=\u00bb||0px||false|false\u00bb border_color_all=\u00bb#fde7d1&#8243; border_width_bottom=\u00bb4px\u00bb global_colors_info=\u00bb{}\u00bb custom_margin__hover_enabled=\u00bboff|desktop\u00bb]<\/p>\n<h2>Empresa \/ Escuela &#8211; Poblaci\u00f3n<\/h2>\n<p>[\/et_pb_text][et_pb_text _builder_version=\u00bb4.22.2&#8243; _module_preset=\u00bbdefault\u00bb global_colors_info=\u00bb{}\u00bb]CEIP FERRER I GU\u00c0RDIA &#8211; Granollers<br \/>\nESCOLA BRESSOL CAN SERRA &#8211; Cardedeu<br \/>\nESCOLA BRESSOL EL TELER &#8211; Granollers<br \/>\nESCOLA BRESSOL ELS BARRUFETS &#8211; Granollers<br \/>\nESCOLA BRESSOL ELS PETITS EXPLORADORS &#8211; Granollers<br \/>\nESCOLA BRESSOL ELS ROSSINYOLS &#8211; Granollers<br \/>\nESCOLA BRESSOL GIRAVOLTES &#8211; Granollers<br \/>\nESCUELA JACINT VERDAGUER &#8211; Canovelles<br \/>\nESCOLA BRESSOL LA TORTUGA &#8211; Granollers<br \/>\nESCOLA BRESSOL NOVA ESPURNA &#8211; Liza d&#8217;Amunt<br \/>\nESCOLA BRESSOL PALAUD\u00c0RIES &#8211; Lli\u00e7a d&#8217;Amunt<br \/>\nESCOLA BRESSOL PINOTXO &#8211; Granollers<br \/>\nESCOLA BRESSOL XERRIC XERRAC &#8211; Les Franqueses del Vall\u00e8s<br \/>\nESCUELA EL LLEDONER &#8211; Granollers<br \/>\nESCOLA BRESSOL LA MOIXAINA &#8211; Palau-Solit\u00e0 i Plegamans<br \/>\nESCUELA LA TORRETA &#8211; La Roca del Vall\u00e8s<br \/>\nESCUELA MUNICIPAL SALVADOR LLOBET &#8211; Granollers<br \/>\nHOGAR DE NI\u00d1OS EL ALMENDRO &#8211; L&#8217;Ametlla del Vall\u00e8s[\/et_pb_text][\/et_pb_column][et_pb_column type=\u00bb1_2&#8243; _builder_version=\u00bb4.22.2&#8243; _module_preset=\u00bbdefault\u00bb global_colors_info=\u00bb{}\u00bb][\/et_pb_column][\/et_pb_row][\/et_pb_section][et_pb_section fb_built=\u00bb1&#8243; _builder_version=\u00bb4.22.2&#8243; _module_preset=\u00bbdefault\u00bb global_colors_info=\u00bb{}\u00bb][et_pb_row _builder_version=\u00bb4.22.2&#8243; _module_preset=\u00bbdefault\u00bb background_color=\u00bbgcid-b775d63c-59f7-498d-8738-fdda035f864c\u00bb custom_padding=\u00bb50px||||false|false\u00bb global_colors_info=\u00bb{%22gcid-b775d63c-59f7-498d-8738-fdda035f864c%22:%91%22background_color%22%93}\u00bb][et_pb_column type=\u00bb4_4&#8243; _builder_version=\u00bb4.22.2&#8243; _module_preset=\u00bbdefault\u00bb global_colors_info=\u00bb{}\u00bb][et_pb_text _builder_version=\u00bb4.22.2&#8243; _module_preset=\u00bbdefault\u00bb header_2_font=\u00bbArial Rounded|600|||||||\u00bb header_2_text_align=\u00bbcenter\u00bb header_2_font_size=\u00bb32px\u00bb global_colors_info=\u00bb{}\u00bb]<\/p>\n<h2>FORMACI\u00d3N DUAL: APRENDER Y TRABAJAR<\/h2>\n<p>[\/et_pb_text][\/et_pb_column][\/et_pb_row][et_pb_row custom_padding_last_edited=\u00bbon|phone\u00bb _builder_version=\u00bb4.22.2&#8243; _module_preset=\u00bbdefault\u00bb background_color=\u00bbgcid-b775d63c-59f7-498d-8738-fdda035f864c\u00bb custom_padding=\u00bb|50px|50px|50px|false|false\u00bb custom_padding_tablet=\u00bb|50px|50px|50px|false|false\u00bb custom_padding_phone=\u00bb|25px|25px|25px|false|true\u00bb global_colors_info=\u00bb{%22gcid-b775d63c-59f7-498d-8738-fdda035f864c%22:%91%22background_color%22%93}\u00bb][et_pb_column type=\u00bb4_4&#8243; _builder_version=\u00bb4.22.2&#8243; _module_preset=\u00bbdefault\u00bb global_colors_info=\u00bb{}\u00bb][et_pb_text _builder_version=\u00bb4.22.2&#8243; _module_preset=\u00bbdefault\u00bb custom_padding=\u00bb|50px||50px|false|false\u00bb custom_padding_tablet=\u00bb|0px||0px|false|true\u00bb custom_padding_phone=\u00bb|0px||0px|false|true\u00bb custom_padding_last_edited=\u00bbon|tablet\u00bb global_colors_info=\u00bb{}\u00bb]La formaci\u00f3n Dual tiene como objetivo mejorar la formaci\u00f3n, la cualificaci\u00f3n y el desarrollo personal de los estudiantes que inician su profesionalizaci\u00f3n alternando la formaci\u00f3n en un centro formativo y la actividad en una empresa. El alumnado recibe parte de la formaci\u00f3n en el centro de formaci\u00f3n profesional. La otra parte la obtiene mediante las actividades formativas y productivas en la empresa.<\/p>\n<p>La estancia en la empresa se divide en dos fases. En la primera, el alumno se incorpora para realizar pr\u00e1cticas y adaptarse al funcionamiento de la empresa. Al finalizar este periodo, se inicia la estancia en modalidad de contrato o de beca con remuneraci\u00f3n econ\u00f3mica, atendiendo a los criterios de acceso previamente acordados entre la empresa y el centro de formaci\u00f3n.<\/p>\n<p>Para el alumnado supone compaginar la formaci\u00f3n en el centro y en una empresa del sector con un contrato o beca; desarrollar el potencial profesional; aprender en situaciones reales de trabajo; adquirir experiencia profesional, y mejorar la empleabilidad.<\/p>\n<p>Esta formaci\u00f3n que se realiza en la empresa tiene reconocimiento acad\u00e9mico y para su evaluaci\u00f3n habr\u00e1 una corresponsabilidad entre la empresa y el centro educativo.<\/p>\n<p>Durante el primer curso, el centro seleccionar\u00e1 al alumnado que participar\u00e1 en la FP Dual atendiendo a los criterios de consecuci\u00f3n acad\u00e9mica,<br \/>\ncompetencial y actitudinal.[\/et_pb_text][\/et_pb_column][\/et_pb_row][\/et_pb_section][et_pb_section fb_built=\u00bb1&#8243; _builder_version=\u00bb4.22.2&#8243; _module_preset=\u00bbdefault\u00bb global_colors_info=\u00bb{}\u00bb][et_pb_row column_structure=\u00bb1_2,1_2&#8243; _builder_version=\u00bb4.22.2&#8243; _module_preset=\u00bbdefault\u00bb global_colors_info=\u00bb{}\u00bb][et_pb_column type=\u00bb1_2&#8243; _builder_version=\u00bb4.22.2&#8243; _module_preset=\u00bbdefault\u00bb global_colors_info=\u00bb{}\u00bb][et_pb_button button_url=\u00bbhttps:\/\/educem.com\/wp-content\/uploads\/2025\/05\/TEI_25_26_CAT_WEB.pdf\u00bb url_new_window=\u00bbon\u00bb button_text=\u00bbDESCARGAR DOSSIER TEI 25-26&#8243; button_alignment=\u00bbcenter\u00bb _builder_version=\u00bb4.27.4&#8243; _module_preset=\u00bbdefault\u00bb global_colors_info=\u00bb{}\u00bb][\/et_pb_button][\/et_pb_column][et_pb_column type=\u00bb1_2&#8243; _builder_version=\u00bb4.22.2&#8243; _module_preset=\u00bbdefault\u00bb global_colors_info=\u00bb{}\u00bb][et_pb_button button_url=\u00bbhttps:\/\/educem.com\/es\/defensa-de-los-proyectos-cfgs-educacion-infantil-tei\/\u00bb button_text=\u00bbPROYECTOS FINAL DE CICLO\u00bb button_alignment=\u00bbcenter\u00bb _builder_version=\u00bb4.23.1&#8243; _module_preset=\u00bbdefault\u00bb global_colors_info=\u00bb{}\u00bb][\/et_pb_button][\/et_pb_column][\/et_pb_row][\/et_pb_section][et_pb_section fb_built=\u00bb1&#8243; _builder_version=\u00bb4.22.2&#8243; _module_preset=\u00bbdefault\u00bb global_module=\u00bb4902&#8243; saved_tabs=\u00bball\u00bb global_colors_info=\u00bb{}\u00bb][et_pb_row _builder_version=\u00bb4.22.2&#8243; _module_preset=\u00bbdefault\u00bb background_color=\u00bbgcid-9663e3f2-525a-469f-9b07-5e9681bda370&#8243; global_colors_info=\u00bb{%22gcid-9663e3f2-525a-469f-9b07-5e9681bda370%22:%91%22background_color%22%93}\u00bb][et_pb_column type=\u00bb4_4&#8243; _builder_version=\u00bb4.22.2&#8243; _module_preset=\u00bbdefault\u00bb global_colors_info=\u00bb{}\u00bb][et_pb_text module_id=\u00bbinforma\u00bb _builder_version=\u00bb4.24.0&#8243; _module_preset=\u00bbdefault\u00bb header_text_align=\u00bbcenter\u00bb header_2_font=\u00bbArial Rounded|600||on|||||\u00bb header_2_text_align=\u00bbcenter\u00bb header_2_text_color=\u00bb#FFFFFF\u00bb header_2_font_size=\u00bb32px\u00bb global_colors_info=\u00bb{}\u00bb]<\/p>\n<h2>\u00a1Inf\u00f3rmate y matric\u00falate!<\/h2>\n<p>[\/et_pb_text][et_pb_text _builder_version=\u00bb4.22.2&#8243; _module_preset=\u00bbdefault\u00bb text_text_color=\u00bb#FFFFFF\u00bb custom_padding=\u00bb|50px||50px|false|false\u00bb global_colors_info=\u00bb{}\u00bb]Si quieres m\u00e1s informaci\u00f3n sobre las preinscripciones o cualquier consulta de los centros, d\u00e9janos tus datos:[\/et_pb_text][et_pb_contact_form email=\u00bbcentres@educem.com\u00bb custom_message=\u00bbNombre: %%Name%%||et_pb_line_break_holder||Correo electr\u00f3nico: %%Email_2%%||et_pb_line_break_holder||Asunto: %%Tema%%||et_pb_line_break_holder||Mensaje: %%Message%%||et_pb_line_break_holder||Acceptaci\u00f3n pol\u00edtica privacidad: %%checkout1%%||et_pb_line_break_holder||Boletin: %%Checkout2%%\u00bb _builder_version=\u00bb4.24.0&#8243; _module_preset=\u00bbdefault\u00bb _unique_id=\u00bb34537573-20c3-4246-9ae8-451ff730179b\u00bb title_font=\u00bbArial Rounded||||||||\u00bb captcha_text_color=\u00bb#FFFFFF\u00bb captcha_letter_spacing=\u00bb1px\u00bb custom_padding=\u00bb50px|50px|50px|50px|true|true\u00bb global_colors_info=\u00bb{}\u00bb][et_pb_contact_field field_id=\u00bbName\u00bb field_title=\u00bbNombre y Apellidos (necesario)\u00bb _builder_version=\u00bb4.22.2&#8243; global_colors_info=\u00bb{}\u00bb button_text_size__hover_enabled=\u00bboff\u00bb button_one_text_size__hover_enabled=\u00bboff\u00bb button_two_text_size__hover_enabled=\u00bboff\u00bb button_text_color__hover_enabled=\u00bboff\u00bb button_one_text_color__hover_enabled=\u00bboff\u00bb button_two_text_color__hover_enabled=\u00bboff\u00bb button_border_width__hover_enabled=\u00bboff\u00bb button_one_border_width__hover_enabled=\u00bboff\u00bb button_two_border_width__hover_enabled=\u00bboff\u00bb button_border_color__hover_enabled=\u00bboff\u00bb button_one_border_color__hover_enabled=\u00bboff\u00bb button_two_border_color__hover_enabled=\u00bboff\u00bb button_border_radius__hover_enabled=\u00bboff\u00bb button_one_border_radius__hover_enabled=\u00bboff\u00bb button_two_border_radius__hover_enabled=\u00bboff\u00bb button_letter_spacing__hover_enabled=\u00bboff\u00bb button_one_letter_spacing__hover_enabled=\u00bboff\u00bb button_two_letter_spacing__hover_enabled=\u00bboff\u00bb button_bg_color__hover_enabled=\u00bboff\u00bb button_one_bg_color__hover_enabled=\u00bboff\u00bb button_two_bg_color__hover_enabled=\u00bboff\u00bb][\/et_pb_contact_field][et_pb_contact_field field_id=\u00bbEmail_2&#8243; field_title=\u00bbDirecci\u00f3n electr\u00f3nica (necesario)\u00bb field_type=\u00bbemail\u00bb _builder_version=\u00bb4.22.2&#8243; global_colors_info=\u00bb{}\u00bb button_text_size__hover_enabled=\u00bboff\u00bb button_one_text_size__hover_enabled=\u00bboff\u00bb button_two_text_size__hover_enabled=\u00bboff\u00bb button_text_color__hover_enabled=\u00bboff\u00bb button_one_text_color__hover_enabled=\u00bboff\u00bb button_two_text_color__hover_enabled=\u00bboff\u00bb button_border_width__hover_enabled=\u00bboff\u00bb button_one_border_width__hover_enabled=\u00bboff\u00bb button_two_border_width__hover_enabled=\u00bboff\u00bb button_border_color__hover_enabled=\u00bboff\u00bb button_one_border_color__hover_enabled=\u00bboff\u00bb button_two_border_color__hover_enabled=\u00bboff\u00bb button_border_radius__hover_enabled=\u00bboff\u00bb button_one_border_radius__hover_enabled=\u00bboff\u00bb button_two_border_radius__hover_enabled=\u00bboff\u00bb button_letter_spacing__hover_enabled=\u00bboff\u00bb button_one_letter_spacing__hover_enabled=\u00bboff\u00bb button_two_letter_spacing__hover_enabled=\u00bboff\u00bb button_bg_color__hover_enabled=\u00bboff\u00bb button_one_bg_color__hover_enabled=\u00bboff\u00bb button_two_bg_color__hover_enabled=\u00bboff\u00bb][\/et_pb_contact_field][et_pb_contact_field field_id=\u00bbTema\u00bb field_title=\u00bbTema (necesario)\u00bb fullwidth_field=\u00bbon\u00bb _builder_version=\u00bb4.22.2&#8243; _module_preset=\u00bbdefault\u00bb global_colors_info=\u00bb{}\u00bb][\/et_pb_contact_field][et_pb_contact_field field_id=\u00bbMessage\u00bb field_title=\u00bbMensaje\u00bb field_type=\u00bbtext\u00bb fullwidth_field=\u00bbon\u00bb _builder_version=\u00bb4.22.2&#8243; global_colors_info=\u00bb{}\u00bb button_text_size__hover_enabled=\u00bboff\u00bb button_one_text_size__hover_enabled=\u00bboff\u00bb button_two_text_size__hover_enabled=\u00bboff\u00bb button_text_color__hover_enabled=\u00bboff\u00bb button_one_text_color__hover_enabled=\u00bboff\u00bb button_two_text_color__hover_enabled=\u00bboff\u00bb button_border_width__hover_enabled=\u00bboff\u00bb button_one_border_width__hover_enabled=\u00bboff\u00bb button_two_border_width__hover_enabled=\u00bboff\u00bb button_border_color__hover_enabled=\u00bboff\u00bb button_one_border_color__hover_enabled=\u00bboff\u00bb button_two_border_color__hover_enabled=\u00bboff\u00bb button_border_radius__hover_enabled=\u00bboff\u00bb button_one_border_radius__hover_enabled=\u00bboff\u00bb button_two_border_radius__hover_enabled=\u00bboff\u00bb button_letter_spacing__hover_enabled=\u00bboff\u00bb button_one_letter_spacing__hover_enabled=\u00bboff\u00bb button_two_letter_spacing__hover_enabled=\u00bboff\u00bb button_bg_color__hover_enabled=\u00bboff\u00bb button_one_bg_color__hover_enabled=\u00bboff\u00bb button_two_bg_color__hover_enabled=\u00bboff\u00bb][\/et_pb_contact_field][et_pb_contact_field field_id=\u00bbcheckout1&#8243; field_title=\u00bbproteccion de datos\u00bb field_type=\u00bbcheckbox\u00bb checkbox_options=\u00bb%91{%22value%22:%22He le\u00eddo y acepto la informaci\u00f3n b\u00e1sica sobre protecci\u00f3n de datos, as\u00ed como la informaci\u00f3n adicional detallada en la Pol\u00edtica de privacidad y protecci\u00f3n de datos.%22,%22checked%22:0,%22dragID%22:-1}%93&#8243; fullwidth_field=\u00bbon\u00bb _builder_version=\u00bb4.24.0&#8243; _module_preset=\u00bbdefault\u00bb global_colors_info=\u00bb{}\u00bb][\/et_pb_contact_field][et_pb_contact_field field_id=\u00bbCheckout2&#8243; field_title=\u00bbboletines\u00bb field_type=\u00bbcheckbox\u00bb checkbox_options=\u00bb%91{%22value%22:%22Acepto recibir boletines informativos sobre las actividades de: EDUCEM%22,%22checked%22:0,%22dragID%22:-1}%93&#8243; required_mark=\u00bboff\u00bb fullwidth_field=\u00bbon\u00bb _builder_version=\u00bb4.24.0&#8243; _module_preset=\u00bbdefault\u00bb global_colors_info=\u00bb{}\u00bb][\/et_pb_contact_field][\/et_pb_contact_form][et_pb_code module_class=\u00bbedtb\u00bb _builder_version=\u00bb4.22.2&#8243; _module_preset=\u00bbdefault\u00bb global_colors_info=\u00bb{}\u00bb]<\/p>\n<table><!-- [et_pb_line_break_holder] -->  <\/p>\n<tr><!-- [et_pb_line_break_holder] -->  \t<\/p>\n<td colspan=\"2\" class=\"edtbtt\">Informaci\u00f3n b\u00e1sica sobre protecci\u00f3n de datos<\/td>\n<p><!-- [et_pb_line_break_holder] -->  <\/tr>\n<p><!-- [et_pb_line_break_holder] -->  <\/p>\n<tr><!-- [et_pb_line_break_holder] -->  \t<\/p>\n<td>Responsable<\/td>\n<p><!-- [et_pb_line_break_holder] --> <\/p>\n<td>EDUCEM<\/td>\n<p><!-- [et_pb_line_break_holder] -->  <\/tr>\n<p><!-- [et_pb_line_break_holder] -->  <\/p>\n<tr><!-- [et_pb_line_break_holder] -->  \t<\/p>\n<td>Finalidad<\/td>\n<p><!-- [et_pb_line_break_holder] --> <\/p>\n<td>Responder a las consultas que realizan los usuarios.<\/td>\n<p><!-- [et_pb_line_break_holder] -->  <\/tr>\n<p><!-- [et_pb_line_break_holder] -->  <\/p>\n<tr><!-- [et_pb_line_break_holder] -->  \t<\/p>\n<td>Legitimaci\u00f3n<\/td>\n<p><!-- [et_pb_line_break_holder] --> <\/p>\n<td>Consentimiento del interesado<\/td>\n<p><!-- [et_pb_line_break_holder] -->  <\/tr>\n<p><!-- [et_pb_line_break_holder] -->  <\/p>\n<tr><!-- [et_pb_line_break_holder] -->  \t<\/p>\n<td>Destinatarios<\/td>\n<p><!-- [et_pb_line_break_holder] --> <\/p>\n<td>No se ceder\u00e1n datos a terceros, salvo por obligaci\u00f3n legal. <\/td>\n<p> <!-- [et_pb_line_break_holder] -->  <\/tr>\n<p><!-- [et_pb_line_break_holder] -->  <\/p>\n<tr><!-- [et_pb_line_break_holder] -->  \t<\/p>\n<td>Derechos<\/td>\n<p><!-- [et_pb_line_break_holder] --> <\/p>\n<td>Acceder, rectificar y suprimir datos, as\u00ed como otros derechos, como se explica en la informaci\u00f3n adicional.<\/td>\n<p><!-- [et_pb_line_break_holder] -->  <\/tr>\n<p><!-- [et_pb_line_break_holder] -->  <\/p>\n<tr><!-- [et_pb_line_break_holder] -->  \t<\/p>\n<td>Informaci\u00f3n adicional<\/td>\n<p><!-- [et_pb_line_break_holder] --> <\/p>\n<td>Puede consultar la informaci\u00f3n adicional y detallada sobre protecci\u00f3n de datos en nuestra web: <a href=\"\">Protecci\u00f3n de datos<\/a><\/td>\n<p><!-- [et_pb_line_break_holder] -->  <\/tr>\n<p><!-- [et_pb_line_break_holder] --><\/table>\n<p>[\/et_pb_code][\/et_pb_column][\/et_pb_row][\/et_pb_section]<\/p>\n","protected":false},"excerpt":{"rendered":"<p>Descubre como ser un buen educador con el Ciclo Formativo Educaci\u00f3n infantil. 80 a\u00f1os de FP en el coraz\u00f3n de Granollers, 10 a\u00f1os descubriendo la magia de los m\u00e1s peque\u00f1os.PLANTEAMIENTOEl objetivo de este ciclo es formar un buen profesional dentro del mundo de la educaci\u00f3n a la infancia, tanto en el \u00e1mbito de conceptos y [&hellip;]<\/p>\n","protected":false},"author":1,"featured_media":0,"parent":0,"menu_order":0,"comment_status":"closed","ping_status":"closed","template":"","meta":{"_et_pb_use_builder":"on","_et_pb_old_content":"","_et_gb_content_width":"","footnotes":""},"class_list":["post-1626","page","type-page","status-publish","hentry"],"yoast_head":"<!-- This site is optimized with the Yoast SEO plugin v27.5 - https:\/\/yoast.com\/product\/yoast-seo-wordpress\/ -->\n<title>CFGS - Educaci\u00f3n infantil - Centres Educem<\/title>\n<meta name=\"robots\" content=\"index, follow, max-snippet:-1, max-image-preview:large, max-video-preview:-1\" \/>\n<link rel=\"canonical\" href=\"https:\/\/educem.com\/es\/cfgs-educacion-infantil\/\" \/>\n<meta property=\"og:locale\" content=\"es_ES\" \/>\n<meta property=\"og:type\" content=\"article\" \/>\n<meta property=\"og:title\" content=\"CFGS - Educaci\u00f3n infantil - Centres Educem\" \/>\n<meta property=\"og:description\" content=\"Descubre como ser un buen educador con el Ciclo Formativo Educaci\u00f3n infantil. 80 a\u00f1os de FP en el coraz\u00f3n de Granollers, 10 a\u00f1os descubriendo la magia de los m\u00e1s peque\u00f1os.PLANTEAMIENTOEl objetivo de este ciclo es formar un buen profesional dentro del mundo de la educaci\u00f3n a la infancia, tanto en el \u00e1mbito de conceptos y [&hellip;]\" \/>\n<meta property=\"og:url\" content=\"https:\/\/educem.com\/es\/cfgs-educacion-infantil\/\" \/>\n<meta property=\"og:site_name\" content=\"Centres Educem\" \/>\n<meta property=\"article:publisher\" content=\"https:\/\/ca-es.facebook.com\/educemcentresdensenyament\/\" \/>\n<meta property=\"article:modified_time\" content=\"2025-05-09T14:44:48+00:00\" \/>\n<meta property=\"og:image\" content=\"https:\/\/educem.com\/wp-content\/uploads\/2023\/09\/img_edifici_home.jpg\" \/>\n\t<meta property=\"og:image:width\" content=\"1925\" \/>\n\t<meta property=\"og:image:height\" content=\"859\" \/>\n\t<meta property=\"og:image:type\" content=\"image\/jpeg\" \/>\n<meta name=\"twitter:card\" content=\"summary_large_image\" \/>\n<meta name=\"twitter:site\" content=\"@EducemGran\" \/>\n<script type=\"application\/ld+json\" class=\"yoast-schema-graph\">{\"@context\":\"https:\\\/\\\/schema.org\",\"@graph\":[{\"@type\":\"WebPage\",\"@id\":\"https:\\\/\\\/educem.com\\\/es\\\/cfgs-educacion-infantil\\\/\",\"url\":\"https:\\\/\\\/educem.com\\\/es\\\/cfgs-educacion-infantil\\\/\",\"name\":\"CFGS - Educaci\u00f3n infantil - Centres Educem\",\"isPartOf\":{\"@id\":\"https:\\\/\\\/educem.com\\\/#website\"},\"datePublished\":\"2023-10-19T08:26:25+00:00\",\"dateModified\":\"2025-05-09T14:44:48+00:00\",\"breadcrumb\":{\"@id\":\"https:\\\/\\\/educem.com\\\/es\\\/cfgs-educacion-infantil\\\/#breadcrumb\"},\"inLanguage\":\"es\",\"potentialAction\":[{\"@type\":\"ReadAction\",\"target\":[\"https:\\\/\\\/educem.com\\\/es\\\/cfgs-educacion-infantil\\\/\"]}]},{\"@type\":\"BreadcrumbList\",\"@id\":\"https:\\\/\\\/educem.com\\\/es\\\/cfgs-educacion-infantil\\\/#breadcrumb\",\"itemListElement\":[{\"@type\":\"ListItem\",\"position\":1,\"name\":\"Portada\",\"item\":\"https:\\\/\\\/educem.com\\\/es\\\/\"},{\"@type\":\"ListItem\",\"position\":2,\"name\":\"CFGS &#8211; Educaci\u00f3n infantil\"}]},{\"@type\":\"WebSite\",\"@id\":\"https:\\\/\\\/educem.com\\\/#website\",\"url\":\"https:\\\/\\\/educem.com\\\/\",\"name\":\"Centres Educem\",\"description\":\"Oferta formativa\",\"publisher\":{\"@id\":\"https:\\\/\\\/educem.com\\\/#organization\"},\"potentialAction\":[{\"@type\":\"SearchAction\",\"target\":{\"@type\":\"EntryPoint\",\"urlTemplate\":\"https:\\\/\\\/educem.com\\\/?s={search_term_string}\"},\"query-input\":{\"@type\":\"PropertyValueSpecification\",\"valueRequired\":true,\"valueName\":\"search_term_string\"}}],\"inLanguage\":\"es\"},{\"@type\":\"Organization\",\"@id\":\"https:\\\/\\\/educem.com\\\/#organization\",\"name\":\"Educem\",\"url\":\"https:\\\/\\\/educem.com\\\/\",\"logo\":{\"@type\":\"ImageObject\",\"inLanguage\":\"es\",\"@id\":\"https:\\\/\\\/educem.com\\\/#\\\/schema\\\/logo\\\/image\\\/\",\"url\":\"https:\\\/\\\/educem.com\\\/wp-content\\\/uploads\\\/2023\\\/06\\\/logo_educem_menu.png\",\"contentUrl\":\"https:\\\/\\\/educem.com\\\/wp-content\\\/uploads\\\/2023\\\/06\\\/logo_educem_menu.png\",\"width\":150,\"height\":49,\"caption\":\"Educem\"},\"image\":{\"@id\":\"https:\\\/\\\/educem.com\\\/#\\\/schema\\\/logo\\\/image\\\/\"},\"sameAs\":[\"https:\\\/\\\/ca-es.facebook.com\\\/educemcentresdensenyament\\\/\",\"https:\\\/\\\/x.com\\\/EducemGran\",\"https:\\\/\\\/www.instagram.com\\\/educem_granollers\\\/\",\"https:\\\/\\\/www.linkedin.com\\\/company\\\/escola-educem\"]}]}<\/script>\n<!-- \/ Yoast SEO plugin. -->","yoast_head_json":{"title":"CFGS - Educaci\u00f3n infantil - Centres Educem","robots":{"index":"index","follow":"follow","max-snippet":"max-snippet:-1","max-image-preview":"max-image-preview:large","max-video-preview":"max-video-preview:-1"},"canonical":"https:\/\/educem.com\/es\/cfgs-educacion-infantil\/","og_locale":"es_ES","og_type":"article","og_title":"CFGS - Educaci\u00f3n infantil - Centres Educem","og_description":"Descubre como ser un buen educador con el Ciclo Formativo Educaci\u00f3n infantil. 80 a\u00f1os de FP en el coraz\u00f3n de Granollers, 10 a\u00f1os descubriendo la magia de los m\u00e1s peque\u00f1os.PLANTEAMIENTOEl objetivo de este ciclo es formar un buen profesional dentro del mundo de la educaci\u00f3n a la infancia, tanto en el \u00e1mbito de conceptos y [&hellip;]","og_url":"https:\/\/educem.com\/es\/cfgs-educacion-infantil\/","og_site_name":"Centres Educem","article_publisher":"https:\/\/ca-es.facebook.com\/educemcentresdensenyament\/","article_modified_time":"2025-05-09T14:44:48+00:00","og_image":[{"width":1925,"height":859,"url":"https:\/\/educem.com\/wp-content\/uploads\/2023\/09\/img_edifici_home.jpg","type":"image\/jpeg"}],"twitter_card":"summary_large_image","twitter_site":"@EducemGran","schema":{"@context":"https:\/\/schema.org","@graph":[{"@type":"WebPage","@id":"https:\/\/educem.com\/es\/cfgs-educacion-infantil\/","url":"https:\/\/educem.com\/es\/cfgs-educacion-infantil\/","name":"CFGS - Educaci\u00f3n infantil - Centres Educem","isPartOf":{"@id":"https:\/\/educem.com\/#website"},"datePublished":"2023-10-19T08:26:25+00:00","dateModified":"2025-05-09T14:44:48+00:00","breadcrumb":{"@id":"https:\/\/educem.com\/es\/cfgs-educacion-infantil\/#breadcrumb"},"inLanguage":"es","potentialAction":[{"@type":"ReadAction","target":["https:\/\/educem.com\/es\/cfgs-educacion-infantil\/"]}]},{"@type":"BreadcrumbList","@id":"https:\/\/educem.com\/es\/cfgs-educacion-infantil\/#breadcrumb","itemListElement":[{"@type":"ListItem","position":1,"name":"Portada","item":"https:\/\/educem.com\/es\/"},{"@type":"ListItem","position":2,"name":"CFGS &#8211; Educaci\u00f3n infantil"}]},{"@type":"WebSite","@id":"https:\/\/educem.com\/#website","url":"https:\/\/educem.com\/","name":"Centres Educem","description":"Oferta formativa","publisher":{"@id":"https:\/\/educem.com\/#organization"},"potentialAction":[{"@type":"SearchAction","target":{"@type":"EntryPoint","urlTemplate":"https:\/\/educem.com\/?s={search_term_string}"},"query-input":{"@type":"PropertyValueSpecification","valueRequired":true,"valueName":"search_term_string"}}],"inLanguage":"es"},{"@type":"Organization","@id":"https:\/\/educem.com\/#organization","name":"Educem","url":"https:\/\/educem.com\/","logo":{"@type":"ImageObject","inLanguage":"es","@id":"https:\/\/educem.com\/#\/schema\/logo\/image\/","url":"https:\/\/educem.com\/wp-content\/uploads\/2023\/06\/logo_educem_menu.png","contentUrl":"https:\/\/educem.com\/wp-content\/uploads\/2023\/06\/logo_educem_menu.png","width":150,"height":49,"caption":"Educem"},"image":{"@id":"https:\/\/educem.com\/#\/schema\/logo\/image\/"},"sameAs":["https:\/\/ca-es.facebook.com\/educemcentresdensenyament\/","https:\/\/x.com\/EducemGran","https:\/\/www.instagram.com\/educem_granollers\/","https:\/\/www.linkedin.com\/company\/escola-educem"]}]}},"_links":{"self":[{"href":"https:\/\/educem.com\/es\/wp-json\/wp\/v2\/pages\/1626","targetHints":{"allow":["GET"]}}],"collection":[{"href":"https:\/\/educem.com\/es\/wp-json\/wp\/v2\/pages"}],"about":[{"href":"https:\/\/educem.com\/es\/wp-json\/wp\/v2\/types\/page"}],"author":[{"embeddable":true,"href":"https:\/\/educem.com\/es\/wp-json\/wp\/v2\/users\/1"}],"replies":[{"embeddable":true,"href":"https:\/\/educem.com\/es\/wp-json\/wp\/v2\/comments?post=1626"}],"version-history":[{"count":44,"href":"https:\/\/educem.com\/es\/wp-json\/wp\/v2\/pages\/1626\/revisions"}],"predecessor-version":[{"id":7473,"href":"https:\/\/educem.com\/es\/wp-json\/wp\/v2\/pages\/1626\/revisions\/7473"}],"wp:attachment":[{"href":"https:\/\/educem.com\/es\/wp-json\/wp\/v2\/media?parent=1626"}],"curies":[{"name":"wp","href":"https:\/\/api.w.org\/{rel}","templated":true}]}}