{"id":1642,"date":"2023-10-18T16:31:57","date_gmt":"2023-10-18T14:31:57","guid":{"rendered":"https:\/\/educem.com\/cfgs-administracion-y-finanzas\/"},"modified":"2025-05-09T16:38:04","modified_gmt":"2025-05-09T14:38:04","slug":"cfgs-administracion-y-finanzas","status":"publish","type":"page","link":"https:\/\/educem.com\/es\/cfgs-administracion-y-finanzas\/","title":{"rendered":"CFGS &#8211; Administraci\u00f3n y Finanzas"},"content":{"rendered":"<p>[et_pb_section fb_built=\u00bb1&#8243; fullwidth=\u00bbon\u00bb module_id=\u00bbed_cap\u00bb _builder_version=\u00bb4.22.2&#8243; _module_preset=\u00bbdefault\u00bb global_colors_info=\u00bb{}\u00bb][et_pb_fullwidth_header title=\u00bbCFGS &#8211; ADMINISTRACI\u00d3N Y FINANZAS\u00bb background_overlay_color=\u00bbRGBA(255,255,255,0)\u00bb _builder_version=\u00bb4.23.1&#8243; _module_preset=\u00bbdefault\u00bb title_font=\u00bbArial Rounded|||on|||||\u00bb title_text_color=\u00bb#102569&#8243; title_font_size=\u00bb36px\u00bb title_line_height=\u00bb3em\u00bb background_color=\u00bbRGBA(255,255,255,0)\u00bb background_image=\u00bbhttps:\/\/educem.com\/wp-content\/uploads\/2023\/11\/Escape-Room-VII-Mostra-emprenedors-2019-scaled.jpg\u00bb min_height=\u00bb700px\u00bb custom_padding=\u00bb550px||||false|false\u00bb title_font_size_tablet=\u00bb36px\u00bb title_font_size_phone=\u00bb22px\u00bb title_font_size_last_edited=\u00bbon|phone\u00bb global_colors_info=\u00bb{}\u00bb][\/et_pb_fullwidth_header][\/et_pb_section][et_pb_section fb_built=\u00bb1&#8243; _builder_version=\u00bb4.22.2&#8243; _module_preset=\u00bbdefault\u00bb global_colors_info=\u00bb{}\u00bb][et_pb_row custom_padding_last_edited=\u00bbon|phone\u00bb _builder_version=\u00bb4.22.2&#8243; _module_preset=\u00bbdefault\u00bb custom_padding=\u00bb|50px||50px|false|true\u00bb custom_padding_tablet=\u00bb|50px||50px|false|true\u00bb custom_padding_phone=\u00bb|0px||0px|false|true\u00bb global_colors_info=\u00bb{}\u00bb][et_pb_column type=\u00bb4_4&#8243; _builder_version=\u00bb4.22.2&#8243; _module_preset=\u00bbdefault\u00bb global_colors_info=\u00bb{}\u00bb][et_pb_text _builder_version=\u00bb4.24.0&#8243; _module_preset=\u00bbdefault\u00bb text_font=\u00bbArial Rounded|700|||||||\u00bb text_text_color=\u00bbgcid-9663e3f2-525a-469f-9b07-5e9681bda370&#8243; text_font_size=\u00bb22px\u00bb text_orientation=\u00bbcenter\u00bb custom_padding=\u00bb|50px||50px|false|true\u00bb custom_padding_tablet=\u00bb|50px||50px|false|true\u00bb custom_padding_phone=\u00bb|0px||0px|false|true\u00bb custom_padding_last_edited=\u00bbon|phone\u00bb global_colors_info=\u00bb{%22gcid-9663e3f2-525a-469f-9b07-5e9681bda370%22:%91%22text_text_color%22%93}\u00bb]<\/p>\n<p><span style=\"font-weight: 400;\">Destaca en el mundo de la empresa con el Ciclo Formativo Administraci\u00f3n y Finanzas (AIF). Educem, 80 a\u00f1os de FP en el coraz\u00f3n de Granollers, 80 a\u00f1os forjando profesionales de la empresa.<\/span><\/p>\n<p>[\/et_pb_text][\/et_pb_column][\/et_pb_row][\/et_pb_section][et_pb_section fb_built=\u00bb1&#8243; _builder_version=\u00bb4.22.2&#8243; _module_preset=\u00bbdefault\u00bb background_color=\u00bb#fde7d1&#8243; global_colors_info=\u00bb{}\u00bb][et_pb_row _builder_version=\u00bb4.22.2&#8243; _module_preset=\u00bbdefault\u00bb global_colors_info=\u00bb{}\u00bb][et_pb_column type=\u00bb4_4&#8243; _builder_version=\u00bb4.22.2&#8243; _module_preset=\u00bbdefault\u00bb global_colors_info=\u00bb{}\u00bb][et_pb_text _builder_version=\u00bb4.22.2&#8243; _module_preset=\u00bbdefault\u00bb text_font=\u00bbArial Rounded||||||||\u00bb text_text_color=\u00bb#1d2967&#8243; header_2_font=\u00bbArial Rounded|||on|||||\u00bb header_2_text_align=\u00bbcenter\u00bb header_2_font_size=\u00bb32px\u00bb global_colors_info=\u00bb{}\u00bb]<\/p>\n<h2>Planteamiento<\/h2>\n<p>[\/et_pb_text][\/et_pb_column][\/et_pb_row][et_pb_row column_structure=\u00bb1_3,2_3&#8243; _builder_version=\u00bb4.22.2&#8243; _module_preset=\u00bbdefault\u00bb global_colors_info=\u00bb{}\u00bb][et_pb_column type=\u00bb1_3&#8243; _builder_version=\u00bb4.22.2&#8243; _module_preset=\u00bbdefault\u00bb global_colors_info=\u00bb{}\u00bb][et_pb_video src=\u00bbhttps:\/\/youtu.be\/WdK5QneOcJg\u00bb _builder_version=\u00bb4.22.2&#8243; _module_preset=\u00bbdefault\u00bb global_colors_info=\u00bb{}\u00bb][\/et_pb_video][\/et_pb_column][et_pb_column type=\u00bb2_3&#8243; _builder_version=\u00bb4.22.2&#8243; _module_preset=\u00bbdefault\u00bb global_colors_info=\u00bb{}\u00bb][et_pb_text _builder_version=\u00bb4.23.1&#8243; _module_preset=\u00bbdefault\u00bb global_colors_info=\u00bb{}\u00bb]<\/p>\n<p><span style=\"font-weight: 400;\">Desde sus inicios, EDUCEM ha apostado por la formaci\u00f3n profesional. Nuestra trayectoria en esta etapa educadora <strong>supera los 80 a\u00f1os<\/strong>.<\/span><\/p>\n<p>El ciclo de Administraci\u00f3n y Finanzas se encuentra dentro de la familia profesional de administraci\u00f3n. Este ciclo tiene en EDUCEM un enfoque te\u00f3rico-pr\u00e1ctico con la finalidad de preparar al alumno\/a con una s\u00f3lida base de cara a las diferentes salidas acad\u00e9micas que posibilita el ciclo y a facilitar la transici\u00f3n al mundo laboral.<\/p>\n<p>Adem\u00e1s, buscamos que <strong>el alumnado se motive para el estudio,<\/strong> que todo lo que se estudia tenga una finalidad real relacionada con el trabajo. Asimismo, se considera que hay que reciclarse para seguir siendo un buen profesional, tanto en el \u00e1mbito de conceptos y procedimientos como en cuanto a capacidades clave, con el fin de garantizar su incorporaci\u00f3n dentro del mundo laboral. Por ello, <strong>la metodolog\u00eda de trabajo de EDUCEM es muy din\u00e1mica y pr\u00e1ctica.<\/strong><\/p>\n<p>[\/et_pb_text][\/et_pb_column][\/et_pb_row][\/et_pb_section][et_pb_section fb_built=\u00bb1&#8243; _builder_version=\u00bb4.22.2&#8243; _module_preset=\u00bbdefault\u00bb global_colors_info=\u00bb{}\u00bb][et_pb_row custom_padding_last_edited=\u00bbon|phone\u00bb _builder_version=\u00bb4.22.2&#8243; _module_preset=\u00bbdefault\u00bb custom_padding=\u00bb50px|50px|50px|50px|true|true\u00bb custom_padding_tablet=\u00bb50px|50px|50px|50px|true|true\u00bb custom_padding_phone=\u00bb25px|25px|25px|25px|true|true\u00bb border_width_all=\u00bb4px\u00bb border_color_all=\u00bbgcid-d809cb4a-3cf6-4a6e-a54c-2245ace4a999&#8243; global_colors_info=\u00bb{%22gcid-d809cb4a-3cf6-4a6e-a54c-2245ace4a999%22:%91%22border_color_all%22%93}\u00bb][et_pb_column type=\u00bb4_4&#8243; _builder_version=\u00bb4.22.2&#8243; _module_preset=\u00bbdefault\u00bb global_colors_info=\u00bb{}\u00bb][et_pb_text _builder_version=\u00bb4.23.1&#8243; _module_preset=\u00bbdefault\u00bb custom_padding=\u00bb|50px||50px|false|false\u00bb custom_padding_tablet=\u00bb|50px||50px|false|false\u00bb custom_padding_phone=\u00bb|0px||0px|false|true\u00bb custom_padding_last_edited=\u00bbon|phone\u00bb global_colors_info=\u00bb{}\u00bb]<\/p>\n<p><b>Soporte inform\u00e1tico en el ciclo:<\/b> La mayor parte de los m\u00f3dulos, adem\u00e1s de los contenidos te\u00f3ricos y pr\u00e1cticos, se trabajan con soporte inform\u00e1tico. Aparte de los contenidos trabajados en el m\u00f3dulo de Ofim\u00e1tica y proceso de la informaci\u00f3n, tambi\u00e9n se imparten como complemento de los contenidos de cada asignatura, la aplicaci\u00f3n de diferentes programas de gest\u00f3n empresarial del grupo software DELSOL que integra programas como el <strong>Contasol, Factusol y Nominasol<\/strong>. Dentro de las materias de <strong>contabilidad y fiscalidad<\/strong>, se hacen simulaciones de declaraciones y liquidaciones de los <strong>diferentes impuestos, IRPF, IVA, IS,<\/strong> etc. mediante soporte inform\u00e1tico con la utilizaci\u00f3n de programas de gesti\u00f3n de la AEAT.<\/p>\n<p>[\/et_pb_text][\/et_pb_column][\/et_pb_row][\/et_pb_section][et_pb_section fb_built=\u00bb1&#8243; _builder_version=\u00bb4.22.2&#8243; _module_preset=\u00bbdefault\u00bb background_color=\u00bbRGBA(255,255,255,0)\u00bb global_colors_info=\u00bb{}\u00bb][et_pb_row custom_padding_last_edited=\u00bbon|phone\u00bb _builder_version=\u00bb4.22.2&#8243; _module_preset=\u00bbdefault\u00bb background_color=\u00bbgcid-9663e3f2-525a-469f-9b07-5e9681bda370&#8243; custom_padding=\u00bb50px|50px|50px|50px|true|true\u00bb custom_padding_tablet=\u00bb50px|50px|50px|50px|true|true\u00bb custom_padding_phone=\u00bb25px|25px|25px|25px|true|true\u00bb global_colors_info=\u00bb{%22gcid-9663e3f2-525a-469f-9b07-5e9681bda370%22:%91%22background_color%22%93}\u00bb][et_pb_column type=\u00bb4_4&#8243; _builder_version=\u00bb4.22.2&#8243; _module_preset=\u00bbdefault\u00bb global_colors_info=\u00bb{}\u00bb][et_pb_text _builder_version=\u00bb4.27.4&#8243; _module_preset=\u00bbdefault\u00bb text_font=\u00bbArial||||||||\u00bb text_text_color=\u00bb#FFFFFF\u00bb custom_padding=\u00bb|50px||50px|false|true\u00bb custom_padding_tablet=\u00bb|50px||50px|false|true\u00bb custom_padding_phone=\u00bb|0px||0px|false|true\u00bb custom_padding_last_edited=\u00bbon|phone\u00bb global_colors_info=\u00bb{}\u00bb]<\/p>\n<p>Dentro del m\u00f3dulo optativo en EDUCEM ofrecemos <strong>la especializaci\u00f3n en comercio internacional<\/strong> para que el alumnado est\u00e9 preparado para dar respuesta a las necesidades de las empresas actuales. El ciclo incorpora un temario de <strong>marketing y publicidad<\/strong> tratado a partir del an\u00e1lisis y desarrollo de casos pr\u00e1cticos reales. En el m\u00f3dulo <strong>Gesti\u00f3n log\u00edstica y comercial<\/strong> se tratan casos reales de importaci\u00f3n-exportaci\u00f3n y se ve la optimizaci\u00f3n de la cadena log\u00edstica desde una perspectiva internacional, ampliada y enfocada con t\u00e9cnicas de comercio exterior.<\/p>\n<p>Asimismo, las necesidades de un mercado de trabajo integrado en la Uni\u00f3n Europea causan que <strong>la lengua inglesa<\/strong> sea fundamental en la inserci\u00f3n laboral del alumnado de los ciclos formativos. Por este motivo, en este ciclo dise\u00f1amos actividades de ense\u00f1anza &#8211; aprendizaje que incorporan su utilizaci\u00f3n, as\u00ed como el m\u00f3dulo espec\u00edfico de Ingl\u00e9s.<\/p>\n<p>Durante el segundo curso del ciclo se realiza un <strong>proyecto empresarial pr\u00e1ctico<\/strong> basado en la creaci\u00f3n de una empresa, en el que se desarrolla el proceso de constituci\u00f3n y se demuestra tanto su viabilidad comercial como financiera a partir de un plan de empresa.<\/p>\n<p>[\/et_pb_text][\/et_pb_column][\/et_pb_row][\/et_pb_section][et_pb_section fb_built=\u00bb1&#8243; _builder_version=\u00bb4.22.2&#8243; _module_preset=\u00bbdefault\u00bb global_colors_info=\u00bb{}\u00bb][et_pb_row _builder_version=\u00bb4.22.2&#8243; _module_preset=\u00bbdefault\u00bb global_colors_info=\u00bb{}\u00bb][et_pb_column type=\u00bb4_4&#8243; _builder_version=\u00bb4.22.2&#8243; _module_preset=\u00bbdefault\u00bb global_colors_info=\u00bb{}\u00bb][et_pb_text module_class=\u00bbed-titolh2&#8243; _builder_version=\u00bb4.22.2&#8243; _module_preset=\u00bbdefault\u00bb header_2_font=\u00bbArial Rounded|600||on|||||\u00bb header_2_text_align=\u00bbcenter\u00bb header_2_font_size=\u00bb32px\u00bb background_color=\u00bb#FFFFFF\u00bb global_colors_info=\u00bb{}\u00bb]<\/p>\n<h2>Salidas y actividades<\/h2>\n<p>[\/et_pb_text][\/et_pb_column][\/et_pb_row][et_pb_row _builder_version=\u00bb4.22.2&#8243; _module_preset=\u00bbdefault\u00bb global_colors_info=\u00bb{}\u00bb][et_pb_column type=\u00bb4_4&#8243; _builder_version=\u00bb4.22.2&#8243; _module_preset=\u00bbdefault\u00bb global_colors_info=\u00bb{}\u00bb][et_pb_text _builder_version=\u00bb4.23.1&#8243; _module_preset=\u00bbdefault\u00bb global_colors_info=\u00bb{}\u00bb]<\/p>\n<p>En el ciclo se realizan diversas <strong>salidas y actividades en instituciones, empresas, ferias sectoriales de inter\u00e9s y seminarios y charlas<\/strong> de temas diversos de car\u00e1cter econ\u00f3mico para completar los conocimientos acad\u00e9micos y dar una visi\u00f3n m\u00e1s cercana y actual de la realidad empresarial.<\/p>\n<p>[\/et_pb_text][\/et_pb_column][\/et_pb_row][\/et_pb_section][et_pb_section fb_built=\u00bb1&#8243; _builder_version=\u00bb4.22.2&#8243; _module_preset=\u00bbdefault\u00bb global_colors_info=\u00bb{}\u00bb][et_pb_row _builder_version=\u00bb4.22.2&#8243; _module_preset=\u00bbdefault\u00bb background_color=\u00bbgcid-b775d63c-59f7-498d-8738-fdda035f864c\u00bb custom_padding=\u00bb50px|50px||50px|false|true\u00bb global_colors_info=\u00bb{%22gcid-b775d63c-59f7-498d-8738-fdda035f864c%22:%91%22background_color%22%93}\u00bb][et_pb_column type=\u00bb4_4&#8243; _builder_version=\u00bb4.22.2&#8243; _module_preset=\u00bbdefault\u00bb global_colors_info=\u00bb{}\u00bb][et_pb_text _builder_version=\u00bb4.22.2&#8243; _module_preset=\u00bbdefault\u00bb header_2_font=\u00bbArial Rounded|600||on|||||\u00bb header_2_text_align=\u00bbcenter\u00bb header_2_font_size=\u00bb32px\u00bb global_colors_info=\u00bb{}\u00bb]<\/p>\n<h2>Horarios<\/h2>\n<p>[\/et_pb_text][\/et_pb_column][\/et_pb_row][et_pb_row column_structure=\u00bb1_3,2_3&#8243; _builder_version=\u00bb4.22.2&#8243; _module_preset=\u00bbdefault\u00bb background_color=\u00bbgcid-b775d63c-59f7-498d-8738-fdda035f864c\u00bb custom_padding=\u00bb|50px|50px|50px|false|true\u00bb global_colors_info=\u00bb{%22gcid-b775d63c-59f7-498d-8738-fdda035f864c%22:%91%22background_color%22%93}\u00bb][et_pb_column type=\u00bb1_3&#8243; _builder_version=\u00bb4.22.2&#8243; _module_preset=\u00bbdefault\u00bb global_colors_info=\u00bb{}\u00bb][et_pb_image src=\u00bbhttps:\/\/educem.com\/wp-content\/uploads\/2023\/10\/calendari.png\u00bb title_text=\u00bbcalendario\u00bb align=\u00bbcenter\u00bb _builder_version=\u00bb4.22.2&#8243; _module_preset=\u00bbdefault\u00bb global_colors_info=\u00bb{}\u00bb][\/et_pb_image][\/et_pb_column][et_pb_column type=\u00bb2_3&#8243; _builder_version=\u00bb4.22.2&#8243; _module_preset=\u00bbdefault\u00bb global_colors_info=\u00bb{}\u00bb][et_pb_text _builder_version=\u00bb4.27.4&#8243; _module_preset=\u00bbdefault\u00bb custom_padding=\u00bb||0px|||\u00bb global_colors_info=\u00bb{}\u00bb]<\/p>\n<p>Las clases se imparten en horario de tarde:<\/p>\n<ul class=\"ed_ptr\">\n<li>De lunes a jueves de 14.30 o 15.00 a 20.30 h.<\/li>\n<li>Viernes de 15.00 a 19.30 h.<\/li>\n<\/ul>\n<p>Este horario permite <strong>compatibilizar estudios y trabajo.<\/strong><br \/>Las pr\u00e1cticas en empresa tendr\u00e1n una duraci\u00f3n de 515 horas.<br \/><em><strong>\u00a0 \u00a0 (*) El horario puede ser modificado en funci\u00f3n de la distribuci\u00f3n de m\u00f3dulos.<\/strong><\/em><\/p>\n<p>[\/et_pb_text][\/et_pb_column][\/et_pb_row][\/et_pb_section][et_pb_section fb_built=\u00bb1&#8243; _builder_version=\u00bb4.22.2&#8243; _module_preset=\u00bbdefault\u00bb global_colors_info=\u00bb{}\u00bb][et_pb_row _builder_version=\u00bb4.22.2&#8243; _module_preset=\u00bbdefault\u00bb global_colors_info=\u00bb{}\u00bb][et_pb_column type=\u00bb4_4&#8243; _builder_version=\u00bb4.22.2&#8243; _module_preset=\u00bbdefault\u00bb global_colors_info=\u00bb{}\u00bb][et_pb_text module_class=\u00bbed-titolh2&#8243; _builder_version=\u00bb4.22.2&#8243; _module_preset=\u00bbdefault\u00bb header_2_font=\u00bbArial Rounded|600||on|||||\u00bb header_2_text_align=\u00bbcenter\u00bb header_2_font_size=\u00bb32px\u00bb background_color=\u00bb#FFFFFF\u00bb global_colors_info=\u00bb{}\u00bb]<\/p>\n<h2>POR QU\u00c9 ESTUDIAR EL CICLO DE ADMINISTRACI\u00d3N Y FINANZAS<br \/>\n\u00bfA EDUCEM?<\/h2>\n<p>[\/et_pb_text][\/et_pb_column][\/et_pb_row][et_pb_row column_structure=\u00bb1_2,1_2&#8243; _builder_version=\u00bb4.22.2&#8243; _module_preset=\u00bbdefault\u00bb global_colors_info=\u00bb{}\u00bb][et_pb_column type=\u00bb1_2&#8243; _builder_version=\u00bb4.22.2&#8243; _module_preset=\u00bbdefault\u00bb global_colors_info=\u00bb{}\u00bb][et_pb_text _builder_version=\u00bb4.23.1&#8243; _module_preset=\u00bbdefault\u00bb global_colors_info=\u00bb{}\u00bb]<\/p>\n<ul class=\"ed_ptr\">\n<li><strong>Experiencia<\/strong> en el ciclo de AIF, llevamos haciendo el ciclo desde 1997.<\/li>\n<li><strong>Profesorado especializado<\/strong> por \u00e1reas tem\u00e1ticas, licenciados en Econom\u00eda, en Derecho e Inform\u00e1tica ser\u00e1n tus profesores.<\/li>\n<li>Ciclo <strong>informatizado<\/strong> en un 50%.<\/li>\n<li>Se desarrollan contenidos adicionales: horas de libre disposici\u00f3n destinadas a <strong>marketing, publicidad<\/strong> e investigaci\u00f3n comercial.<\/li>\n<li>Seguimiento continuado al alumno\/a y adaptaci\u00f3n a las <strong>circunstancias personales.<\/strong><\/li>\n<\/ul>\n<p>[\/et_pb_text][\/et_pb_column][et_pb_column type=\u00bb1_2&#8243; _builder_version=\u00bb4.22.2&#8243; _module_preset=\u00bbdefault\u00bb global_colors_info=\u00bb{}\u00bb][et_pb_text _builder_version=\u00bb4.23.1&#8243; _module_preset=\u00bbdefault\u00bb global_colors_info=\u00bb{}\u00bb]<\/p>\n<ul class=\"ed_ptr\">\n<li>Si trabajas podr\u00e1s <strong>compatibilizar trabajo y estudios!<\/strong><\/li>\n<li>Si no trabajas podr\u00e1s realizar las <strong>pr\u00e1cticas en empresas punteras<\/strong> de la comarca. Estudiar en horario de tarde nos permite potenciar las practicas en la empresa (FCT) y encontrar trabajo en los ma\u00f1anas!<\/li>\n<li>EDUCEM tiene otorgada la <strong>Carta Erasmus<\/strong>.<\/li>\n<li>En la escuela EDUCEM se realizan unos <strong>proyectos empresariales punteros<\/strong>.<\/li>\n<li>En EDUCEM Administraci\u00f3n y Finanzas es un ciclo <strong>concertado<\/strong>.<\/li>\n<\/ul>\n<p>[\/et_pb_text][\/et_pb_column][\/et_pb_row][et_pb_row _builder_version=\u00bb4.22.2&#8243; _module_preset=\u00bbdefault\u00bb global_colors_info=\u00bb{}\u00bb][et_pb_column type=\u00bb4_4&#8243; _builder_version=\u00bb4.22.2&#8243; _module_preset=\u00bbdefault\u00bb global_colors_info=\u00bb{}\u00bb][et_pb_text _builder_version=\u00bb4.23.1&#8243; _module_preset=\u00bbdefault\u00bb header_2_font=\u00bbArial Rounded|600||on|||||\u00bb header_2_text_align=\u00bbcenter\u00bb header_2_text_color=\u00bbgcid-d809cb4a-3cf6-4a6e-a54c-2245ace4a999&#8243; header_2_font_size=\u00bb32px\u00bb header_2_letter_spacing=\u00bb1px\u00bb header_2_line_height=\u00bb1.4em\u00bb global_colors_info=\u00bb{%22gcid-d809cb4a-3cf6-4a6e-a54c-2245ace4a999%22:%91%22header_2_text_color%22%93}\u00bb]<\/p>\n<h2><span style=\"font-weight: 400;\">Inscripci\u00f3n y matr\u00edcula directamente en el centro a partir de enero.<\/span><\/h2>\n<p>[\/et_pb_text][et_pb_button button_url=\u00bb#informa\u00bb button_text=\u00bbInf\u00f3rmate y matric\u00falate\u00bb button_alignment=\u00bbcenter\u00bb _builder_version=\u00bb4.24.0&#8243; _module_preset=\u00bbdefault\u00bb locked=\u00bboff\u00bb global_colors_info=\u00bb{}\u00bb][\/et_pb_button][\/et_pb_column][\/et_pb_row][\/et_pb_section][et_pb_section fb_built=\u00bb1&#8243; _builder_version=\u00bb4.22.2&#8243; _module_preset=\u00bbdefault\u00bb background_color=\u00bbgcid-09c858cd-8520-4fb5-b2fa-491252a03b0c\u00bb global_colors_info=\u00bb{%22gcid-09c858cd-8520-4fb5-b2fa-491252a03b0c%22:%91%22background_color%22%93}\u00bb][et_pb_row _builder_version=\u00bb4.22.2&#8243; _module_preset=\u00bbdefault\u00bb global_colors_info=\u00bb{}\u00bb][et_pb_column type=\u00bb4_4&#8243; _builder_version=\u00bb4.22.2&#8243; _module_preset=\u00bbdefault\u00bb global_colors_info=\u00bb{}\u00bb][et_pb_text _builder_version=\u00bb4.22.2&#8243; _module_preset=\u00bbdefault\u00bb header_2_font=\u00bbArial Rounded|600||on|||||\u00bb header_2_text_align=\u00bbcenter\u00bb header_2_font_size=\u00bb32px\u00bb global_colors_info=\u00bb{}\u00bb]<\/p>\n<h2>TITULACI\u00d3N: T\u00c9CNICO SUPERIOR EN ADMINISTRACI\u00d3N Y FINANZAS<\/h2>\n<p>[\/et_pb_text][\/et_pb_column][\/et_pb_row][et_pb_row _builder_version=\u00bb4.22.2&#8243; _module_preset=\u00bbdefault\u00bb global_colors_info=\u00bb{}\u00bb][et_pb_column type=\u00bb4_4&#8243; _builder_version=\u00bb4.22.2&#8243; _module_preset=\u00bbdefault\u00bb global_colors_info=\u00bb{}\u00bb][et_pb_text module_class=\u00bbed-titpet\u00bb _builder_version=\u00bb4.22.2&#8243; _module_preset=\u00bbdefault\u00bb header_font=\u00bbArial Rounded||||||||\u00bb header_2_font=\u00bbArial Rounded|||on||||#fde7d1|\u00bb header_2_text_align=\u00bbleft\u00bb header_2_font_size=\u00bb16px\u00bb header_2_line_height=\u00bb0em\u00bb background_enable_color=\u00bboff\u00bb custom_margin=\u00bb||25px||false|false\u00bb custom_padding=\u00bb||0px||false|false\u00bb border_color_all=\u00bb#fde7d1&#8243; border_width_bottom=\u00bb4px\u00bb border_color_bottom=\u00bb#FFFFFF\u00bb global_colors_info=\u00bb{}\u00bb custom_margin__hover_enabled=\u00bboff|desktop\u00bb]<\/p>\n<h2>Acceso a los ciclos formativos de grado superior:<\/h2>\n<p>[\/et_pb_text][et_pb_text _builder_version=\u00bb4.22.2&#8243; _module_preset=\u00bbdefault\u00bb global_colors_info=\u00bb{}\u00bb]<\/p>\n<p>El alumnado con la siguiente titulaci\u00f3n tiene acceso directo:<\/p>\n<ul class=\"ed_ptr\">\n<li>Bachillerato o equivalente.<\/li>\n<li>T\u00edtulo de FP-2.<\/li>\n<li>Tener cualquier titulaci\u00f3n universitaria.<\/li>\n<li>Haber superado la prueba de acceso a la Universidad para mayores de 25 a\u00f1os.<\/li>\n<li>Tener el t\u00edtulo de T\u00e9cnicoSuperior por haber superado otro ciclo formativo de grado superior.<\/li>\n<li>T\u00edtulo de T\u00e9cnico en Grado Medio de cualquier especialidad.<\/li>\n<\/ul>\n<p>En el caso de <strong>NO<\/strong> tener una de las titulaciones anteriores, hay que hacer la Prueba de Acceso a Ciclos Formativos de Grado Superior (PPAS) o el Curso Espec\u00edfico para el Acceso a los Ciclos de Grado Superior (CAS).<\/p>\n<p>Tanto el Curso espec\u00edfico de Acceso (CAS) como la Preparaci\u00f3n a la Prueba de Acceso (PPAS) se pueden estudiar en nuestro centro.<\/p>\n<p>[\/et_pb_text][\/et_pb_column][\/et_pb_row][et_pb_row column_structure=\u00bb1_2,1_2&#8243; _builder_version=\u00bb4.22.2&#8243; _module_preset=\u00bbdefault\u00bb global_colors_info=\u00bb{}\u00bb][et_pb_column type=\u00bb1_2&#8243; _builder_version=\u00bb4.22.2&#8243; _module_preset=\u00bbdefault\u00bb global_colors_info=\u00bb{}\u00bb][et_pb_text module_class=\u00bbed-titpet\u00bb _builder_version=\u00bb4.22.2&#8243; _module_preset=\u00bbdefault\u00bb header_font=\u00bbArial Rounded||||||||\u00bb header_2_font=\u00bbArial Rounded|||on||||#fde7d1|\u00bb header_2_text_align=\u00bbleft\u00bb header_2_font_size=\u00bb16px\u00bb header_2_line_height=\u00bb0em\u00bb background_enable_color=\u00bboff\u00bb custom_margin=\u00bb||25px||false|false\u00bb custom_padding=\u00bb||0px||false|false\u00bb border_color_all=\u00bb#fde7d1&#8243; border_width_bottom=\u00bb4px\u00bb border_color_bottom=\u00bb#FFFFFF\u00bb global_colors_info=\u00bb{}\u00bb custom_margin__hover_enabled=\u00bboff|desktop\u00bb]<\/p>\n<h2>Perfil profesional:<\/h2>\n<p>[\/et_pb_text][et_pb_text module_class=\u00bbed-titpet\u00bb _builder_version=\u00bb4.22.2&#8243; _module_preset=\u00bbdefault\u00bb header_font=\u00bbArial Rounded||||||||\u00bb header_2_font=\u00bbArial Rounded|||on||||#fde7d1|\u00bb header_2_text_align=\u00bbleft\u00bb header_2_font_size=\u00bb16px\u00bb header_2_line_height=\u00bb0em\u00bb background_enable_color=\u00bboff\u00bb custom_margin=\u00bb||25px||false|false\u00bb custom_padding=\u00bb||0px||false|false\u00bb border_color_all=\u00bb#fde7d1&#8243; border_width_bottom=\u00bb4px\u00bb border_color_bottom=\u00bb#FFFFFF\u00bb global_colors_info=\u00bb{}\u00bb custom_margin__hover_enabled=\u00bboff|desktop\u00bb]<\/p>\n<h2>Competencia General<\/h2>\n<p>[\/et_pb_text][et_pb_text _builder_version=\u00bb4.23.1&#8243; _module_preset=\u00bbdefault\u00bb global_colors_info=\u00bb{}\u00bb]<\/p>\n<p>La competencia general de este t\u00edtulo consiste en organizar y ejecutar las operaciones de gesti\u00f3n y administraci\u00f3n en los procesos comerciales, laboral contables, fiscales y financieros de una empresa p\u00fablica o privada, aplicando la normativa vigente y los protocolos de gesti\u00f3n de calidad, gestionando la informaci\u00f3n, asegurando la satisfacci\u00f3n del cliente y\/o usuario y actuando seg\u00fan las normas de prevenci\u00f3n de riesgos laborales y protecci\u00f3n medioambiental.<\/p>\n<p>[\/et_pb_text][et_pb_text module_class=\u00bbed-titpet\u00bb _builder_version=\u00bb4.22.2&#8243; _module_preset=\u00bbdefault\u00bb header_font=\u00bbArial Rounded||||||||\u00bb header_2_font=\u00bbArial Rounded|||on||||#fde7d1|\u00bb header_2_text_align=\u00bbleft\u00bb header_2_font_size=\u00bb16px\u00bb header_2_line_height=\u00bb0em\u00bb background_enable_color=\u00bboff\u00bb custom_margin=\u00bb||25px||false|false\u00bb custom_padding=\u00bb||0px||false|false\u00bb border_color_all=\u00bb#fde7d1&#8243; border_width_bottom=\u00bb4px\u00bb border_color_bottom=\u00bb#FFFFFF\u00bb global_colors_info=\u00bb{}\u00bb custom_margin__hover_enabled=\u00bboff|desktop\u00bb]<\/p>\n<h2>Unidades de Competencia:<\/h2>\n<p>[\/et_pb_text][et_pb_text _builder_version=\u00bb4.22.2&#8243; _module_preset=\u00bbdefault\u00bb global_colors_info=\u00bb{}\u00bb]<\/p>\n<ul class=\"ed_ptr\">\n<li>Tramitar documentos o comunicaciones internas o externas en los<br \/>\ncircuitos de informaci\u00f3n de la empresa.<\/li>\n<li>Elaborar documentos y comunicaciones a partir de \u00f3rdenes recibidas,<br \/>\ninformaci\u00f3n obtenida y\/o necesidades detectadas.<\/p>\n<li>Detectar necesidades administrativas o de gesti\u00f3n de la empresa de<br \/>\ndiversos tipos, a partir del an\u00e1lisis de la informaci\u00f3n disponible y de<br \/>\nel entorno.<\/p>\n<li>Proponer l\u00edneas de actuaci\u00f3n encaminadas a mejorar la eficiencia de los procesos administrativos en los que interviene.<\/li>\n<li>Clasificar, registrar y archivar comunicaciones y documentos seg\u00fan las t\u00e9cnicas apropiadas y los par\u00e1metros establecidos en la empresa.<\/li>\n<li>Gestionar los procesos de tramitaci\u00f3n administrativa empresarial en relaci\u00f3n a las \u00e1reas comercial, financiera, contable y fiscal, con una visi\u00f3n integradora de estos procesos.<\/li>\n<li>Realizar la gesti\u00f3n contable y fiscal de la empresa, seg\u00fan los procesos y procedimientos administrativos, aplicando la normativa vigente y en condiciones de seguridad y calidad.<\/li>\n<li>Supervisar la gesti\u00f3n de tesorer\u00eda, la captaci\u00f3n de recursos financieros y el estudio de viabilidad de proyectos de inversi\u00f3n, siguiendo las normas y protocolos establecidos.<\/li>\n<li>Aplicar los procesos administrativos establecidos en la selecci\u00f3n, contrataci\u00f3n, formaci\u00f3n y desarrollo de los recursos humanos, junt\u00e1ndose a la normativa vigente y a la pol\u00edtica empresarial.<\/li>\n<li>Organizar y supervisar la gesti\u00f3n administrativa de personal de la empresa, ajust\u00e1ndose a la normativa laboral vigente y a los protocolos establecidos.<\/li>\n<li>Realizar la gesti\u00f3n administrativa de los procesos comerciales, llevando a cabo las tareas de documentaci\u00f3n y las actividades de negociaci\u00f3n con proveedores, y de asesoramiento y relaci\u00f3n con el cliente.<\/li>\n<li>Atender a los cliente\/usuarios en el \u00e1mbito administrativo y comercial asegurando los niveles de calidad establecidos y ajust\u00e1ndose a criterios \u00e9ticos y de imagen de la empresa\/instituci\u00f3n.<\/li>\n<li>Tramitar y realizar la gesti\u00f3n administrativa en la presentaci\u00f3n de documentos en diferentes organismos y administraciones p\u00fablicas, en el plazo y la forma requeridos.<\/li>\n<li>Adaptarse a las nuevas situaciones laborales, manteniendo actualizados los conocimientos cient\u00edficos, t\u00e9cnicos y tecnol\u00f3gicos relativos a su entorno profesional, gestionando su formaci\u00f3n y los recursos existentes en el aprendizaje a lo largo de la vida y utilizando las tecnolog\u00edas de la informaci\u00f3n y la comunicaci\u00f3n.<\/li>\n<li>Resolver situaciones, problemas y contingencias con iniciativa y autonom\u00eda en el \u00e1mbito de su competencia, con creatividad, innovaci\u00f3n y esp\u00edritu de mejora en el trabajo personal y en el de los miembros del equipo.<\/li>\n<li>Organizar y coordinar equipos de trabajo con responsabilidad, supervisando su desarrollo, manteniendo relaciones fluidas y asumiendo el liderazgo, as\u00ed como aportando soluciones a los conflictos grupales que se presenten.<\/li>\n<li>Comunicarse con los iguales, los superiores, los clientes y las personas que est\u00e1n bajo su responsabilidad, utilizando v\u00edas de comunicaci\u00f3n eficaces, transmitiendo la informaci\u00f3n o conocimientos adecuados y respetando la autonom\u00eda y la competencia de las personas que<br \/>\nintervienen en el \u00e1mbito de su trabajo.<\/li>\n<li>Generar entornos seguros en el desarrollo de su trabajo y el de su equipo, supervisando y aplicando los procedimientos de prevenci\u00f3n de riesgos laborales y ambientales, de acuerdo con lo establecido por la normativa y los objetivos de la empresa.<\/li>\n<li>Supervisar y aplicar procedimientos de gesti\u00f3n de la calidad, de accesibilidad universal y de \u00abdise\u00f1o para todos\u00bb, en las actividades profesionales incluidas en los procesos de producci\u00f3n o prestaci\u00f3n de servicios.<\/li>\n<li>Realizar la gesti\u00f3n b\u00e1sica para la creaci\u00f3n y el funcionamiento de una peque\u00f1a empresa y tener iniciativa en su actividad profesional con sentido de la responsabilidad social.<\/li>\n<li>Ejercer sus derechos y cumplir con las obligaciones derivadas de su actividad profesional, de acuerdo con lo establecido en la legislaci\u00f3n vigente, participando activamente en la vida econ\u00f3mica, social y cultural.<\/li>\n<\/ul>\n<p>[\/et_pb_text][\/et_pb_column][et_pb_column type=\u00bb1_2&#8243; _builder_version=\u00bb4.22.2&#8243; _module_preset=\u00bbdefault\u00bb global_colors_info=\u00bb{}\u00bb][et_pb_text module_class=\u00bbed-titpet\u00bb _builder_version=\u00bb4.22.2&#8243; _module_preset=\u00bbdefault\u00bb header_font=\u00bbArial Rounded||||||||\u00bb header_2_font=\u00bbArial Rounded|||on||||#fde7d1|\u00bb header_2_text_align=\u00bbleft\u00bb header_2_font_size=\u00bb16px\u00bb header_2_line_height=\u00bb0em\u00bb background_enable_color=\u00bboff\u00bb custom_margin=\u00bb||25px||false|false\u00bb custom_padding=\u00bb||0px||false|false\u00bb border_color_all=\u00bb#fde7d1&#8243; border_width_bottom=\u00bb4px\u00bb border_color_bottom=\u00bb#FFFFFF\u00bb global_colors_info=\u00bb{}\u00bb custom_margin__hover_enabled=\u00bboff|desktop\u00bb]<\/p>\n<h2>\u00c1mbito profesional y de trabajo:<\/h2>\n<p>[\/et_pb_text][et_pb_text _builder_version=\u00bb4.23.1&#8243; _module_preset=\u00bbdefault\u00bb global_colors_info=\u00bb{}\u00bb]<\/p>\n<p>Las personas que obtienen este t\u00edtulo ejercen su actividad tanto en grandes como en medianas y peque\u00f1as empresas, as\u00ed como en las administraciones p\u00fablicas, ejerciendo tareas administrativas en la gesti\u00f3n y el asesoramiento a las \u00e1reas laboral, comercial, contable y fiscales, ofreciendo un servicio y atenci\u00f3n a los clientes y ciudadanos, realizando tr\u00e1mites administrativos con las administraciones p\u00fablicas y gestionando el archivo y las comunicaciones de la empresa.<\/p>\n<p>Asimismo, el alumno tiene la posibilidad de trabajar en el sector bancario y en el de las Administraciones P\u00fablicas.<\/p>\n<p>El alumno tambi\u00e9n podr\u00eda convertirse en trabajador por cuenta propia, efectuando la gesti\u00f3n de su propia empresa o a trav\u00e9s del ejercicio libre de una actividad econ\u00f3mica, como en una asesor\u00eda financiera, laboral o estudio de proyectos, entre otros.<\/p>\n<p>[\/et_pb_text][et_pb_text module_class=\u00bbed-titpet\u00bb _builder_version=\u00bb4.25.0&#8243; _module_preset=\u00bbdefault\u00bb header_font=\u00bbArial Rounded||||||||\u00bb header_2_font=\u00bbArial Rounded|||on||||#fde7d1|\u00bb header_2_text_align=\u00bbleft\u00bb header_2_font_size=\u00bb16px\u00bb header_2_line_height=\u00bb0em\u00bb background_enable_color=\u00bboff\u00bb custom_margin=\u00bb||25px||false|false\u00bb custom_padding=\u00bb||0px||false|false\u00bb border_color_all=\u00bb#fde7d1&#8243; border_width_bottom=\u00bb4px\u00bb border_color_bottom=\u00bb#FFFFFF\u00bb global_colors_info=\u00bb{}\u00bb custom_margin__hover_enabled=\u00bboff|desktop\u00bb]<\/p>\n<h2>Salidas profesionales<\/h2>\n<p>[\/et_pb_text][et_pb_text _builder_version=\u00bb4.22.2&#8243; _module_preset=\u00bbdefault\u00bb global_colors_info=\u00bb{}\u00bb]Con fines de orientaci\u00f3n profesional, se enumeran a continuaci\u00f3n las ocupaciones y los puestos de trabajo que se pueden desempe\u00f1ar cuando se adquiera la competencia profesional definida por el t\u00edtulo:<\/p>\n<ul class=\"ed_ptr\">\n<li>Administrativo de oficina o de despacho profesional.<\/li>\n<li>Administrativo comercial.<\/li>\n<li>Administrativo de gesti\u00f3n y de personal.<\/li>\n<li>Contable.<\/li>\n<li>Administrativo de banca y de instituciones financieras.<\/li>\n<li>Responsable de tesorer\u00eda.<\/li>\n<li>Responsable de sistemas de pago.<\/li>\n<li>Administrativo de la Administraci\u00f3n P\u00fablica.<\/li>\n<li>T\u00e9cnico en gesti\u00f3n de cobros.<\/li>\n<li>Auxiliar de auditor\u00eda.<\/li>\n<li>Agente comercial de seguros, de bancos y de instituciones financieras.<\/li>\n<p>[\/et_pb_text][\/et_pb_column][\/et_pb_row][\/et_pb_section][et_pb_section fb_built=\u00bb1&#8243; disabled_on=\u00bbon|on|off\u00bb _builder_version=\u00bb4.22.2&#8243; _module_preset=\u00bbdefault\u00bb background_color=\u00bbgcid-9663e3f2-525a-469f-9b07-5e9681bda370&#8243; global_colors_info=\u00bb{%22gcid-9663e3f2-525a-469f-9b07-5e9681bda370%22:%91%22background_color%22%93}\u00bb][et_pb_row column_structure=\u00bb3_5,2_5&#8243; _builder_version=\u00bb4.22.2&#8243; _module_preset=\u00bbdefault\u00bb global_colors_info=\u00bb{}\u00bb][et_pb_column type=\u00bb3_5&#8243; _builder_version=\u00bb4.22.2&#8243; _module_preset=\u00bbdefault\u00bb global_colors_info=\u00bb{}\u00bb][et_pb_image src=\u00bbhttps:\/\/educem.com\/wp-content\/uploads\/2023\/10\/gabardina.png\u00bb title_text=\u00bbgabardina\u00bb _builder_version=\u00bb4.22.2&#8243; _module_preset=\u00bbdefault\u00bb global_colors_info=\u00bb{}\u00bb][\/et_pb_image][\/et_pb_column][et_pb_column type=\u00bb2_5&#8243; _builder_version=\u00bb4.22.2&#8243; _module_preset=\u00bbdefault\u00bb global_colors_info=\u00bb{}\u00bb][et_pb_image src=\u00bbhttps:\/\/educem.com\/wp-content\/uploads\/2023\/10\/carta-uni.png\u00bb title_text=\u00bbcarta-uni\u00bb _builder_version=\u00bb4.22.2&#8243; _module_preset=\u00bbdefault\u00bb global_colors_info=\u00bb{}\u00bb][\/et_pb_image][\/et_pb_column][\/et_pb_row][et_pb_row column_structure=\u00bb1_2,1_2&#8243; _builder_version=\u00bb4.22.2&#8243; _module_preset=\u00bbdefault\u00bb global_colors_info=\u00bb{}\u00bb][et_pb_column type=\u00bb1_2&#8243; _builder_version=\u00bb4.22.2&#8243; _module_preset=\u00bbdefault\u00bb global_colors_info=\u00bb{}\u00bb][et_pb_text module_class=\u00bbed-titpet\u00bb _builder_version=\u00bb4.22.2&#8243; _module_preset=\u00bbdefault\u00bb header_2_font=\u00bbArial Rounded|||on||||#fde7d1|\u00bb header_2_text_align=\u00bbleft\u00bb header_2_text_color=\u00bb#FFFFFF\u00bb header_2_font_size=\u00bb16px\u00bb header_2_line_height=\u00bb0em\u00bb background_enable_color=\u00bboff\u00bb custom_margin=\u00bb||25px||false|false\u00bb custom_padding=\u00bb||0px||false|false\u00bb border_color_all=\u00bb#fde7d1&#8243; border_width_bottom=\u00bb4px\u00bb global_colors_info=\u00bb{}\u00bb custom_margin__hover_enabled=\u00bboff|desktop\u00bb]<\/p>\n<h2>Estudios universitarios al finalizar el ciclo:<\/h2>\n<p>[\/et_pb_text][et_pb_text _builder_version=\u00bb4.23.1&#8243; _module_preset=\u00bbdefault\u00bb text_text_color=\u00bb#FFFFFF\u00bb header_3_font=\u00bbArial Rounded|600||on|||||\u00bb header_3_text_color=\u00bb#FFFFFF\u00bb global_colors_info=\u00bb{}\u00bb]<\/p>\n<p>El alumnado puede acceder a <strong>cualquier estudio universitario oficial de grado<\/strong> con la nota de corte requerida por la Universidad escogida.<\/p>\n<p>Para mejorar su nota de acceso puede presentarse a una o dos asignaturas de modalidad de bachillerato.<\/p>\n<p>[\/et_pb_text][et_pb_text module_class=\u00bbed-titpet\u00bb _builder_version=\u00bb4.25.0&#8243; _module_preset=\u00bbdefault\u00bb header_2_font=\u00bbArial Rounded|||on||||#fde7d1|\u00bb header_2_text_align=\u00bbleft\u00bb header_2_text_color=\u00bb#FFFFFF\u00bb header_2_font_size=\u00bb16px\u00bb header_2_line_height=\u00bb0em\u00bb background_enable_color=\u00bboff\u00bb custom_margin=\u00bb||25px||false|false\u00bb custom_padding=\u00bb||0px||false|false\u00bb border_color_all=\u00bb#fde7d1&#8243; border_width_bottom=\u00bb4px\u00bb global_colors_info=\u00bb{}\u00bb custom_margin__hover_enabled=\u00bboff|desktop\u00bb]<\/p>\n<h2>Ventajas con universidades<\/h2>\n<p>[\/et_pb_text][et_pb_text _builder_version=\u00bb4.25.0&#8243; _module_preset=\u00bbdefault\u00bb text_text_color=\u00bb#FFFFFF\u00bb header_3_font=\u00bbArial Rounded|600||on|||||\u00bb header_3_text_color=\u00bb#FFFFFF\u00bb global_colors_info=\u00bb{}\u00bb]<\/p>\n<p>EDUCEM colabora en la formaci\u00f3n\u00a0de futuros profesores con los programas Practicum de diferentes universidades,\u00a0que hacen estancias de formaci\u00f3n\u00a0en nuestro centro. Por otro lado, los estudiantes de EDUCEM\u00a0disfrutan de interesantes ventajas\u00a0si optan por matricularse en UNIR.<\/p>\n<p>[\/et_pb_text][\/et_pb_column][et_pb_column type=\u00bb1_2&#8243; _builder_version=\u00bb4.22.2&#8243; _module_preset=\u00bbdefault\u00bb global_colors_info=\u00bb{}\u00bb][et_pb_text module_class=\u00bbed-titpet\u00bb _builder_version=\u00bb4.22.2&#8243; _module_preset=\u00bbdefault\u00bb header_2_font=\u00bbArial Rounded|||on||||#fde7d1|\u00bb header_2_text_align=\u00bbleft\u00bb header_2_text_color=\u00bb#FFFFFF\u00bb header_2_font_size=\u00bb16px\u00bb header_2_line_height=\u00bb0em\u00bb background_enable_color=\u00bboff\u00bb custom_margin=\u00bb||25px||false|false\u00bb custom_padding=\u00bb||0px||false|false\u00bb border_color_all=\u00bb#fde7d1&#8243; border_width_bottom=\u00bb4px\u00bb global_colors_info=\u00bb{}\u00bb custom_margin__hover_enabled=\u00bboff|desktop\u00bb]<\/p>\n<h2>Carta erasmus universitaria:<\/h2>\n<p>[\/et_pb_text][et_pb_text _builder_version=\u00bb4.23.1&#8243; _module_preset=\u00bbdefault\u00bb text_text_color=\u00bb#FFFFFF\u00bb header_3_font=\u00bbArial Rounded|600||on|||||\u00bb header_3_text_color=\u00bb#FFFFFF\u00bb global_colors_info=\u00bb{}\u00bb]<\/p>\n<p>La Carta Erasmus Universitaria tiene como finalidad que el alumnado de ciclos formativos de grado superior pueda realizar pr\u00e1cticas en una empresa o organizaci\u00f3n de otro pa\u00eds europeo. Esta estancia permitir\u00e1 al alumno\/a adaptarse a las exigencias del mercado laboral en el \u00e1mbito europeo, adquirir\u00e1 aptitudes espec\u00edficas, experiencia laboral y mejorar\u00e1 la comprensi\u00f3n del entorno econ\u00f3mico y social del pa\u00eds en cuesti\u00f3n.<\/p>\n<p>Podr\u00e1n participar los estudiantes de los ciclos formativos de grado superior que el Claustro de Profesorado haya valorado positivamente por sus resultados acad\u00e9micos y por su actitud. La estancia tiene un periodo m\u00ednimo de 2 meses y medio aproximadamente.<\/p>\n<p>Para m\u00e1s informaci\u00f3n consultad:<\/p>\n<p>http:\/\/www.sepie.es\/formacion-profesional\/index.html<\/p>\n<p>[\/et_pb_text][\/et_pb_column][\/et_pb_row][\/et_pb_section][et_pb_section fb_built=\u00bb1&#8243; _builder_version=\u00bb4.22.2&#8243; _module_preset=\u00bbdefault\u00bb global_colors_info=\u00bb{}\u00bb][et_pb_row _builder_version=\u00bb4.22.2&#8243; _module_preset=\u00bbdefault\u00bb global_colors_info=\u00bb{}\u00bb][et_pb_column type=\u00bb4_4&#8243; _builder_version=\u00bb4.22.2&#8243; _module_preset=\u00bbdefault\u00bb global_colors_info=\u00bb{}\u00bb][et_pb_text _builder_version=\u00bb4.22.2&#8243; _module_preset=\u00bbdefault\u00bb header_2_font=\u00bbArial Rounded|||on|||||\u00bb header_2_text_align=\u00bbcenter\u00bb header_2_font_size=\u00bb32px\u00bb global_colors_info=\u00bb{}\u00bb]<\/p>\n<h2>M\u00d3DULOS PROFESIONALES DEL CFGS DE ADMINISTRACI\u00d3N Y FINANZAS<\/h2>\n<p>[\/et_pb_text][\/et_pb_column][\/et_pb_row][et_pb_row _builder_version=\u00bb4.22.2&#8243; _module_preset=\u00bbdefault\u00bb width_tablet=\u00bb\u00bb width_phone=\u00bb100%\u00bb width_last_edited=\u00bbon|phone\u00bb global_colors_info=\u00bb{}\u00bb][et_pb_column type=\u00bb4_4&#8243; _builder_version=\u00bb4.22.2&#8243; _module_preset=\u00bbdefault\u00bb global_colors_info=\u00bb{}\u00bb][et_pb_code _builder_version=\u00bb4.25.0&#8243; _module_preset=\u00bbdefault\u00bb global_colors_info=\u00bb{}\u00bb]<\/p>\n<table><!-- [et_pb_line_break_holder] -->\u00a0 <\/p>\n<tr><!-- [et_pb_line_break_holder] -->\u00a0 \t<\/p>\n<td><\/td>\n<p><!-- [et_pb_line_break_holder] -->\u00a0 \u00a0 <\/p>\n<td>Comunicaci\u00f3n y atenci\u00f3n al cliente<\/td>\n<p><!-- [et_pb_line_break_holder] -->\u00a0 \u00a0 <\/p>\n<td><\/td>\n<p><!-- [et_pb_line_break_holder] -->\u00a0 <\/tr>\n<p><!-- [et_pb_line_break_holder] -->\u00a0 <\/p>\n<tr><!-- [et_pb_line_break_holder] -->\u00a0 \t<\/p>\n<td><\/td>\n<p><!-- [et_pb_line_break_holder] -->\u00a0 \u00a0 <\/p>\n<td>Gesti\u00f3n de la documentaci\u00f3n jur\u00eddica y empresarial<\/td>\n<p><!-- [et_pb_line_break_holder] -->\u00a0 \u00a0 <\/p>\n<td><\/td>\n<p><!-- [et_pb_line_break_holder] -->\u00a0 <\/tr>\n<p><!-- [et_pb_line_break_holder] -->\u00a0 <\/p>\n<tr><!-- [et_pb_line_break_holder] -->\u00a0 \t<\/p>\n<td><\/td>\n<p><!-- [et_pb_line_break_holder] -->\u00a0 \u00a0 <\/p>\n<td>Proceso integral de la actividad comercial<\/td>\n<p><!-- [et_pb_line_break_holder] -->\u00a0 \u00a0 <\/p>\n<td><\/td>\n<p><!-- [et_pb_line_break_holder] -->\u00a0 <\/tr>\n<p><!-- [et_pb_line_break_holder] -->\u00a0 <\/p>\n<tr><!-- [et_pb_line_break_holder] -->\u00a0 \t<\/p>\n<td><\/td>\n<p><!-- [et_pb_line_break_holder] -->\u00a0 \u00a0 <\/p>\n<td>Recursos Humanos y Responsabilidad Social Corporativa RSC<\/td>\n<p><!-- [et_pb_line_break_holder] -->\u00a0 \u00a0 <\/p>\n<td><\/td>\n<p><!-- [et_pb_line_break_holder] -->\u00a0 <\/tr>\n<p><!-- [et_pb_line_break_holder] -->\u00a0 <\/p>\n<tr><!-- [et_pb_line_break_holder] -->\u00a0 \t<\/p>\n<td><\/td>\n<p><!-- [et_pb_line_break_holder] -->\u00a0 \u00a0 <\/p>\n<td>Ofim\u00e1tica y proceso de la informaci\u00f3n<\/td>\n<p><!-- [et_pb_line_break_holder] -->\u00a0 \u00a0 <\/p>\n<td><\/td>\n<p><!-- [et_pb_line_break_holder] -->\u00a0 <\/tr>\n<p> \u00a0 <\/p>\n<tr><!-- [et_pb_line_break_holder] -->\u00a0 \t<\/p>\n<td><\/td>\n<p><!-- [et_pb_line_break_holder] -->\u00a0 \u00a0 <\/p>\n<td>Gesti\u00f3n de recursos humanos<\/td>\n<p><!-- [et_pb_line_break_holder] -->\u00a0 \u00a0 <\/p>\n<td><\/td>\n<p><!-- [et_pb_line_break_holder] -->\u00a0 <\/tr>\n<p><!-- [et_pb_line_break_holder] --> \u00a0 <\/p>\n<tr><!-- [et_pb_line_break_holder] -->\u00a0 \t<\/p>\n<td><\/td>\n<p><!-- [et_pb_line_break_holder] -->\u00a0 \u00a0 <\/p>\n<td>Gesti\u00f3n financiera<\/td>\n<p><!-- [et_pb_line_break_holder] -->\u00a0 \u00a0 <\/p>\n<td><\/td>\n<p><!-- [et_pb_line_break_holder] -->\u00a0 <\/tr>\n<p><!-- [et_pb_line_break_holder] -->\u00a0 <\/p>\n<tr><!-- [et_pb_line_break_holder] -->\u00a0 \t<\/p>\n<td><\/td>\n<p><!-- [et_pb_line_break_holder] -->\u00a0 \u00a0 <\/p>\n<td>Contabilidad y fiscalidad<\/td>\n<p><!-- [et_pb_line_break_holder] -->\u00a0 \u00a0 <\/p>\n<td><\/td>\n<p><!-- [et_pb_line_break_holder] -->\u00a0 <\/tr>\n<p><!-- [et_pb_line_break_holder] -->\u00a0 <\/p>\n<tr><!-- [et_pb_line_break_holder] -->\u00a0 \t<\/p>\n<td><\/td>\n<p><!-- [et_pb_line_break_holder] -->\u00a0 \u00a0 <\/p>\n<td>Gesti\u00f3n log\u00edstica y comercial<\/td>\n<p><!-- [et_pb_line_break_holder] -->\u00a0 \u00a0 <\/p>\n<td><\/td>\n<p><!-- [et_pb_line_break_holder] -->\u00a0 <\/tr>\n<p><!-- [et_pb_line_break_holder] -->\u00a0 <\/p>\n<tr><!-- [et_pb_line_break_holder] -->\u00a0 \t<\/p>\n<td><\/td>\n<p><!-- [et_pb_line_break_holder] -->\u00a0 \u00a0 <\/p>\n<td>Simulaci\u00f3n empresarial<\/td>\n<p><!-- [et_pb_line_break_holder] -->\u00a0 \u00a0 <\/p>\n<td><\/td>\n<p><!-- [et_pb_line_break_holder] -->\u00a0 <\/tr>\n<p><!-- [et_pb_line_break_holder] --><\/p>\n<tr><!-- [et_pb_line_break_holder] --><\/p>\n<td><\/td>\n<p><!-- [et_pb_line_break_holder] --><\/p>\n<td>Lengua catalana (*)<\/td>\n<p><!-- [et_pb_line_break_holder] --><\/p>\n<td><\/td>\n<p><!-- [et_pb_line_break_holder] --><\/tr>\n<p><!-- [et_pb_line_break_holder] -->\u00a0<\/p>\n<tr><!-- [et_pb_line_break_holder] --><\/p>\n<td><\/td>\n<p><!-- [et_pb_line_break_holder] --><\/p>\n<td>Ingl\u00e9s profesional (*)<\/td>\n<p><!-- [et_pb_line_break_holder] --><\/p>\n<td><\/td>\n<p><!-- [et_pb_line_break_holder] --><\/tr>\n<p><!-- [et_pb_line_break_holder] --><\/p>\n<tr><!-- [et_pb_line_break_holder] -->\u00a0 \t<\/p>\n<td><\/td>\n<p><!-- [et_pb_line_break_holder] -->\u00a0 \u00a0 <\/p>\n<td>Itinerario Profesional para la Ocupabilidad I (*)<\/td>\n<p><!-- [et_pb_line_break_holder] -->\u00a0 \u00a0 <\/p>\n<td><\/td>\n<p><!-- [et_pb_line_break_holder] -->\u00a0 <\/tr>\n<p><!-- [et_pb_line_break_holder] -->\u00a0 <\/p>\n<tr><!-- [et_pb_line_break_holder] -->\u00a0 \t<\/p>\n<td><\/td>\n<p><!-- [et_pb_line_break_holder] -->\u00a0 \u00a0 <\/p>\n<td> Itinerario Profesional para la Ocupabilidad II (*)<\/td>\n<p><!-- [et_pb_line_break_holder] -->\u00a0 \u00a0 <\/p>\n<td><\/td>\n<p><!-- [et_pb_line_break_holder] -->\u00a0 <\/tr>\n<p><!-- [et_pb_line_break_holder] --><\/p>\n<tr>\u00a0<!-- [et_pb_line_break_holder] --><\/p>\n<td><\/td>\n<p>\u00a0<!-- [et_pb_line_break_holder] --><\/p>\n<td>Sostenibilidad aplicada al sistema productivo (*)<\/td>\n<p>\u00a0<!-- [et_pb_line_break_holder] --><\/p>\n<td><\/td>\n<p>\u00a0<!-- [et_pb_line_break_holder] --><\/tr>\n<p><!-- [et_pb_line_break_holder] --><\/p>\n<tr><!-- [et_pb_line_break_holder] --><\/p>\n<td><\/td>\n<p><!-- [et_pb_line_break_holder] --><\/p>\n<td>Digitalizaci\u00f3n aplicada a los sectores productivos (*)<\/td>\n<p><!-- [et_pb_line_break_holder] --><\/p>\n<td><\/td>\n<p><!-- [et_pb_line_break_holder] --><\/tr>\n<p>\u00a0<!-- [et_pb_line_break_holder] --><\/p>\n<tr><!-- [et_pb_line_break_holder] --><\/p>\n<td><\/td>\n<p><!-- [et_pb_line_break_holder] --><\/p>\n<td> Proyecto Intermodular<\/td>\n<p><!-- [et_pb_line_break_holder] --><\/p>\n<td><\/td>\n<p><!-- [et_pb_line_break_holder] --><\/tr>\n<p>\u00a0<!-- [et_pb_line_break_holder] --><\/p>\n<tr><!-- [et_pb_line_break_holder] --><\/p>\n<td><\/td>\n<p><!-- [et_pb_line_break_holder] --><\/p>\n<td>Estancia en la empresa<\/td>\n<p><!-- [et_pb_line_break_holder] --><\/p>\n<td><\/td>\n<p><!-- [et_pb_line_break_holder] --><\/tr>\n<p><!-- [et_pb_line_break_holder] --><\/p>\n<tr><!-- [et_pb_line_break_holder] --><\/p>\n<td><\/td>\n<p><!-- [et_pb_line_break_holder] --><\/p>\n<td>M\u00f3dulo optativo: Marketing internacional<\/td>\n<p><!-- [et_pb_line_break_holder] --><\/p>\n<td><\/td>\n<p><!-- [et_pb_line_break_holder] --><\/tr>\n<p>\u00a0<!-- [et_pb_line_break_holder] -->\u00a0<\/p>\n<tr><!-- [et_pb_line_break_holder] --><\/p>\n<td><\/td>\n<p><!-- [et_pb_line_break_holder] -->\u00a0 \u00a0 <\/p>\n<td><b>TOTAL:<\/b><\/td>\n<p><!-- [et_pb_line_break_holder] -->\u00a0 \u00a0 <\/p>\n<td><b>2.000 horas<\/b><\/td>\n<p><!-- [et_pb_line_break_holder] -->\u00a0 <\/tr>\n<p><!-- [et_pb_line_break_holder] -->\u00a0 <\/p>\n<tr><!-- [et_pb_line_break_holder] -->\u00a0 \t<\/p>\n<td><\/td>\n<p><!-- [et_pb_line_break_holder] -->\u00a0 \u00a0 <\/p>\n<td>El alumnado disfrutar\u00e1 de <strong>una hora semanal de tutor\u00eda<\/strong> en cada curso acad\u00e9mico.<\/td>\n<p><!-- [et_pb_line_break_holder] -->\u00a0 \u00a0 <\/p>\n<td><\/td>\n<p><!-- [et_pb_line_break_holder] -->\u00a0 <\/tr>\n<p>\u00a0<\/p>\n<tr><!-- [et_pb_line_break_holder] --><\/p>\n<td><\/td>\n<p><!-- [et_pb_line_break_holder] --><\/p>\n<td><em>(*) Pendiente de actualitzaci\u00f3n de desarrollo curricular.<\/em><\/td>\n<td><\/td>\n<\/tr>\n<p><!-- [et_pb_line_break_holder] --><\/table>\n<p>[\/et_pb_code][\/et_pb_column][\/et_pb_row][\/et_pb_section][et_pb_section fb_built=\u00bb1&#8243; disabled_on=\u00bboff|off|on\u00bb _builder_version=\u00bb4.22.2&#8243; _module_preset=\u00bbdefault\u00bb background_color=\u00bbgcid-9663e3f2-525a-469f-9b07-5e9681bda370&#8243; global_colors_info=\u00bb{%22gcid-9663e3f2-525a-469f-9b07-5e9681bda370%22:%91%22background_color%22%93}\u00bb][et_pb_row column_structure=\u00bb3_5,2_5&#8243; _builder_version=\u00bb4.22.2&#8243; _module_preset=\u00bbdefault\u00bb global_colors_info=\u00bb{}\u00bb][et_pb_column type=\u00bb3_5&#8243; _builder_version=\u00bb4.22.2&#8243; _module_preset=\u00bbdefault\u00bb global_colors_info=\u00bb{}\u00bb][et_pb_image src=\u00bbhttps:\/\/educem.com\/wp-content\/uploads\/2023\/10\/gabardina.png\u00bb title_text=\u00bbgabardina\u00bb align=\u00bbcenter\u00bb _builder_version=\u00bb4.22.2&#8243; _module_preset=\u00bbdefault\u00bb global_colors_info=\u00bb{}\u00bb][\/et_pb_image][\/et_pb_column][et_pb_column type=\u00bb2_5&#8243; _builder_version=\u00bb4.22.2&#8243; _module_preset=\u00bbdefault\u00bb global_colors_info=\u00bb{}\u00bb][et_pb_text module_class=\u00bbed-titpet\u00bb _builder_version=\u00bb4.22.2&#8243; _module_preset=\u00bbdefault\u00bb header_2_font=\u00bbArial Rounded|||on||||#fde7d1|\u00bb header_2_text_align=\u00bbleft\u00bb header_2_text_color=\u00bb#FFFFFF\u00bb header_2_font_size=\u00bb16px\u00bb header_2_line_height=\u00bb0em\u00bb background_enable_color=\u00bboff\u00bb custom_margin=\u00bb||25px||false|false\u00bb custom_padding=\u00bb||0px||false|false\u00bb border_color_all=\u00bb#fde7d1&#8243; border_width_bottom=\u00bb4px\u00bb global_colors_info=\u00bb{}\u00bb custom_margin__hover_enabled=\u00bboff|desktop\u00bb]<\/p>\n<h2>Estudios universitarios al finalizar el ciclo:<\/h2>\n<p>[\/et_pb_text][et_pb_text _builder_version=\u00bb4.22.2&#8243; _module_preset=\u00bbdefault\u00bb text_text_color=\u00bb#FFFFFF\u00bb header_3_font=\u00bbArial Rounded|600||on|||||\u00bb header_3_text_color=\u00bb#FFFFFF\u00bb global_colors_info=\u00bb{}\u00bb]El alumnado puede acceder a cualquier estudio universitario oficial de grado con la nota de corte requerida por la Universidad escogida.<\/p>\n<p>Para mejorar su nota de acceso puede presentarse a una o dos asignaturas de modalidad de bachillerato.[\/et_pb_text][et_pb_image src=\u00bbhttps:\/\/educem.com\/wp-content\/uploads\/2023\/10\/carta-uni.png\u00bb title_text=\u00bbcarta-uni\u00bb align=\u00bbcenter\u00bb _builder_version=\u00bb4.22.2&#8243; _module_preset=\u00bbdefault\u00bb global_colors_info=\u00bb{}\u00bb][\/et_pb_image][et_pb_text module_class=\u00bbed-titpet\u00bb _builder_version=\u00bb4.22.2&#8243; _module_preset=\u00bbdefault\u00bb header_2_font=\u00bbArial Rounded|||on||||#fde7d1|\u00bb header_2_text_align=\u00bbleft\u00bb header_2_text_color=\u00bb#FFFFFF\u00bb header_2_font_size=\u00bb16px\u00bb header_2_line_height=\u00bb0em\u00bb background_enable_color=\u00bboff\u00bb custom_margin=\u00bb||25px||false|false\u00bb custom_padding=\u00bb||0px||false|false\u00bb border_color_all=\u00bb#fde7d1&#8243; border_width_bottom=\u00bb4px\u00bb global_colors_info=\u00bb{}\u00bb custom_margin__hover_enabled=\u00bboff|desktop\u00bb]<\/p>\n<h2>Carta erasmus universitaria:<\/h2>\n<p>[\/et_pb_text][et_pb_text _builder_version=\u00bb4.22.2&#8243; _module_preset=\u00bbdefault\u00bb text_text_color=\u00bb#FFFFFF\u00bb header_3_font=\u00bbArial Rounded|600||on|||||\u00bb header_3_text_color=\u00bb#FFFFFF\u00bb global_colors_info=\u00bb{}\u00bb]La Carta Erasmus Universitaria tiene como finalidad que el alumnado de ciclos formativos de grado superior pueda realizar pr\u00e1cticas en una empresa o<br \/>\norganizaci\u00f3n de otro pa\u00eds europeo. Esta estancia permitir\u00e1 al alumno\/a adaptarse a las exigencias del mercado laboral en el \u00e1mbito<br \/>\neuropeo, adquirir\u00e1 aptitudes espec\u00edficas, experiencia laboral y mejorar\u00e1 la comprensi\u00f3n del entorno econ\u00f3mico y social del pa\u00eds en cuesti\u00f3n.<\/p>\n<p>Podr\u00e1n participar los estudiantes de los ciclos formativos de grado superior que el Claustro de Profesorado haya valorado positivamente por sus<br \/>\nresultados acad\u00e9micos y por su actitud. La estancia tiene un periodo m\u00ednimo de 2 meses y medio aproximadamente.<\/p>\n<p>Para m\u00e1s informaci\u00f3n consultad:<\/p>\n<p>http:\/\/www.sepie.es\/formacion-profesional\/index.html[\/et_pb_text][\/et_pb_column][\/et_pb_row][\/et_pb_section][et_pb_section fb_built=\u00bb1&#8243; _builder_version=\u00bb4.22.2&#8243; _module_preset=\u00bbdefault\u00bb global_colors_info=\u00bb{}\u00bb][et_pb_row _builder_version=\u00bb4.22.2&#8243; _module_preset=\u00bbdefault\u00bb global_colors_info=\u00bb{}\u00bb][et_pb_column type=\u00bb4_4&#8243; _builder_version=\u00bb4.22.2&#8243; _module_preset=\u00bbdefault\u00bb global_colors_info=\u00bb{}\u00bb][et_pb_text module_class=\u00bbed-titolh2&#8243; _builder_version=\u00bb4.23.1&#8243; _module_preset=\u00bbdefault\u00bb header_2_font=\u00bbArial Rounded|600||on|||||\u00bb header_2_text_align=\u00bbcenter\u00bb header_2_font_size=\u00bb32px\u00bb background_color=\u00bb#FFFFFF\u00bb global_colors_info=\u00bb{}\u00bb]<\/p>\n<h2>Colaboraci\u00f3n con empresas<\/h2>\n<p>[\/et_pb_text][\/et_pb_column][\/et_pb_row][et_pb_row _builder_version=\u00bb4.22.2&#8243; _module_preset=\u00bbdefault\u00bb global_colors_info=\u00bb{}\u00bb][et_pb_column type=\u00bb4_4&#8243; _builder_version=\u00bb4.22.2&#8243; _module_preset=\u00bbdefault\u00bb global_colors_info=\u00bb{}\u00bb][et_pb_text _builder_version=\u00bb4.22.2&#8243; _module_preset=\u00bbdefault\u00bb global_colors_info=\u00bb{}\u00bb]A continuaci\u00f3n, adjuntamos una muestra orientativa de empresas que han acogido alumnado este curso para que realizaran la formaci\u00f3n en centros de trabajo:[\/et_pb_text][\/et_pb_column][\/et_pb_row][et_pb_row column_structure=\u00bb1_2,1_2&#8243; disabled_on=\u00bbon|on|off\u00bb _builder_version=\u00bb4.22.2&#8243; _module_preset=\u00bbdefault\u00bb global_colors_info=\u00bb{}\u00bb][et_pb_column type=\u00bb1_2&#8243; _builder_version=\u00bb4.22.2&#8243; _module_preset=\u00bbdefault\u00bb global_colors_info=\u00bb{}\u00bb][et_pb_text module_class=\u00bbed-titpet\u00bb _builder_version=\u00bb4.22.2&#8243; _module_preset=\u00bbdefault\u00bb header_2_font=\u00bbArial Rounded|||on||||#fde7d1|\u00bb header_2_text_align=\u00bbleft\u00bb header_2_font_size=\u00bb16px\u00bb header_2_line_height=\u00bb0em\u00bb background_enable_color=\u00bboff\u00bb custom_margin=\u00bb||0px||false|false\u00bb custom_padding=\u00bb||0px||false|false\u00bb border_color_all=\u00bb#fde7d1&#8243; border_width_bottom=\u00bb4px\u00bb global_colors_info=\u00bb{}\u00bb custom_margin__hover_enabled=\u00bboff|desktop\u00bb]<\/p>\n<h2>Empresa<\/h2>\n<p>[\/et_pb_text][et_pb_text _builder_version=\u00bb4.25.0&#8243; _module_preset=\u00bbdefault\u00bb global_colors_info=\u00bb{}\u00bb]<\/p>\n<p>\u00c0GORA S.A.<br \/>AJUNTAMENT DE GRANOLLERS<br \/>AUDENS FOOD<br \/>BECOMIT SOLUTIONS S.L.<br \/>DISTRIVET S.L.<br \/>ECOVERITAS S.A.<br \/>GESTORIA DOM\u00cdNGUEZ<br \/>GESTORIA MARQU\u00c9S<br \/>INKEMA SISTEMAS S.L.<br \/>INSTITUTO GRIFOLS S.A.<br \/>\nLAMIGRAF S.A.<br \/>LINDE &#038; WIEMANN S.A.<br \/>MARLEX PEOPLE ETT S.L.U.<br \/>OCB PHARMACEUTICAL S.L.<br \/>PROANDRE S.L.<br \/>PUNT INFORM\u00c0TIC I CREATIU S.L.<br \/>ROMERO Y SOLANO ABOGADOS<br \/>TEMPORING S.A.<br \/>UNI\u00d3 EMPRESARIAL INTERSECTORIAL<\/p>\n<p>[\/et_pb_text][\/et_pb_column][et_pb_column type=\u00bb1_2&#8243; _builder_version=\u00bb4.22.2&#8243; _module_preset=\u00bbdefault\u00bb global_colors_info=\u00bb{}\u00bb][et_pb_text module_class=\u00bbed-titpet\u00bb _builder_version=\u00bb4.22.2&#8243; _module_preset=\u00bbdefault\u00bb header_2_font=\u00bbArial Rounded|||on||||#fde7d1|\u00bb header_2_text_align=\u00bbleft\u00bb header_2_font_size=\u00bb16px\u00bb header_2_line_height=\u00bb0em\u00bb background_enable_color=\u00bboff\u00bb custom_margin=\u00bb||0px||false|false\u00bb custom_padding=\u00bb||0px||false|false\u00bb border_color_all=\u00bb#fde7d1&#8243; border_width_bottom=\u00bb4px\u00bb global_colors_info=\u00bb{}\u00bb custom_margin__hover_enabled=\u00bboff|desktop\u00bb]<\/p>\n<h2>Poblaci\u00f3n<\/h2>\n<p>[\/et_pb_text][et_pb_text _builder_version=\u00bb4.25.0&#8243; _module_preset=\u00bbdefault\u00bb global_colors_info=\u00bb{}\u00bb]<\/p>\n<p>Granollers<br \/>Granollers<br \/>Granollers<br \/>Granollers<br \/>Les Franqueses del Vall\u00e8s<br \/>Lli\u00e7\u00e0 d\u2019Amunt<br \/>Granollers<br \/>Granollers<br \/>Les Franqueses del Vall\u00e8s<br \/>Parets del Vall\u00e8s<br \/>L&#8217;Ametlla del Vall\u00e8s<br \/>La Garriga<br \/>Granollers<br \/>Canovelles<br \/>Les Franqueses del Vall\u00e8s<br \/>Granollers<br \/>Mollet del Vall\u00e8s<br \/>Granollers<br \/>Granollers<\/p>\n<p>[\/et_pb_text][\/et_pb_column][\/et_pb_row][et_pb_row column_structure=\u00bb1_2,1_2&#8243; disabled_on=\u00bboff|off|on\u00bb _builder_version=\u00bb4.22.2&#8243; _module_preset=\u00bbdefault\u00bb global_colors_info=\u00bb{}\u00bb][et_pb_column type=\u00bb1_2&#8243; _builder_version=\u00bb4.22.2&#8243; _module_preset=\u00bbdefault\u00bb global_colors_info=\u00bb{}\u00bb][et_pb_text module_class=\u00bbed-titpet\u00bb _builder_version=\u00bb4.22.2&#8243; _module_preset=\u00bbdefault\u00bb header_2_font=\u00bbArial Rounded|||on||||#fde7d1|\u00bb header_2_text_align=\u00bbleft\u00bb header_2_font_size=\u00bb16px\u00bb header_2_line_height=\u00bb0em\u00bb background_enable_color=\u00bboff\u00bb custom_margin=\u00bb||0px||false|false\u00bb custom_padding=\u00bb||0px||false|false\u00bb border_color_all=\u00bb#fde7d1&#8243; border_width_bottom=\u00bb4px\u00bb global_colors_info=\u00bb{}\u00bb custom_margin__hover_enabled=\u00bboff|desktop\u00bb]<\/p>\n<h2>Empresa<\/h2>\n<p>[\/et_pb_text][et_pb_text _builder_version=\u00bb4.22.2&#8243; _module_preset=\u00bbdefault\u00bb global_colors_info=\u00bb{}\u00bb]\u00c1GORA S.A. &#8211; Granollers<br \/>\nAYUNTAMIENTO DE GRANOLLERS &#8211; Granollers<br \/>\nAUDENS FOOD &#8211; Granollers<br \/>\nC\u00c1MARA DE COMERCIO DE BARCELONA &#8211; Granollers<br \/>\nDECOWOOD EUROPA S.L. &#8211; La Roca del Vall\u00e8s<br \/>\nFRAIKIN ALQUILER DE VEH\u00cdCULOS S.A. &#8211; Granollers<br \/>\nGESCUATRO ASESORES S.L. &#8211; Granollers<br \/>\nINSTAL SERVI GODAYOL S.L. &#8211; La Roca del Vall\u00e8s<br \/>\nINSTITUTO DOMUS OLIVET &#8211; Canovelles<br \/>\nLAMIGRAF S.A. &#8211; L&#8217;Ametlla del Vall\u00e8s<br \/>\nLA MIMOSINA &#8211; &#8211; Granollers<br \/>\nLINDE &amp; WIEMANN S.A. &#8211; La Garriga<br \/>\nMARLEX PEOPLE ETT S.L.U. &#8211; Granollers<br \/>\nPROANDRE S.L. &#8211; Les Franqueses del Vall\u00e8s<br \/>\nPUNTO INFORM\u00c1TICO Y CREATIVO S.L. &#8211; Granollers<br \/>\nROMERO Y SOLANO ABOGADOS &#8211; Mollet del Vall\u00e8s<br \/>\nSONPISA CONSULTORES S.L.U. &#8211; Mollet del Vall\u00e8s<br \/>\nTERRANOVA CNC FRANQUICIAS S.L. &#8211; Liza de Valle<br \/>\nTRIVIUM PROCESAL S.L.P. &#8211; Granollers<br \/>\nUNI\u00d3N EMPRESARIAL INTERSECTORIAL &#8211; Granollers[\/et_pb_text][\/et_pb_column][et_pb_column type=\u00bb1_2&#8243; _builder_version=\u00bb4.22.2&#8243; _module_preset=\u00bbdefault\u00bb global_colors_info=\u00bb{}\u00bb][\/et_pb_column][\/et_pb_row][\/et_pb_section][et_pb_section fb_built=\u00bb1&#8243; _builder_version=\u00bb4.22.2&#8243; _module_preset=\u00bbdefault\u00bb global_colors_info=\u00bb{}\u00bb][et_pb_row custom_padding_last_edited=\u00bbon|phone\u00bb _builder_version=\u00bb4.22.2&#8243; _module_preset=\u00bbdefault\u00bb background_color=\u00bbgcid-b775d63c-59f7-498d-8738-fdda035f864c\u00bb custom_padding=\u00bb50px|50px|50px|50px|true|true\u00bb custom_padding_tablet=\u00bb50px|50px|50px|50px|true|true\u00bb custom_padding_phone=\u00bb25px|25px|25px|25px|true|true\u00bb global_colors_info=\u00bb{%22gcid-b775d63c-59f7-498d-8738-fdda035f864c%22:%91%22background_color%22%93}\u00bb][et_pb_column type=\u00bb4_4&#8243; _builder_version=\u00bb4.22.2&#8243; _module_preset=\u00bbdefault\u00bb global_colors_info=\u00bb{}\u00bb][et_pb_text _builder_version=\u00bb4.22.2&#8243; _module_preset=\u00bbdefault\u00bb header_2_font=\u00bbArial Rounded|600||on|||||\u00bb header_2_text_align=\u00bbcenter\u00bb header_2_font_size=\u00bb32px\u00bb global_colors_info=\u00bb{}\u00bb]<\/p>\n<h2>FORMACI\u00d3N DUAL: APRENDER Y TRABAJAR<\/h2>\n<p>[\/et_pb_text][et_pb_text _builder_version=\u00bb4.23.1&#8243; _module_preset=\u00bbdefault\u00bb custom_padding=\u00bb|50px||50px|false|true\u00bb custom_padding_tablet=\u00bb|0px||0px|false|true\u00bb custom_padding_phone=\u00bb|0px||0px|false|true\u00bb custom_padding_last_edited=\u00bbon|tablet\u00bb global_colors_info=\u00bb{}\u00bb]<\/p>\n<p>La Formaci\u00f3n Profesional Dual abre la puerta al mercado laboral.<\/p>\n<p>La formaci\u00f3n Dual tiene como objetivo mejorar la formaci\u00f3n, la cualificaci\u00f3n y el desarrollo personal de los estudiantes que inician su profesionalizaci\u00f3n alternando la formaci\u00f3n en un centro formativo y la actividad en una empresa. <strong>El alumnado recibe parte de la formaci\u00f3n en el centro de formaci\u00f3n profesional.<\/strong> La otra parte la obtiene mediante las actividades formativas y productivas en la empresa.<\/p>\n<p>La estancia en la empresa se divide en dos fases. En la primera, el alumno se incorpora para realizar pr\u00e1cticas y adaptarse al funcionamiento de la empresa. Al finalizar este periodo, se inicia la estancia en <strong>modalidad de contrato o de beca con remuneraci\u00f3n econ\u00f3mica<\/strong>, atendiendo a los criterios de acceso previamente acordados entre la empresa y el centro de formaci\u00f3n.<\/p>\n<p>Para el alumnado supone compaginar la formaci\u00f3n en el centro y en una empresa del sector con un contrato o beca; desarrollar el potencial profesional; aprender en situaciones reales de trabajo; adquirir experiencia profesional, y mejorar la empleabilidad.<\/p>\n<p>Esta formaci\u00f3n que se realiza en la empresa tiene <strong>reconocimiento acad\u00e9mico<\/strong> y para su evaluaci\u00f3n habr\u00e1 una corresponsabilidad entre la empresa y el centro educativo.<\/p>\n<p>Durante el primer curso, el centro seleccionar\u00e1 al alumnado que participar\u00e1 en la FP Dual atendiendo a los criterios de logro acad\u00e9mico, competencial y actitudinal.<\/p>\n<p>[\/et_pb_text][\/et_pb_column][\/et_pb_row][\/et_pb_section][et_pb_section fb_built=\u00bb1&#8243; _builder_version=\u00bb4.22.2&#8243; _module_preset=\u00bbdefault\u00bb global_colors_info=\u00bb{}\u00bb][et_pb_row column_structure=\u00bb1_2,1_2&#8243; _builder_version=\u00bb4.22.2&#8243; _module_preset=\u00bbdefault\u00bb global_colors_info=\u00bb{}\u00bb][et_pb_column type=\u00bb1_2&#8243; _builder_version=\u00bb4.22.2&#8243; _module_preset=\u00bbdefault\u00bb global_colors_info=\u00bb{}\u00bb][et_pb_button button_url=\u00bbhttps:\/\/educem.com\/wp-content\/uploads\/2025\/05\/AIF_25_26_CAT_WEB.pdf\u00bb url_new_window=\u00bbon\u00bb button_text=\u00bbDESCARGAR DOSSIER AIF 25-26&#8243; button_alignment=\u00bbcenter\u00bb _builder_version=\u00bb4.27.4&#8243; _module_preset=\u00bbdefault\u00bb global_colors_info=\u00bb{}\u00bb][\/et_pb_button][\/et_pb_column][et_pb_column type=\u00bb1_2&#8243; _builder_version=\u00bb4.22.2&#8243; _module_preset=\u00bbdefault\u00bb global_colors_info=\u00bb{}\u00bb][et_pb_button button_url=\u00bbhttps:\/\/educem.com\/es\/proyectos-cfgs-administracion-y-finanzas-aif\/\u00bb button_text=\u00bbPROYECTOS FINAL DE CICLO\u00bb button_alignment=\u00bbcenter\u00bb _builder_version=\u00bb4.23.1&#8243; _module_preset=\u00bbdefault\u00bb global_colors_info=\u00bb{}\u00bb][\/et_pb_button][\/et_pb_column][\/et_pb_row][\/et_pb_section][et_pb_section fb_built=\u00bb1&#8243; _builder_version=\u00bb4.22.2&#8243; _module_preset=\u00bbdefault\u00bb global_module=\u00bb4902&#8243; saved_tabs=\u00bball\u00bb global_colors_info=\u00bb{}\u00bb][et_pb_row _builder_version=\u00bb4.22.2&#8243; _module_preset=\u00bbdefault\u00bb background_color=\u00bbgcid-9663e3f2-525a-469f-9b07-5e9681bda370&#8243; global_colors_info=\u00bb{%22gcid-9663e3f2-525a-469f-9b07-5e9681bda370%22:%91%22background_color%22%93}\u00bb][et_pb_column type=\u00bb4_4&#8243; _builder_version=\u00bb4.22.2&#8243; _module_preset=\u00bbdefault\u00bb global_colors_info=\u00bb{}\u00bb][et_pb_text module_id=\u00bbinforma\u00bb _builder_version=\u00bb4.24.0&#8243; _module_preset=\u00bbdefault\u00bb header_text_align=\u00bbcenter\u00bb header_2_font=\u00bbArial Rounded|600||on|||||\u00bb header_2_text_align=\u00bbcenter\u00bb header_2_text_color=\u00bb#FFFFFF\u00bb header_2_font_size=\u00bb32px\u00bb global_colors_info=\u00bb{}\u00bb]<\/p>\n<h2>\u00a1Inf\u00f3rmate y matric\u00falate!<\/h2>\n<p>[\/et_pb_text][et_pb_text _builder_version=\u00bb4.22.2&#8243; _module_preset=\u00bbdefault\u00bb text_text_color=\u00bb#FFFFFF\u00bb custom_padding=\u00bb|50px||50px|false|false\u00bb global_colors_info=\u00bb{}\u00bb]Si quieres m\u00e1s informaci\u00f3n sobre las preinscripciones o cualquier consulta de los centros, d\u00e9janos tus datos:[\/et_pb_text][et_pb_contact_form email=\u00bbcentres@educem.com\u00bb custom_message=\u00bbNombre: %%Name%%||et_pb_line_break_holder||Correo electr\u00f3nico: %%Email_2%%||et_pb_line_break_holder||Asunto: %%Tema%%||et_pb_line_break_holder||Mensaje: %%Message%%||et_pb_line_break_holder||Acceptaci\u00f3n pol\u00edtica privacidad: %%checkout1%%||et_pb_line_break_holder||Boletin: %%Checkout2%%\u00bb _builder_version=\u00bb4.24.0&#8243; _module_preset=\u00bbdefault\u00bb _unique_id=\u00bb34537573-20c3-4246-9ae8-451ff730179b\u00bb title_font=\u00bbArial Rounded||||||||\u00bb captcha_text_color=\u00bb#FFFFFF\u00bb captcha_letter_spacing=\u00bb1px\u00bb custom_padding=\u00bb50px|50px|50px|50px|true|true\u00bb global_colors_info=\u00bb{}\u00bb][et_pb_contact_field field_id=\u00bbName\u00bb field_title=\u00bbNombre y Apellidos (necesario)\u00bb _builder_version=\u00bb4.22.2&#8243; global_colors_info=\u00bb{}\u00bb button_text_size__hover_enabled=\u00bboff\u00bb button_one_text_size__hover_enabled=\u00bboff\u00bb button_two_text_size__hover_enabled=\u00bboff\u00bb button_text_color__hover_enabled=\u00bboff\u00bb button_one_text_color__hover_enabled=\u00bboff\u00bb button_two_text_color__hover_enabled=\u00bboff\u00bb button_border_width__hover_enabled=\u00bboff\u00bb button_one_border_width__hover_enabled=\u00bboff\u00bb button_two_border_width__hover_enabled=\u00bboff\u00bb button_border_color__hover_enabled=\u00bboff\u00bb button_one_border_color__hover_enabled=\u00bboff\u00bb button_two_border_color__hover_enabled=\u00bboff\u00bb button_border_radius__hover_enabled=\u00bboff\u00bb button_one_border_radius__hover_enabled=\u00bboff\u00bb button_two_border_radius__hover_enabled=\u00bboff\u00bb button_letter_spacing__hover_enabled=\u00bboff\u00bb button_one_letter_spacing__hover_enabled=\u00bboff\u00bb button_two_letter_spacing__hover_enabled=\u00bboff\u00bb button_bg_color__hover_enabled=\u00bboff\u00bb button_one_bg_color__hover_enabled=\u00bboff\u00bb button_two_bg_color__hover_enabled=\u00bboff\u00bb][\/et_pb_contact_field][et_pb_contact_field field_id=\u00bbEmail_2&#8243; field_title=\u00bbDirecci\u00f3n electr\u00f3nica (necesario)\u00bb field_type=\u00bbemail\u00bb _builder_version=\u00bb4.22.2&#8243; global_colors_info=\u00bb{}\u00bb button_text_size__hover_enabled=\u00bboff\u00bb button_one_text_size__hover_enabled=\u00bboff\u00bb button_two_text_size__hover_enabled=\u00bboff\u00bb button_text_color__hover_enabled=\u00bboff\u00bb button_one_text_color__hover_enabled=\u00bboff\u00bb button_two_text_color__hover_enabled=\u00bboff\u00bb button_border_width__hover_enabled=\u00bboff\u00bb button_one_border_width__hover_enabled=\u00bboff\u00bb button_two_border_width__hover_enabled=\u00bboff\u00bb button_border_color__hover_enabled=\u00bboff\u00bb button_one_border_color__hover_enabled=\u00bboff\u00bb button_two_border_color__hover_enabled=\u00bboff\u00bb button_border_radius__hover_enabled=\u00bboff\u00bb button_one_border_radius__hover_enabled=\u00bboff\u00bb button_two_border_radius__hover_enabled=\u00bboff\u00bb button_letter_spacing__hover_enabled=\u00bboff\u00bb button_one_letter_spacing__hover_enabled=\u00bboff\u00bb button_two_letter_spacing__hover_enabled=\u00bboff\u00bb button_bg_color__hover_enabled=\u00bboff\u00bb button_one_bg_color__hover_enabled=\u00bboff\u00bb button_two_bg_color__hover_enabled=\u00bboff\u00bb][\/et_pb_contact_field][et_pb_contact_field field_id=\u00bbTema\u00bb field_title=\u00bbTema (necesario)\u00bb fullwidth_field=\u00bbon\u00bb _builder_version=\u00bb4.22.2&#8243; _module_preset=\u00bbdefault\u00bb global_colors_info=\u00bb{}\u00bb][\/et_pb_contact_field][et_pb_contact_field field_id=\u00bbMessage\u00bb field_title=\u00bbMensaje\u00bb field_type=\u00bbtext\u00bb fullwidth_field=\u00bbon\u00bb _builder_version=\u00bb4.22.2&#8243; global_colors_info=\u00bb{}\u00bb button_text_size__hover_enabled=\u00bboff\u00bb button_one_text_size__hover_enabled=\u00bboff\u00bb button_two_text_size__hover_enabled=\u00bboff\u00bb button_text_color__hover_enabled=\u00bboff\u00bb button_one_text_color__hover_enabled=\u00bboff\u00bb button_two_text_color__hover_enabled=\u00bboff\u00bb button_border_width__hover_enabled=\u00bboff\u00bb button_one_border_width__hover_enabled=\u00bboff\u00bb button_two_border_width__hover_enabled=\u00bboff\u00bb button_border_color__hover_enabled=\u00bboff\u00bb button_one_border_color__hover_enabled=\u00bboff\u00bb button_two_border_color__hover_enabled=\u00bboff\u00bb button_border_radius__hover_enabled=\u00bboff\u00bb button_one_border_radius__hover_enabled=\u00bboff\u00bb button_two_border_radius__hover_enabled=\u00bboff\u00bb button_letter_spacing__hover_enabled=\u00bboff\u00bb button_one_letter_spacing__hover_enabled=\u00bboff\u00bb button_two_letter_spacing__hover_enabled=\u00bboff\u00bb button_bg_color__hover_enabled=\u00bboff\u00bb button_one_bg_color__hover_enabled=\u00bboff\u00bb button_two_bg_color__hover_enabled=\u00bboff\u00bb][\/et_pb_contact_field][et_pb_contact_field field_id=\u00bbcheckout1&#8243; field_title=\u00bbproteccion de datos\u00bb field_type=\u00bbcheckbox\u00bb checkbox_options=\u00bb%91{%22value%22:%22He le\u00eddo y acepto la informaci\u00f3n b\u00e1sica sobre protecci\u00f3n de datos, as\u00ed como la informaci\u00f3n adicional detallada en la Pol\u00edtica de privacidad y protecci\u00f3n de datos.%22,%22checked%22:0,%22dragID%22:-1}%93&#8243; fullwidth_field=\u00bbon\u00bb _builder_version=\u00bb4.24.0&#8243; _module_preset=\u00bbdefault\u00bb global_colors_info=\u00bb{}\u00bb][\/et_pb_contact_field][et_pb_contact_field field_id=\u00bbCheckout2&#8243; field_title=\u00bbboletines\u00bb field_type=\u00bbcheckbox\u00bb checkbox_options=\u00bb%91{%22value%22:%22Acepto recibir boletines informativos sobre las actividades de: EDUCEM%22,%22checked%22:0,%22dragID%22:-1}%93&#8243; required_mark=\u00bboff\u00bb fullwidth_field=\u00bbon\u00bb _builder_version=\u00bb4.24.0&#8243; _module_preset=\u00bbdefault\u00bb global_colors_info=\u00bb{}\u00bb][\/et_pb_contact_field][\/et_pb_contact_form][et_pb_code module_class=\u00bbedtb\u00bb _builder_version=\u00bb4.22.2&#8243; _module_preset=\u00bbdefault\u00bb global_colors_info=\u00bb{}\u00bb]<\/p>\n<table><!-- [et_pb_line_break_holder] -->  <\/p>\n<tr><!-- [et_pb_line_break_holder] -->  \t<\/p>\n<td colspan=\"2\" class=\"edtbtt\">Informaci\u00f3n b\u00e1sica sobre protecci\u00f3n de datos<\/td>\n<p><!-- [et_pb_line_break_holder] -->  <\/tr>\n<p><!-- [et_pb_line_break_holder] -->  <\/p>\n<tr><!-- [et_pb_line_break_holder] -->  \t<\/p>\n<td>Responsable<\/td>\n<p><!-- [et_pb_line_break_holder] --> <\/p>\n<td>EDUCEM<\/td>\n<p><!-- [et_pb_line_break_holder] -->  <\/tr>\n<p><!-- [et_pb_line_break_holder] -->  <\/p>\n<tr><!-- [et_pb_line_break_holder] -->  \t<\/p>\n<td>Finalidad<\/td>\n<p><!-- [et_pb_line_break_holder] --> <\/p>\n<td>Responder a las consultas que realizan los usuarios.<\/td>\n<p><!-- [et_pb_line_break_holder] -->  <\/tr>\n<p><!-- [et_pb_line_break_holder] -->  <\/p>\n<tr><!-- [et_pb_line_break_holder] -->  \t<\/p>\n<td>Legitimaci\u00f3n<\/td>\n<p><!-- [et_pb_line_break_holder] --> <\/p>\n<td>Consentimiento del interesado<\/td>\n<p><!-- [et_pb_line_break_holder] -->  <\/tr>\n<p><!-- [et_pb_line_break_holder] -->  <\/p>\n<tr><!-- [et_pb_line_break_holder] -->  \t<\/p>\n<td>Destinatarios<\/td>\n<p><!-- [et_pb_line_break_holder] --> <\/p>\n<td>No se ceder\u00e1n datos a terceros, salvo por obligaci\u00f3n legal. <\/td>\n<p> <!-- [et_pb_line_break_holder] -->  <\/tr>\n<p><!-- [et_pb_line_break_holder] -->  <\/p>\n<tr><!-- [et_pb_line_break_holder] -->  \t<\/p>\n<td>Derechos<\/td>\n<p><!-- [et_pb_line_break_holder] --> <\/p>\n<td>Acceder, rectificar y suprimir datos, as\u00ed como otros derechos, como se explica en la informaci\u00f3n adicional.<\/td>\n<p><!-- [et_pb_line_break_holder] -->  <\/tr>\n<p><!-- [et_pb_line_break_holder] -->  <\/p>\n<tr><!-- [et_pb_line_break_holder] -->  \t<\/p>\n<td>Informaci\u00f3n adicional<\/td>\n<p><!-- [et_pb_line_break_holder] --> <\/p>\n<td>Puede consultar la informaci\u00f3n adicional y detallada sobre protecci\u00f3n de datos en nuestra web: <a href=\"\">Protecci\u00f3n de datos<\/a><\/td>\n<p><!-- [et_pb_line_break_holder] -->  <\/tr>\n<p><!-- [et_pb_line_break_holder] --><\/table>\n<p>[\/et_pb_code][\/et_pb_column][\/et_pb_row][\/et_pb_section]<\/p>\n","protected":false},"excerpt":{"rendered":"<p>Destaca en el mundo de la empresa con el Ciclo Formativo Administraci\u00f3n y Finanzas (AIF). Educem, 80 a\u00f1os de FP en el coraz\u00f3n de Granollers, 80 a\u00f1os forjando profesionales de la empresa.PlanteamientoDesde sus inicios, EDUCEM ha apostado por la formaci\u00f3n profesional. Nuestra trayectoria en esta etapa educadora supera los 80 a\u00f1os. El ciclo de Administraci\u00f3n [&hellip;]<\/p>\n","protected":false},"author":1,"featured_media":0,"parent":0,"menu_order":0,"comment_status":"closed","ping_status":"closed","template":"","meta":{"_et_pb_use_builder":"on","_et_pb_old_content":"","_et_gb_content_width":"","footnotes":""},"class_list":["post-1642","page","type-page","status-publish","hentry"],"yoast_head":"<!-- This site is optimized with the Yoast SEO plugin v27.5 - https:\/\/yoast.com\/product\/yoast-seo-wordpress\/ -->\n<title>CFGS - Administraci\u00f3n y Finanzas - Centres Educem<\/title>\n<meta name=\"robots\" content=\"index, follow, max-snippet:-1, max-image-preview:large, max-video-preview:-1\" \/>\n<link rel=\"canonical\" href=\"https:\/\/educem.com\/es\/cfgs-administracion-y-finanzas\/\" \/>\n<meta property=\"og:locale\" content=\"es_ES\" \/>\n<meta property=\"og:type\" content=\"article\" \/>\n<meta property=\"og:title\" content=\"CFGS - Administraci\u00f3n y Finanzas - Centres Educem\" \/>\n<meta property=\"og:description\" content=\"Destaca en el mundo de la empresa con el Ciclo Formativo Administraci\u00f3n y Finanzas (AIF). Educem, 80 a\u00f1os de FP en el coraz\u00f3n de Granollers, 80 a\u00f1os forjando profesionales de la empresa.PlanteamientoDesde sus inicios, EDUCEM ha apostado por la formaci\u00f3n profesional. Nuestra trayectoria en esta etapa educadora supera los 80 a\u00f1os. El ciclo de Administraci\u00f3n [&hellip;]\" \/>\n<meta property=\"og:url\" content=\"https:\/\/educem.com\/es\/cfgs-administracion-y-finanzas\/\" \/>\n<meta property=\"og:site_name\" content=\"Centres Educem\" \/>\n<meta property=\"article:publisher\" content=\"https:\/\/ca-es.facebook.com\/educemcentresdensenyament\/\" \/>\n<meta property=\"article:modified_time\" content=\"2025-05-09T14:38:04+00:00\" \/>\n<meta property=\"og:image\" content=\"https:\/\/educem.com\/wp-content\/uploads\/2023\/09\/img_edifici_home.jpg\" \/>\n\t<meta property=\"og:image:width\" content=\"1925\" \/>\n\t<meta property=\"og:image:height\" content=\"859\" \/>\n\t<meta property=\"og:image:type\" content=\"image\/jpeg\" \/>\n<meta name=\"twitter:card\" content=\"summary_large_image\" \/>\n<meta name=\"twitter:site\" content=\"@EducemGran\" \/>\n<script type=\"application\/ld+json\" class=\"yoast-schema-graph\">{\"@context\":\"https:\\\/\\\/schema.org\",\"@graph\":[{\"@type\":\"WebPage\",\"@id\":\"https:\\\/\\\/educem.com\\\/es\\\/cfgs-administracion-y-finanzas\\\/\",\"url\":\"https:\\\/\\\/educem.com\\\/es\\\/cfgs-administracion-y-finanzas\\\/\",\"name\":\"CFGS - Administraci\u00f3n y Finanzas - Centres Educem\",\"isPartOf\":{\"@id\":\"https:\\\/\\\/educem.com\\\/#website\"},\"datePublished\":\"2023-10-18T14:31:57+00:00\",\"dateModified\":\"2025-05-09T14:38:04+00:00\",\"breadcrumb\":{\"@id\":\"https:\\\/\\\/educem.com\\\/es\\\/cfgs-administracion-y-finanzas\\\/#breadcrumb\"},\"inLanguage\":\"es\",\"potentialAction\":[{\"@type\":\"ReadAction\",\"target\":[\"https:\\\/\\\/educem.com\\\/es\\\/cfgs-administracion-y-finanzas\\\/\"]}]},{\"@type\":\"BreadcrumbList\",\"@id\":\"https:\\\/\\\/educem.com\\\/es\\\/cfgs-administracion-y-finanzas\\\/#breadcrumb\",\"itemListElement\":[{\"@type\":\"ListItem\",\"position\":1,\"name\":\"Portada\",\"item\":\"https:\\\/\\\/educem.com\\\/es\\\/\"},{\"@type\":\"ListItem\",\"position\":2,\"name\":\"CFGS &#8211; Administraci\u00f3n y Finanzas\"}]},{\"@type\":\"WebSite\",\"@id\":\"https:\\\/\\\/educem.com\\\/#website\",\"url\":\"https:\\\/\\\/educem.com\\\/\",\"name\":\"Centres Educem\",\"description\":\"Oferta formativa\",\"publisher\":{\"@id\":\"https:\\\/\\\/educem.com\\\/#organization\"},\"potentialAction\":[{\"@type\":\"SearchAction\",\"target\":{\"@type\":\"EntryPoint\",\"urlTemplate\":\"https:\\\/\\\/educem.com\\\/?s={search_term_string}\"},\"query-input\":{\"@type\":\"PropertyValueSpecification\",\"valueRequired\":true,\"valueName\":\"search_term_string\"}}],\"inLanguage\":\"es\"},{\"@type\":\"Organization\",\"@id\":\"https:\\\/\\\/educem.com\\\/#organization\",\"name\":\"Educem\",\"url\":\"https:\\\/\\\/educem.com\\\/\",\"logo\":{\"@type\":\"ImageObject\",\"inLanguage\":\"es\",\"@id\":\"https:\\\/\\\/educem.com\\\/#\\\/schema\\\/logo\\\/image\\\/\",\"url\":\"https:\\\/\\\/educem.com\\\/wp-content\\\/uploads\\\/2023\\\/06\\\/logo_educem_menu.png\",\"contentUrl\":\"https:\\\/\\\/educem.com\\\/wp-content\\\/uploads\\\/2023\\\/06\\\/logo_educem_menu.png\",\"width\":150,\"height\":49,\"caption\":\"Educem\"},\"image\":{\"@id\":\"https:\\\/\\\/educem.com\\\/#\\\/schema\\\/logo\\\/image\\\/\"},\"sameAs\":[\"https:\\\/\\\/ca-es.facebook.com\\\/educemcentresdensenyament\\\/\",\"https:\\\/\\\/x.com\\\/EducemGran\",\"https:\\\/\\\/www.instagram.com\\\/educem_granollers\\\/\",\"https:\\\/\\\/www.linkedin.com\\\/company\\\/escola-educem\"]}]}<\/script>\n<!-- \/ Yoast SEO plugin. -->","yoast_head_json":{"title":"CFGS - Administraci\u00f3n y Finanzas - Centres Educem","robots":{"index":"index","follow":"follow","max-snippet":"max-snippet:-1","max-image-preview":"max-image-preview:large","max-video-preview":"max-video-preview:-1"},"canonical":"https:\/\/educem.com\/es\/cfgs-administracion-y-finanzas\/","og_locale":"es_ES","og_type":"article","og_title":"CFGS - Administraci\u00f3n y Finanzas - Centres Educem","og_description":"Destaca en el mundo de la empresa con el Ciclo Formativo Administraci\u00f3n y Finanzas (AIF). Educem, 80 a\u00f1os de FP en el coraz\u00f3n de Granollers, 80 a\u00f1os forjando profesionales de la empresa.PlanteamientoDesde sus inicios, EDUCEM ha apostado por la formaci\u00f3n profesional. Nuestra trayectoria en esta etapa educadora supera los 80 a\u00f1os. El ciclo de Administraci\u00f3n [&hellip;]","og_url":"https:\/\/educem.com\/es\/cfgs-administracion-y-finanzas\/","og_site_name":"Centres Educem","article_publisher":"https:\/\/ca-es.facebook.com\/educemcentresdensenyament\/","article_modified_time":"2025-05-09T14:38:04+00:00","og_image":[{"width":1925,"height":859,"url":"https:\/\/educem.com\/wp-content\/uploads\/2023\/09\/img_edifici_home.jpg","type":"image\/jpeg"}],"twitter_card":"summary_large_image","twitter_site":"@EducemGran","schema":{"@context":"https:\/\/schema.org","@graph":[{"@type":"WebPage","@id":"https:\/\/educem.com\/es\/cfgs-administracion-y-finanzas\/","url":"https:\/\/educem.com\/es\/cfgs-administracion-y-finanzas\/","name":"CFGS - Administraci\u00f3n y Finanzas - Centres Educem","isPartOf":{"@id":"https:\/\/educem.com\/#website"},"datePublished":"2023-10-18T14:31:57+00:00","dateModified":"2025-05-09T14:38:04+00:00","breadcrumb":{"@id":"https:\/\/educem.com\/es\/cfgs-administracion-y-finanzas\/#breadcrumb"},"inLanguage":"es","potentialAction":[{"@type":"ReadAction","target":["https:\/\/educem.com\/es\/cfgs-administracion-y-finanzas\/"]}]},{"@type":"BreadcrumbList","@id":"https:\/\/educem.com\/es\/cfgs-administracion-y-finanzas\/#breadcrumb","itemListElement":[{"@type":"ListItem","position":1,"name":"Portada","item":"https:\/\/educem.com\/es\/"},{"@type":"ListItem","position":2,"name":"CFGS &#8211; Administraci\u00f3n y Finanzas"}]},{"@type":"WebSite","@id":"https:\/\/educem.com\/#website","url":"https:\/\/educem.com\/","name":"Centres Educem","description":"Oferta formativa","publisher":{"@id":"https:\/\/educem.com\/#organization"},"potentialAction":[{"@type":"SearchAction","target":{"@type":"EntryPoint","urlTemplate":"https:\/\/educem.com\/?s={search_term_string}"},"query-input":{"@type":"PropertyValueSpecification","valueRequired":true,"valueName":"search_term_string"}}],"inLanguage":"es"},{"@type":"Organization","@id":"https:\/\/educem.com\/#organization","name":"Educem","url":"https:\/\/educem.com\/","logo":{"@type":"ImageObject","inLanguage":"es","@id":"https:\/\/educem.com\/#\/schema\/logo\/image\/","url":"https:\/\/educem.com\/wp-content\/uploads\/2023\/06\/logo_educem_menu.png","contentUrl":"https:\/\/educem.com\/wp-content\/uploads\/2023\/06\/logo_educem_menu.png","width":150,"height":49,"caption":"Educem"},"image":{"@id":"https:\/\/educem.com\/#\/schema\/logo\/image\/"},"sameAs":["https:\/\/ca-es.facebook.com\/educemcentresdensenyament\/","https:\/\/x.com\/EducemGran","https:\/\/www.instagram.com\/educem_granollers\/","https:\/\/www.linkedin.com\/company\/escola-educem"]}]}},"_links":{"self":[{"href":"https:\/\/educem.com\/es\/wp-json\/wp\/v2\/pages\/1642","targetHints":{"allow":["GET"]}}],"collection":[{"href":"https:\/\/educem.com\/es\/wp-json\/wp\/v2\/pages"}],"about":[{"href":"https:\/\/educem.com\/es\/wp-json\/wp\/v2\/types\/page"}],"author":[{"embeddable":true,"href":"https:\/\/educem.com\/es\/wp-json\/wp\/v2\/users\/1"}],"replies":[{"embeddable":true,"href":"https:\/\/educem.com\/es\/wp-json\/wp\/v2\/comments?post=1642"}],"version-history":[{"count":47,"href":"https:\/\/educem.com\/es\/wp-json\/wp\/v2\/pages\/1642\/revisions"}],"predecessor-version":[{"id":7467,"href":"https:\/\/educem.com\/es\/wp-json\/wp\/v2\/pages\/1642\/revisions\/7467"}],"wp:attachment":[{"href":"https:\/\/educem.com\/es\/wp-json\/wp\/v2\/media?parent=1642"}],"curies":[{"name":"wp","href":"https:\/\/api.w.org\/{rel}","templated":true}]}}