{"id":1764,"date":"2023-06-27T08:17:35","date_gmt":"2023-06-27T06:17:35","guid":{"rendered":"https:\/\/educem.com\/politica-de-privacidad\/"},"modified":"2023-12-22T12:16:53","modified_gmt":"2023-12-22T11:16:53","slug":"politica-de-privacidad","status":"publish","type":"page","link":"https:\/\/educem.com\/es\/politica-de-privacidad\/","title":{"rendered":"Pol\u00edtica de Privacidad"},"content":{"rendered":"<p>[et_pb_section fb_built=\u00bb1&#8243; _builder_version=\u00bb4.16&#8243; global_colors_info=\u00bb{}\u00bb][et_pb_row _builder_version=\u00bb4.22.2&#8243; background_size=\u00bbinitial\u00bb background_position=\u00bbtop_left\u00bb background_repeat=\u00bbrepeat\u00bb max_width=\u00bb1080px\u00bb global_colors_info=\u00bb{}\u00bb][et_pb_column type=\u00bb4_4&#8243; _builder_version=\u00bb4.16&#8243; custom_padding=\u00bb|||\u00bb global_colors_info=\u00bb{}\u00bb custom_padding__hover=\u00bb|||\u00bb][et_pb_post_title meta=\u00bboff\u00bb featured_image=\u00bboff\u00bb _builder_version=\u00bb4.22.2&#8243; _module_preset=\u00bbdefault\u00bb title_font=\u00bbArial Rounded||||||||\u00bb title_text_color=\u00bbgcid-9663e3f2-525a-469f-9b07-5e9681bda370&#8243; title_font_size=\u00bb32px\u00bb global_colors_info=\u00bb{%22gcid-9663e3f2-525a-469f-9b07-5e9681bda370%22:%91%22title_text_color%22%93}\u00bb][\/et_pb_post_title][et_pb_text _builder_version=\u00bb4.23.2&#8243; background_color=\u00bbgcid-b775d63c-59f7-498d-8738-fdda035f864c\u00bb background_size=\u00bbinitial\u00bb background_position=\u00bbtop_left\u00bb background_repeat=\u00bbrepeat\u00bb custom_padding=\u00bb50px|50px|50px|50px|true|true\u00bb hover_enabled=\u00bb0&#8243; global_colors_info=\u00bb{%22gcid-b775d63c-59f7-498d-8738-fdda035f864c%22:%91%22background_color%22%93}\u00bb sticky_enabled=\u00bb0&#8243;]<\/p>\n<p>En cumplimiento del principio de transparencia y deber de informaci\u00f3n establecido por la normativa comunitaria y nacional en materia de protecci\u00f3n de datos, el centro educativo EDUCEM S.L. (en adelante el CENTRO) procede a informar a los interesados acerca de las circunstancias y condiciones del tratamiento de sus datos, as\u00ed como de los derechos que le asistenv<\/p>\n<p>[\/et_pb_text][et_pb_text _builder_version=\u00bb4.23.2&#8243; header_2_font=\u00bbArial Rounded||||||||\u00bb background_size=\u00bbinitial\u00bb background_position=\u00bbtop_left\u00bb background_repeat=\u00bbrepeat\u00bb custom_padding=\u00bb|50px||50px|false|true\u00bb hover_enabled=\u00bb0&#8243; global_colors_info=\u00bb{}\u00bb sticky_enabled=\u00bb0&#8243;]<\/p>\n<h2 class=\"wp-block-heading\"><strong>\u00bfQui\u00e9n es el responsable del tratamiento de sus datos?<\/strong><\/h2>\n<p><strong>Identidad:<\/strong> EDUCEM S.L. <br \/><strong>CIF:<\/strong> B65338824<br \/><strong>Direcci\u00f3n postal:<\/strong> Maluquer y Salvador, 19 &#8211; 08401 Granollers (Barcelona) <br \/><strong>Tel\u00e9fono:<\/strong> <a href=\"tel:938791875\">93 879 1875<\/a><br \/><strong>Correo electr\u00f3nico:<\/strong> <a href=\"mailto:centres@educem.com\">centres@educem.com<\/a><br \/><strong>Delegado de Protecci\u00f3n de Datos:<\/strong> <a href=\"mailto:CENTRES@EDUCEM.COM\">nmacia@educem.com<\/a><\/p>\n<p>[\/et_pb_text][et_pb_text _builder_version=\u00bb4.23.2&#8243; header_2_font=\u00bbArial Rounded||||||||\u00bb background_size=\u00bbinitial\u00bb background_position=\u00bbtop_left\u00bb background_repeat=\u00bbrepeat\u00bb custom_padding=\u00bb|50px||50px|false|true\u00bb hover_enabled=\u00bb0&#8243; global_colors_info=\u00bb{}\u00bb sticky_enabled=\u00bb0&#8243;]<\/p>\n<h2 class=\"wp-block-heading\"><strong>\u00bfCon qu\u00e9 finalidad tratamos sus datos personales?<\/strong><\/h2>\n<p>En el CENTRO tratamos los datos personales de los interesados para las siguientes finalidades:<\/p>\n<ul>\n<li>Prestaci\u00f3n de la docencia y gesti\u00f3n de la relaci\u00f3n con los alumnos, sus padres, tutores o representantes legales.<\/li>\n<li>Gestionar la relaci\u00f3n laboral con nuestros trabajadores.<\/li>\n<li>Gestionar las vacantes laborales de nuestros centros y la relaci\u00f3n con los candidatos.<\/li>\n<li>Mantenimiento y gesti\u00f3n de la relaci\u00f3n comercial con nuestros proveedores de productos y servicios.<\/li>\n<li>Garantizar la seguridad de las personas, bienes e instalaciones.<\/li>\n<li>Responder las consultas que realizan los usuarios a trav\u00e9s del formulario de contacto de nuestra p\u00e1gina web.<\/li>\n<li>Difusi\u00f3n del Centro educativo y de sus actividades. Por ejemplo, la publicaci\u00f3n de im\u00e1genes y videos en la web, redes sociales u otros medios para dar a conocer las actividades desarrolladas por el Centro.<\/li>\n<\/ul>\n<p>[\/et_pb_text][et_pb_text _builder_version=\u00bb4.23.2&#8243; header_2_font=\u00bbArial Rounded||||||||\u00bb background_size=\u00bbinitial\u00bb background_position=\u00bbtop_left\u00bb background_repeat=\u00bbrepeat\u00bb custom_padding=\u00bb|50px||50px|false|true\u00bb hover_enabled=\u00bb0&#8243; global_colors_info=\u00bb{}\u00bb sticky_enabled=\u00bb0&#8243;]<\/p>\n<h2 class=\"wp-block-heading\"><strong>\u00bfPor cu\u00e1nto tiempo conservamos sus datos?<\/strong><\/h2>\n<p>Los datos personales se conservar\u00e1n durante el tiempo necesario para cumplir con la finalidad para la que se recabaron y para determinar las posibles responsabilidades que se pudieran derivar de dicha finalidad y del tratamiento de los datos.<\/p>\n<p>[\/et_pb_text][et_pb_text _builder_version=\u00bb4.23.2&#8243; header_2_font=\u00bbArial Rounded||||||||\u00bb background_size=\u00bbinitial\u00bb background_position=\u00bbtop_left\u00bb background_repeat=\u00bbrepeat\u00bb custom_padding=\u00bb|50px||50px|false|true\u00bb hover_enabled=\u00bb0&#8243; global_colors_info=\u00bb{}\u00bb sticky_enabled=\u00bb0&#8243;]<\/p>\n<h2 class=\"wp-block-heading\"><strong>\u00bfQu\u00e9 categor\u00eda de datos recaudamos?<\/strong><\/h2>\n<p>En relaci\u00f3n con los alumnos, la normativa vigente legitima a los centros educativos a solicitar datos de car\u00e1cter personal para la funci\u00f3n docente y orientadora de los mismos en referencia al origen y ambiente familiar y social, las caracter\u00edsticas o condiciones personales, el desarrollo y resultados de la escolarizaci\u00f3n, y las circunstancias que sean necesarias para educar y orientar a los alumnos.<\/p>\n<p>Por otra parte, tomando en consideraci\u00f3n las finalidades mencionadas en los apartados anteriores, son objeto de tratamiento por el Centro las siguientes categor\u00edas de datos, seg\u00fan corresponda a cada uno de los interesados: <strong>Datos de car\u00e1cter identificativo:<\/strong> nombre y apellido, direcci\u00f3n (postal y electr\u00f3nica), documento de identidad e imagen. <strong>Otros datos personales:<\/strong> fecha y lugar de nacimiento, edad, sexo, nacionalidad y lengua materna. <strong>Datos acad\u00e9micos:<\/strong> formaci\u00f3n y titulaciones. <strong>Datos de familia. Datos de salud<\/strong>, si es el caso. <strong>Datos profesionales:<\/strong> experiencia profesional, pertenencia a colegios y asociaciones profesionales. <strong>Datos bancarios.<\/strong> <strong>Datos de informaci\u00f3n comercial<\/strong>: actividades, negocios y licencias comerciales.<\/p>\n<p>[\/et_pb_text][et_pb_text _builder_version=\u00bb4.23.2&#8243; header_2_font=\u00bbArial Rounded||||||||\u00bb background_size=\u00bbinitial\u00bb background_position=\u00bbtop_left\u00bb background_repeat=\u00bbrepeat\u00bb custom_padding=\u00bb|50px||50px|false|true\u00bb hover_enabled=\u00bb0&#8243; global_colors_info=\u00bb{}\u00bb sticky_enabled=\u00bb0&#8243;]<\/p>\n<h2 class=\"wp-block-heading\"><strong>\u00bfCu\u00e1l es la legitimaci\u00f3n para el tratamiento de sus datos?<\/strong><\/h2>\n<p>La base legal para el tratamiento de sus datos personales estar\u00e1 relacionado con la finalidad para la que los datos fueron recogidos.<\/p>\n<p>En este sentido, el tratamiento de sus datos personales estar\u00e1 legitimado por el cumplimiento de la funci\u00f3n educativa, entre las que se encuentran algunas de las siguientes condiciones:<\/p>\n<ul>\n<li>La ejecuci\u00f3n del contrato y la Ley Org\u00e1nica de Educaci\u00f3n como base de legitimaci\u00f3n para llevar a cabo la prestaci\u00f3n de docencia y gesti\u00f3n de la relaci\u00f3n con los alumnos, sus padres, tutores o representantes legales.<\/li>\n<li>La ejecuci\u00f3n del contrato de prestaci\u00f3n de servicios como base de legitimaci\u00f3n para el mantenimiento y gesti\u00f3n de la relaci\u00f3n comercial con nuestros proveedores de productos y servicios.<\/li>\n<li>La ejecuci\u00f3n del contrato laboral y el cumplimiento de una obligaci\u00f3n legal como base de legitimaci\u00f3n para gestionar la relaci\u00f3n laboral con nuestros trabajadores, as\u00ed como, el cumplimiento de las obligaciones impuestas por la normativa tributaria y de seguridad social.<\/li>\n<li>El cumplimiento de una misi\u00f3n realizada en inter\u00e9s p\u00fablico y el inter\u00e9s leg\u00edtimo como base legitimadora para la utilizaci\u00f3n de sistemas de videovigilancia al objeto de garantizar la seguridad de las personas, bienes e instalaciones.<\/li>\n<li>El consentimiento otorgado por parte del interesado como base legitimadora para gestionar las vacantes laborales de nuestros centros y la relaci\u00f3n con los candidatos.<\/li>\n<li>El consentimiento otorgado por parte del interesado como base legitimadora para responder las consultas que realizan los usuarios a trav\u00e9s del formulario de contacto de nuestra p\u00e1gina web.<\/li>\n<li>El consentimiento otorgado por parte del interesado como base legitimadora para el tratamiento de la imagen del interesado con fines de difusi\u00f3n del Centro educativo y de sus actividades.<\/li>\n<li>El consentimiento otorgado por parte del interesado como base legitimadora para el env\u00edo de informaci\u00f3n acerca de las actividades del centro.<\/li>\n<\/ul>\n<p>[\/et_pb_text][et_pb_text _builder_version=\u00bb4.23.2&#8243; header_2_font=\u00bbArial Rounded||||||||\u00bb background_size=\u00bbinitial\u00bb background_position=\u00bbtop_left\u00bb background_repeat=\u00bbrepeat\u00bb custom_padding=\u00bb|50px||50px|false|true\u00bb hover_enabled=\u00bb0&#8243; global_colors_info=\u00bb{}\u00bb sticky_enabled=\u00bb0&#8243;]<\/p>\n<h2 class=\"wp-block-heading\"><strong>\u00bfA qu\u00e9 destinatarios se comunicar\u00e1n sus datos?<\/strong><\/h2>\n<p>Con car\u00e1cter general no se comunicar\u00e1n los datos personales a terceros, excepto obligaci\u00f3n legal.<\/p>\n<p>No se prev\u00e9 llevar a cabo transferencias internacionales de datos.<\/p>\n<p>[\/et_pb_text][et_pb_text _builder_version=\u00bb4.23.2&#8243; header_2_font=\u00bbArial Rounded||||||||\u00bb background_size=\u00bbinitial\u00bb background_position=\u00bbtop_left\u00bb background_repeat=\u00bbrepeat\u00bb custom_padding=\u00bb|50px||50px|false|true\u00bb hover_enabled=\u00bb0&#8243; global_colors_info=\u00bb{}\u00bb sticky_enabled=\u00bb0&#8243;]<\/p>\n<h2 class=\"wp-block-heading\"><strong>\u00bfCu\u00e1les son sus derechos cuando nos facilita sus datos?<\/strong><\/h2>\n<p>Cualquier persona tiene derecho a obtener confirmaci\u00f3n sobre si en el CENTRO estamos tratando datos personales que les conciernan.<\/p>\n<p>Las personas interesadas tienen derecho a acceder a sus datos personales, as\u00ed como a solicitar la rectificaci\u00f3n de los datos inexactos o, en su caso, solicitar su supresi\u00f3n cuando, entre otros motivos, los datos ya no sean necesarios para los fines que fueron recogidos. En tales casos, el CENTRO lo comunicar\u00e1 a cada uno de los destinatarios a los que se hayan comunicado sus datos personales.<\/p>\n<p>En determinadas circunstancias, los interesados podr\u00e1n solicitar la limitaci\u00f3n del tratamiento de sus datos, en cuyo caso, \u00fanicamente los conservaremos para el ejercicio o la defensa de posibles reclamaciones.<\/p>\n<p>En determinadas circunstancias, y por motivos relacionados con su situaci\u00f3n particular, los interesados podr\u00e1n oponerse al tratamiento de sus datos. El CENTRO dejar\u00e1 de tratar los datos, salvo motivos leg\u00edtimos imperiosos o el ejercicio de defensa de posibles reclamaciones.<\/p>\n<p>Tambi\u00e9n tendr\u00e1n derecho a retirar su consentimiento en cualquier momento, sin que ello afecte a la licitud del tratamiento basado en el consentimiento previo a su retirada.<\/p>\n<p>Los interesados tendr\u00e1n derecho a recibir los datos personales que le incumban, que hayan facilitado al CENTRO, en un formato estructurado, de uso com\u00fan y lectura mec\u00e1nica<\/p>\n<p>Para el ejercicio de los derechos mencionados en los apartados anteriores, los usuarios pueden dirigir una comunicaci\u00f3n por escrito al domicilio social del CENTRO o las direcciones de correo electr\u00f3nico del Responsable o dirigi\u00e9ndose a <a href=\"mailto:centres@educem.com\">nmacia@educem.com<\/a>, identific\u00e1ndose de manera inequ\u00edvoca en ambos casos.<\/p>\n<p>Tambi\u00e9n le informamos de su derecho a presentar una reclamaci\u00f3n ante la Agencia Espa\u00f1ola de Protecci\u00f3n de Datos, si considera que en el tratamiento de sus datos no se est\u00e1n respetando sus derechos.<\/p>\n<p>[\/et_pb_text][et_pb_text _builder_version=\u00bb4.23.2&#8243; header_2_font=\u00bbArial Rounded||||||||\u00bb background_size=\u00bbinitial\u00bb background_position=\u00bbtop_left\u00bb background_repeat=\u00bbrepeat\u00bb custom_padding=\u00bb|50px||50px|false|true\u00bb hover_enabled=\u00bb0&#8243; global_colors_info=\u00bb{}\u00bb sticky_enabled=\u00bb0&#8243;]<\/p>\n<h2 class=\"wp-block-heading\"><strong>\u00bfQu\u00e9 medidas de seguridad tenemos implantadas?<\/strong><\/h2>\n<p>El CENTRO le informa que tiene implantadas las medidas de seguridad de \u00edndole t\u00e9cnica y organizativas necesarias para garantizar la seguridad de sus datos de car\u00e1cter personal y evitar su alteraci\u00f3n, p\u00e9rdida y tratamiento o acceso no autorizado.<\/p>\n<p>Asimismo, el CENTRO ha establecido medidas para reforzar la confidencialidad e integridad de la informaci\u00f3n en su organizaci\u00f3n. Manteniendo continuamente la supervisi\u00f3n, control y evaluaci\u00f3n de los procesos para asegurar el respeto a la privacidad de los datos.<\/p>\n<p>[\/et_pb_text][\/et_pb_column][\/et_pb_row][\/et_pb_section]<\/p>\n","protected":false},"excerpt":{"rendered":"<p>En cumplimiento del principio de transparencia y deber de informaci\u00f3n establecido por la normativa comunitaria y nacional en materia de protecci\u00f3n de datos, el centro educativo EDUCEM S.L. (en adelante el CENTRO) procede a informar a los interesados acerca de las circunstancias y condiciones del tratamiento de sus datos, as\u00ed como de los derechos que [&hellip;]<\/p>\n","protected":false},"author":2,"featured_media":0,"parent":0,"menu_order":0,"comment_status":"closed","ping_status":"closed","template":"","meta":{"_et_pb_use_builder":"on","_et_pb_old_content":"","_et_gb_content_width":"","footnotes":""},"class_list":["post-1764","page","type-page","status-publish","hentry"],"yoast_head":"<!-- This site is optimized with the Yoast SEO plugin v27.5 - https:\/\/yoast.com\/product\/yoast-seo-wordpress\/ -->\n<title>Pol\u00edtica de Privacidad - Centres Educem<\/title>\n<meta name=\"robots\" content=\"index, follow, max-snippet:-1, max-image-preview:large, max-video-preview:-1\" \/>\n<link rel=\"canonical\" href=\"https:\/\/educem.com\/es\/politica-de-privacidad\/\" \/>\n<meta property=\"og:locale\" content=\"es_ES\" \/>\n<meta property=\"og:type\" content=\"article\" \/>\n<meta property=\"og:title\" content=\"Pol\u00edtica de Privacidad - Centres Educem\" \/>\n<meta property=\"og:description\" content=\"En cumplimiento del principio de transparencia y deber de informaci\u00f3n establecido por la normativa comunitaria y nacional en materia de protecci\u00f3n de datos, el centro educativo EDUCEM S.L. (en adelante el CENTRO) procede a informar a los interesados acerca de las circunstancias y condiciones del tratamiento de sus datos, as\u00ed como de los derechos que [&hellip;]\" \/>\n<meta property=\"og:url\" content=\"https:\/\/educem.com\/es\/politica-de-privacidad\/\" \/>\n<meta property=\"og:site_name\" content=\"Centres Educem\" \/>\n<meta property=\"article:publisher\" content=\"https:\/\/ca-es.facebook.com\/educemcentresdensenyament\/\" \/>\n<meta property=\"article:modified_time\" content=\"2023-12-22T11:16:53+00:00\" \/>\n<meta property=\"og:image\" content=\"https:\/\/educem.com\/wp-content\/uploads\/2023\/09\/img_edifici_home.jpg\" \/>\n\t<meta property=\"og:image:width\" content=\"1925\" \/>\n\t<meta property=\"og:image:height\" content=\"859\" \/>\n\t<meta property=\"og:image:type\" content=\"image\/jpeg\" \/>\n<meta name=\"twitter:card\" content=\"summary_large_image\" \/>\n<meta name=\"twitter:site\" content=\"@EducemGran\" \/>\n<script type=\"application\/ld+json\" class=\"yoast-schema-graph\">{\"@context\":\"https:\\\/\\\/schema.org\",\"@graph\":[{\"@type\":\"WebPage\",\"@id\":\"https:\\\/\\\/educem.com\\\/es\\\/politica-de-privacidad\\\/\",\"url\":\"https:\\\/\\\/educem.com\\\/es\\\/politica-de-privacidad\\\/\",\"name\":\"Pol\u00edtica de Privacidad - Centres Educem\",\"isPartOf\":{\"@id\":\"https:\\\/\\\/educem.com\\\/#website\"},\"datePublished\":\"2023-06-27T06:17:35+00:00\",\"dateModified\":\"2023-12-22T11:16:53+00:00\",\"breadcrumb\":{\"@id\":\"https:\\\/\\\/educem.com\\\/es\\\/politica-de-privacidad\\\/#breadcrumb\"},\"inLanguage\":\"es\",\"potentialAction\":[{\"@type\":\"ReadAction\",\"target\":[\"https:\\\/\\\/educem.com\\\/es\\\/politica-de-privacidad\\\/\"]}]},{\"@type\":\"BreadcrumbList\",\"@id\":\"https:\\\/\\\/educem.com\\\/es\\\/politica-de-privacidad\\\/#breadcrumb\",\"itemListElement\":[{\"@type\":\"ListItem\",\"position\":1,\"name\":\"Portada\",\"item\":\"https:\\\/\\\/educem.com\\\/es\\\/\"},{\"@type\":\"ListItem\",\"position\":2,\"name\":\"Pol\u00edtica de Privacidad\"}]},{\"@type\":\"WebSite\",\"@id\":\"https:\\\/\\\/educem.com\\\/#website\",\"url\":\"https:\\\/\\\/educem.com\\\/\",\"name\":\"Centres Educem\",\"description\":\"Oferta formativa\",\"publisher\":{\"@id\":\"https:\\\/\\\/educem.com\\\/#organization\"},\"potentialAction\":[{\"@type\":\"SearchAction\",\"target\":{\"@type\":\"EntryPoint\",\"urlTemplate\":\"https:\\\/\\\/educem.com\\\/?s={search_term_string}\"},\"query-input\":{\"@type\":\"PropertyValueSpecification\",\"valueRequired\":true,\"valueName\":\"search_term_string\"}}],\"inLanguage\":\"es\"},{\"@type\":\"Organization\",\"@id\":\"https:\\\/\\\/educem.com\\\/#organization\",\"name\":\"Educem\",\"url\":\"https:\\\/\\\/educem.com\\\/\",\"logo\":{\"@type\":\"ImageObject\",\"inLanguage\":\"es\",\"@id\":\"https:\\\/\\\/educem.com\\\/#\\\/schema\\\/logo\\\/image\\\/\",\"url\":\"https:\\\/\\\/educem.com\\\/wp-content\\\/uploads\\\/2023\\\/06\\\/logo_educem_menu.png\",\"contentUrl\":\"https:\\\/\\\/educem.com\\\/wp-content\\\/uploads\\\/2023\\\/06\\\/logo_educem_menu.png\",\"width\":150,\"height\":49,\"caption\":\"Educem\"},\"image\":{\"@id\":\"https:\\\/\\\/educem.com\\\/#\\\/schema\\\/logo\\\/image\\\/\"},\"sameAs\":[\"https:\\\/\\\/ca-es.facebook.com\\\/educemcentresdensenyament\\\/\",\"https:\\\/\\\/x.com\\\/EducemGran\",\"https:\\\/\\\/www.instagram.com\\\/educem_granollers\\\/\",\"https:\\\/\\\/www.linkedin.com\\\/company\\\/escola-educem\"]}]}<\/script>\n<!-- \/ Yoast SEO plugin. -->","yoast_head_json":{"title":"Pol\u00edtica de Privacidad - Centres Educem","robots":{"index":"index","follow":"follow","max-snippet":"max-snippet:-1","max-image-preview":"max-image-preview:large","max-video-preview":"max-video-preview:-1"},"canonical":"https:\/\/educem.com\/es\/politica-de-privacidad\/","og_locale":"es_ES","og_type":"article","og_title":"Pol\u00edtica de Privacidad - Centres Educem","og_description":"En cumplimiento del principio de transparencia y deber de informaci\u00f3n establecido por la normativa comunitaria y nacional en materia de protecci\u00f3n de datos, el centro educativo EDUCEM S.L. (en adelante el CENTRO) procede a informar a los interesados acerca de las circunstancias y condiciones del tratamiento de sus datos, as\u00ed como de los derechos que [&hellip;]","og_url":"https:\/\/educem.com\/es\/politica-de-privacidad\/","og_site_name":"Centres Educem","article_publisher":"https:\/\/ca-es.facebook.com\/educemcentresdensenyament\/","article_modified_time":"2023-12-22T11:16:53+00:00","og_image":[{"width":1925,"height":859,"url":"https:\/\/educem.com\/wp-content\/uploads\/2023\/09\/img_edifici_home.jpg","type":"image\/jpeg"}],"twitter_card":"summary_large_image","twitter_site":"@EducemGran","schema":{"@context":"https:\/\/schema.org","@graph":[{"@type":"WebPage","@id":"https:\/\/educem.com\/es\/politica-de-privacidad\/","url":"https:\/\/educem.com\/es\/politica-de-privacidad\/","name":"Pol\u00edtica de Privacidad - Centres Educem","isPartOf":{"@id":"https:\/\/educem.com\/#website"},"datePublished":"2023-06-27T06:17:35+00:00","dateModified":"2023-12-22T11:16:53+00:00","breadcrumb":{"@id":"https:\/\/educem.com\/es\/politica-de-privacidad\/#breadcrumb"},"inLanguage":"es","potentialAction":[{"@type":"ReadAction","target":["https:\/\/educem.com\/es\/politica-de-privacidad\/"]}]},{"@type":"BreadcrumbList","@id":"https:\/\/educem.com\/es\/politica-de-privacidad\/#breadcrumb","itemListElement":[{"@type":"ListItem","position":1,"name":"Portada","item":"https:\/\/educem.com\/es\/"},{"@type":"ListItem","position":2,"name":"Pol\u00edtica de Privacidad"}]},{"@type":"WebSite","@id":"https:\/\/educem.com\/#website","url":"https:\/\/educem.com\/","name":"Centres Educem","description":"Oferta formativa","publisher":{"@id":"https:\/\/educem.com\/#organization"},"potentialAction":[{"@type":"SearchAction","target":{"@type":"EntryPoint","urlTemplate":"https:\/\/educem.com\/?s={search_term_string}"},"query-input":{"@type":"PropertyValueSpecification","valueRequired":true,"valueName":"search_term_string"}}],"inLanguage":"es"},{"@type":"Organization","@id":"https:\/\/educem.com\/#organization","name":"Educem","url":"https:\/\/educem.com\/","logo":{"@type":"ImageObject","inLanguage":"es","@id":"https:\/\/educem.com\/#\/schema\/logo\/image\/","url":"https:\/\/educem.com\/wp-content\/uploads\/2023\/06\/logo_educem_menu.png","contentUrl":"https:\/\/educem.com\/wp-content\/uploads\/2023\/06\/logo_educem_menu.png","width":150,"height":49,"caption":"Educem"},"image":{"@id":"https:\/\/educem.com\/#\/schema\/logo\/image\/"},"sameAs":["https:\/\/ca-es.facebook.com\/educemcentresdensenyament\/","https:\/\/x.com\/EducemGran","https:\/\/www.instagram.com\/educem_granollers\/","https:\/\/www.linkedin.com\/company\/escola-educem"]}]}},"_links":{"self":[{"href":"https:\/\/educem.com\/es\/wp-json\/wp\/v2\/pages\/1764","targetHints":{"allow":["GET"]}}],"collection":[{"href":"https:\/\/educem.com\/es\/wp-json\/wp\/v2\/pages"}],"about":[{"href":"https:\/\/educem.com\/es\/wp-json\/wp\/v2\/types\/page"}],"author":[{"embeddable":true,"href":"https:\/\/educem.com\/es\/wp-json\/wp\/v2\/users\/2"}],"replies":[{"embeddable":true,"href":"https:\/\/educem.com\/es\/wp-json\/wp\/v2\/comments?post=1764"}],"version-history":[{"count":11,"href":"https:\/\/educem.com\/es\/wp-json\/wp\/v2\/pages\/1764\/revisions"}],"predecessor-version":[{"id":4687,"href":"https:\/\/educem.com\/es\/wp-json\/wp\/v2\/pages\/1764\/revisions\/4687"}],"wp:attachment":[{"href":"https:\/\/educem.com\/es\/wp-json\/wp\/v2\/media?parent=1764"}],"curies":[{"name":"wp","href":"https:\/\/api.w.org\/{rel}","templated":true}]}}